{"id":3975,"date":"2024-05-14T20:53:52","date_gmt":"2024-05-14T20:53:52","guid":{"rendered":"https:\/\/recursoscid.udd.cl\/?post_type=tecnologia&#038;p=3975"},"modified":"2024-05-14T21:12:25","modified_gmt":"2024-05-14T21:12:25","slug":"analisis-de-datos-para-el-optimo-desarrollo-de-proyectos-dentro-del-lab-diseno-de-proyectos-digitales","status":"publish","type":"tecnologia","link":"https:\/\/recursoscid.udd.cl\/?tecnologia=analisis-de-datos-para-el-optimo-desarrollo-de-proyectos-dentro-del-lab-diseno-de-proyectos-digitales","title":{"rendered":"An\u00e1lisis de datos para el \u00f3ptimo desarrollo de proyectos dentro del LAB Dise\u00f1o de Proyectos Digitales"},"content":{"rendered":"\t\t<div data-elementor-type=\"wp-post\" data-elementor-id=\"3975\" class=\"elementor elementor-3975\">\n\t\t\t\t\t\t<div class=\"elementor-inner\">\n\t\t\t\t<div class=\"elementor-section-wrap\">\n\t\t\t\t\t\t\t\t\t<section class=\"elementor-section elementor-top-section elementor-element elementor-element-3388693d elementor-section-stretched elementor-section-boxed elementor-section-height-default elementor-section-height-default\" data-id=\"3388693d\" data-element_type=\"section\" data-settings=\"{&quot;stretch_section&quot;:&quot;section-stretched&quot;}\">\n\t\t\t\t\t\t<div class=\"elementor-container elementor-column-gap-default\">\n\t\t\t\t\t\t\t<div class=\"elementor-row\">\n\t\t\t\t\t<div class=\"elementor-column elementor-col-66 elementor-top-column elementor-element elementor-element-75a2e68f\" data-id=\"75a2e68f\" data-element_type=\"column\">\n\t\t\t<div class=\"elementor-column-wrap elementor-element-populated\">\n\t\t\t\t\t\t\t<div class=\"elementor-widget-wrap\">\n\t\t\t\t\t\t<div class=\"elementor-element elementor-element-2ad0fcd2 elementor-widget elementor-widget-text-editor\" data-id=\"2ad0fcd2\" data-element_type=\"widget\" data-widget_type=\"text-editor.default\">\n\t\t\t\t<div class=\"elementor-widget-container\">\n\t\t\t\t\t\t\t\t<div class=\"elementor-text-editor elementor-clearfix\">\n\t\t\t\t<p>El proyecto se enfoc\u00f3 en capacitar a estudiantes en la gesti\u00f3n estrat\u00e9gica de proyectos digitales, brind\u00e1ndoles experiencia pr\u00e1ctica y real en la ejecuci\u00f3n comercial en medios digitales dentro del LAB Dise\u00f1o de Proyectos Digitales.<\/p>\t\t\t\t\t<\/div>\n\t\t\t\t\t\t<\/div>\n\t\t\t\t<\/div>\n\t\t\t\t\t\t<\/div>\n\t\t\t\t\t<\/div>\n\t\t<\/div>\n\t\t\t\t<div class=\"elementor-column elementor-col-33 elementor-top-column elementor-element elementor-element-523ee42c\" data-id=\"523ee42c\" data-element_type=\"column\">\n\t\t\t<div class=\"elementor-column-wrap elementor-element-populated\">\n\t\t\t\t\t\t\t<div class=\"elementor-widget-wrap\">\n\t\t\t\t\t\t<div class=\"elementor-element elementor-element-5f34396c elementor-view-stacked elementor-shape-circle elementor-mobile-position-top elementor-vertical-align-top elementor-widget elementor-widget-icon-box\" data-id=\"5f34396c\" data-element_type=\"widget\" data-widget_type=\"icon-box.default\">\n\t\t\t\t<div class=\"elementor-widget-container\">\n\t\t\t\t\t<div class=\"elementor-icon-box-wrapper\">\n\t\t\t\t\t\t<div class=\"elementor-icon-box-icon\">\n\t\t\t\t<a class=\"elementor-icon elementor-animation-\" href=\"http:\/\/recursoscid.udd.cl\/wp-content\/uploads\/2024\/05\/Gonzalo-Gamboa-Hidalgo-.pdf\" target=\"_blank\">\n\t\t\t\t<i class=\"fa fa-file-pdf-o\" aria-hidden=\"true\"><\/i>\t\t\t\t<\/a>\n\t\t\t<\/div>\n\t\t\t\t\t\t<div class=\"elementor-icon-box-content\">\n\t\t\t\t<h6 class=\"elementor-icon-box-title\">\n\t\t\t\t\t<a href=\"http:\/\/recursoscid.udd.cl\/wp-content\/uploads\/2024\/05\/Gonzalo-Gamboa-Hidalgo-.pdf\" target=\"_blank\" >\n\t\t\t\t\t\tDescargar proyecto\t\t\t\t\t<\/a>\n\t\t\t\t<\/h6>\n\t\t\t\t\t\t\t<\/div>\n\t\t<\/div>\n\t\t\t\t<\/div>\n\t\t\t\t<\/div>\n\t\t\t\t\t\t<\/div>\n\t\t\t\t\t<\/div>\n\t\t<\/div>\n\t\t\t\t\t\t\t\t<\/div>\n\t\t\t\t\t<\/div>\n\t\t<\/section>\n\t\t\t\t<section class=\"elementor-section elementor-top-section elementor-element elementor-element-5e7bb0 elementor-section-stretched elementor-section-boxed elementor-section-height-default elementor-section-height-default\" data-id=\"5e7bb0\" data-element_type=\"section\" data-settings=\"{&quot;stretch_section&quot;:&quot;section-stretched&quot;}\">\n\t\t\t\t\t\t<div class=\"elementor-container elementor-column-gap-default\">\n\t\t\t\t\t\t\t<div class=\"elementor-row\">\n\t\t\t\t\t<div class=\"elementor-column elementor-col-66 elementor-top-column elementor-element elementor-element-63a5ff8d\" data-id=\"63a5ff8d\" data-element_type=\"column\">\n\t\t\t<div class=\"elementor-column-wrap elementor-element-populated\">\n\t\t\t\t\t\t\t<div class=\"elementor-widget-wrap\">\n\t\t\t\t\t\t<div class=\"elementor-element elementor-element-36a7828 elementor-widget elementor-widget-accordion\" data-id=\"36a7828\" data-element_type=\"widget\" data-widget_type=\"accordion.default\">\n\t\t\t\t<div class=\"elementor-widget-container\">\n\t\t\t\t\t<div class=\"elementor-accordion\" role=\"tablist\">\n\t\t\t\t\t\t\t<div class=\"elementor-accordion-item\">\n\t\t\t\t\t<div id=\"elementor-tab-title-5731\" class=\"elementor-tab-title\" data-tab=\"1\" role=\"tab\" aria-controls=\"elementor-tab-content-5731\" aria-expanded=\"false\">\n\t\t\t\t\t\t\t\t\t\t\t\t\t<span class=\"elementor-accordion-icon elementor-accordion-icon-left\" aria-hidden=\"true\">\n\t\t\t\t\t\t\t\t\t\t\t\t\t\t\t<i class=\"elementor-accordion-icon-closed fa fa-plus\"><\/i>\n\t\t\t\t\t\t\t\t<i class=\"elementor-accordion-icon-opened fa fa-minus\"><\/i>\n\t\t\t\t\t\t\t\t\t\t\t\t\t\t<\/span>\n\t\t\t\t\t\t\t\t\t\t\t\t<a class=\"elementor-accordion-title\" href=\"\">Informaci\u00f3n del proyecto<\/a>\n\t\t\t\t\t<\/div>\n\t\t\t\t\t<div id=\"elementor-tab-content-5731\" class=\"elementor-tab-content elementor-clearfix\" data-tab=\"1\" role=\"tabpanel\" aria-labelledby=\"elementor-tab-title-5731\"><p><strong>Facultad:<\/strong> Educaci\u00f3n<br \/><strong>Carreras: <\/strong><span class=\"OYPEnA text-decoration-none text-strikethrough-none\">Ingenier\u00eda Comercial y <\/span><span class=\"OYPEnA text-decoration-none text-strikethrough-none\">Periodismo.<br \/><\/span><strong>Sedes:<\/strong> Santiago.<br \/><strong>Asignatura:<\/strong> <span class=\"OYPEnA text-decoration-none text-strikethrough-none\">LAB Dise\u00f1o de Proyectos Digitales.<\/span><br \/><strong>Docentes responsables: <\/strong><span class=\"OYPEnA text-decoration-none text-strikethrough-none\">Gonzalo Gamboa Hidalgo, <\/span><span class=\"OYPEnA text-decoration-none text-strikethrough-none\">Guillermo Verbakel Vila.<br \/><\/span><strong>Concurso:<\/strong> 2022-1\u00a0 \u00a0 \u00a0 \u00a0 \u00a0 \u00a0 \u00a0 \u00a0 <br \/><strong>Beneficiarios:<\/strong> <span class=\"JsGRdQ\">25 estudiantes y 2 docentes.<\/span><\/p><\/div>\n\t\t\t\t<\/div>\n\t\t\t\t\t\t\t<div class=\"elementor-accordion-item\">\n\t\t\t\t\t<div id=\"elementor-tab-title-5732\" class=\"elementor-tab-title\" data-tab=\"2\" role=\"tab\" aria-controls=\"elementor-tab-content-5732\" aria-expanded=\"false\">\n\t\t\t\t\t\t\t\t\t\t\t\t\t<span class=\"elementor-accordion-icon elementor-accordion-icon-left\" aria-hidden=\"true\">\n\t\t\t\t\t\t\t\t\t\t\t\t\t\t\t<i class=\"elementor-accordion-icon-closed fa fa-plus\"><\/i>\n\t\t\t\t\t\t\t\t<i class=\"elementor-accordion-icon-opened fa fa-minus\"><\/i>\n\t\t\t\t\t\t\t\t\t\t\t\t\t\t<\/span>\n\t\t\t\t\t\t\t\t\t\t\t\t<a class=\"elementor-accordion-title\" href=\"\">Problem\u00e1tica que aborda<\/a>\n\t\t\t\t\t<\/div>\n\t\t\t\t\t<div id=\"elementor-tab-content-5732\" class=\"elementor-tab-content elementor-clearfix\" data-tab=\"2\" role=\"tabpanel\" aria-labelledby=\"elementor-tab-title-5732\"><p>El proyecto aborda la creciente demanda de profesionales capaces de gestionar proyectos digitales, en respuesta al auge de la monetizaci\u00f3n del contenido digital y el aumento del trabajo remoto debido a la pandemia. Se busca mejorar la experiencia de aprendizaje en el LAB Dise\u00f1o de Proyectos Digitales, brindando a los estudiantes acceso a plataformas digitales, an\u00e1lisis de datos y presupuesto para campa\u00f1as, prepar\u00e1ndolos para liderar proyectos digitales con \u00e9xito o emprender iniciativas propias en el \u00e1mbito digital.<\/p><\/div>\n\t\t\t\t<\/div>\n\t\t\t\t\t\t\t<div class=\"elementor-accordion-item\">\n\t\t\t\t\t<div id=\"elementor-tab-title-5733\" class=\"elementor-tab-title\" data-tab=\"3\" role=\"tab\" aria-controls=\"elementor-tab-content-5733\" aria-expanded=\"false\">\n\t\t\t\t\t\t\t\t\t\t\t\t\t<span class=\"elementor-accordion-icon elementor-accordion-icon-left\" aria-hidden=\"true\">\n\t\t\t\t\t\t\t\t\t\t\t\t\t\t\t<i class=\"elementor-accordion-icon-closed fa fa-plus\"><\/i>\n\t\t\t\t\t\t\t\t<i class=\"elementor-accordion-icon-opened fa fa-minus\"><\/i>\n\t\t\t\t\t\t\t\t\t\t\t\t\t\t<\/span>\n\t\t\t\t\t\t\t\t\t\t\t\t<a class=\"elementor-accordion-title\" href=\"\">Objetivos<\/a>\n\t\t\t\t\t<\/div>\n\t\t\t\t\t<div id=\"elementor-tab-content-5733\" class=\"elementor-tab-content elementor-clearfix\" data-tab=\"3\" role=\"tabpanel\" aria-labelledby=\"elementor-tab-title-5733\"><p><strong>Objetivo General:<\/strong><br \/><span class=\"OYPEnA text-decoration-none text-strikethrough-none\">Desarrollar en los estudiantes habilidades pr\u00e1cticas en aspectos estrat\u00e9gicos en la gesti\u00f3n de proyectos digitales, mediante la implementaci\u00f3n de plataformas y herramientas para liderar campa\u00f1as digitales.<\/span> <\/p><p><strong>Objetivos espec\u00edficos:<\/strong><\/p><ul><li class=\"p1\">Aplicar plataformas digitales para la recopilaci\u00f3n y an\u00e1lisis de contenido digital en tiempo real.<span class=\"Apple-converted-space\">\u00a0<\/span><\/li><li class=\"p1\">Favorecer el aprendizaje colaborativo de los estudiantes mediante actividades grupales que mejoren su entendimiento sobre una materia.<span class=\"Apple-converted-space\">\u00a0<\/span><\/li><li class=\"p1\">Retroalimentar oportunamente a los alumnos durante la misma actividad de aprendizaje, mientras ellos llevan a cabo las distintas actividades.<span class=\"Apple-converted-space\">\u00a0<\/span><\/li><li class=\"p1\">Relacionar la evaluaci\u00f3n de aprendizaje con el desempe\u00f1o obtenido en las campa\u00f1as digitales.<span class=\"Apple-converted-space\">\u00a0<\/span><\/li><li class=\"p1\">Identificar el grado de utilidad percibido por los estudiantes.<span class=\"Apple-converted-space\">\u00a0<\/span><\/li><\/ul><\/div>\n\t\t\t\t<\/div>\n\t\t\t\t\t\t\t<div class=\"elementor-accordion-item\">\n\t\t\t\t\t<div id=\"elementor-tab-title-5734\" class=\"elementor-tab-title\" data-tab=\"4\" role=\"tab\" aria-controls=\"elementor-tab-content-5734\" aria-expanded=\"false\">\n\t\t\t\t\t\t\t\t\t\t\t\t\t<span class=\"elementor-accordion-icon elementor-accordion-icon-left\" aria-hidden=\"true\">\n\t\t\t\t\t\t\t\t\t\t\t\t\t\t\t<i class=\"elementor-accordion-icon-closed fa fa-plus\"><\/i>\n\t\t\t\t\t\t\t\t<i class=\"elementor-accordion-icon-opened fa fa-minus\"><\/i>\n\t\t\t\t\t\t\t\t\t\t\t\t\t\t<\/span>\n\t\t\t\t\t\t\t\t\t\t\t\t<a class=\"elementor-accordion-title\" href=\"\">Implementaci\u00f3n<\/a>\n\t\t\t\t\t<\/div>\n\t\t\t\t\t<div id=\"elementor-tab-content-5734\" class=\"elementor-tab-content elementor-clearfix\" data-tab=\"4\" role=\"tabpanel\" aria-labelledby=\"elementor-tab-title-5734\"><p>Durante la implementaci\u00f3n del proyecto se llevaron a cabo tres fases principales:<\/p><ol><li><p>Exploraci\u00f3n de contexto: Se fortalecieron los grupos de trabajo y se exploraron temas relevantes, utilizando actividades como moodboards de inter\u00e9s y creaci\u00f3n de buyer personas.<\/p><\/li><li><p>Validaci\u00f3n de mercado: Los grupos generaron contenido y interactuaron con los usuarios en ambientes reales, implementando planes de contenidos y explorando modelos de monetizaci\u00f3n, adem\u00e1s de participar en un foro panel con l\u00edderes de proyectos digitales.<\/p><\/li><li><p>Desarrollo estrat\u00e9gico: Los equipos adaptaron su estrategia seg\u00fan los resultados obtenidos, desarrollando p\u00e1ginas web para sus proyectos y preparando presentaciones finales mediante talleres de creaci\u00f3n web y pitch.<\/p><\/li><\/ol><\/div>\n\t\t\t\t<\/div>\n\t\t\t\t\t\t\t<div class=\"elementor-accordion-item\">\n\t\t\t\t\t<div id=\"elementor-tab-title-5735\" class=\"elementor-tab-title\" data-tab=\"5\" role=\"tab\" aria-controls=\"elementor-tab-content-5735\" aria-expanded=\"false\">\n\t\t\t\t\t\t\t\t\t\t\t\t\t<span class=\"elementor-accordion-icon elementor-accordion-icon-left\" aria-hidden=\"true\">\n\t\t\t\t\t\t\t\t\t\t\t\t\t\t\t<i class=\"elementor-accordion-icon-closed fa fa-plus\"><\/i>\n\t\t\t\t\t\t\t\t<i class=\"elementor-accordion-icon-opened fa fa-minus\"><\/i>\n\t\t\t\t\t\t\t\t\t\t\t\t\t\t<\/span>\n\t\t\t\t\t\t\t\t\t\t\t\t<a class=\"elementor-accordion-title\" href=\"\">Logros<\/a>\n\t\t\t\t\t<\/div>\n\t\t\t\t\t<div id=\"elementor-tab-content-5735\" class=\"elementor-tab-content elementor-clearfix\" data-tab=\"5\" role=\"tabpanel\" aria-labelledby=\"elementor-tab-title-5735\"><ul><li>Los estudiantes adquirieron habilidades pr\u00e1cticas en gesti\u00f3n de proyectos digitales, incluyendo planificaci\u00f3n, ejecuci\u00f3n y monitoreo de campa\u00f1as.<\/li><li>Utilizaron plataformas como TopicFlower y Facebook Ad Manager para recopilar y analizar datos, mejorando la toma de decisiones estrat\u00e9gicas.<\/li><li>Las actividades grupales promovieron el aprendizaje colaborativo y fortalecieron habilidades de trabajo en equipo, comunicaci\u00f3n y liderazgo.<\/li><li>La retroalimentaci\u00f3n oportuna de los docentes permiti\u00f3 a los estudiantes identificar y corregir \u00e1reas de mejora de manera efectiva.<\/li><li>La relaci\u00f3n entre la evaluaci\u00f3n del aprendizaje y el desempe\u00f1o en las campa\u00f1as digitales fortaleci\u00f3 el compromiso de los estudiantes con el proceso educativo.<\/li><li>La encuesta de satisfacci\u00f3n mostr\u00f3 que el 100% de los estudiantes percibieron el proyecto como altamente beneficioso para su formaci\u00f3n acad\u00e9mica y profesional.<\/li><\/ul><\/div>\n\t\t\t\t<\/div>\n\t\t\t\t\t\t\t\t<\/div>\n\t\t\t\t<\/div>\n\t\t\t\t<\/div>\n\t\t\t\t\t\t<\/div>\n\t\t\t\t\t<\/div>\n\t\t<\/div>\n\t\t\t\t<div class=\"elementor-column elementor-col-33 elementor-top-column elementor-element elementor-element-618c6b0f\" data-id=\"618c6b0f\" data-element_type=\"column\">\n\t\t\t<div class=\"elementor-column-wrap elementor-element-populated\">\n\t\t\t\t\t\t\t<div class=\"elementor-widget-wrap\">\n\t\t\t\t\t\t<div class=\"elementor-element elementor-element-68292c26 elementor-arrows-position-inside elementor-pagination-position-outside elementor-widget elementor-widget-image-carousel\" data-id=\"68292c26\" data-element_type=\"widget\" data-settings=\"{&quot;slides_to_show&quot;:&quot;1&quot;,&quot;navigation&quot;:&quot;both&quot;,&quot;autoplay&quot;:&quot;yes&quot;,&quot;pause_on_hover&quot;:&quot;yes&quot;,&quot;pause_on_interaction&quot;:&quot;yes&quot;,&quot;autoplay_speed&quot;:5000,&quot;infinite&quot;:&quot;yes&quot;,&quot;effect&quot;:&quot;slide&quot;,&quot;speed&quot;:500}\" data-widget_type=\"image-carousel.default\">\n\t\t\t\t<div class=\"elementor-widget-container\">\n\t\t\t\t\t<div class=\"elementor-image-carousel-wrapper swiper-container\" dir=\"ltr\">\n\t\t\t<div class=\"elementor-image-carousel swiper-wrapper\">\n\t\t\t\t\t\t\t\t<div class=\"swiper-slide\"><figure class=\"swiper-slide-inner\"><img class=\"swiper-slide-image\" src=\"https:\/\/recursoscid.udd.cl\/wp-content\/uploads\/2024\/05\/destacada_proyecto_GONZALO.png\" alt=\"destacada_proyecto_GONZALO\" \/><\/figure><\/div>\t\t\t<\/div>\n\t\t\t\t\t<\/div>\n\t\t\t\t<\/div>\n\t\t\t\t<\/div>\n\t\t\t\t\t\t<\/div>\n\t\t\t\t\t<\/div>\n\t\t<\/div>\n\t\t\t\t\t\t\t\t<\/div>\n\t\t\t\t\t<\/div>\n\t\t<\/section>\n\t\t\t\t\t\t\t\t\t<\/div>\n\t\t\t<\/div>\n\t\t\t\t\t<\/div>\n\t\t","protected":false},"excerpt":{"rendered":"<p>El proyecto se enfoc\u00f3 en capacitar a estudiantes en la gesti\u00f3n estrat\u00e9gica de proyectos digitales, brind\u00e1ndoles experiencia pr\u00e1ctica y real en la ejecuci\u00f3n comercial en medios digitales dentro del LAB [&hellip;]<\/p>\n","protected":false},"author":2,"featured_media":557,"menu_order":0,"comment_status":"closed","ping_status":"open","template":"","format":"standard","meta":[],"categories":[35,6,31,21],"tags":[],"_links":{"self":[{"href":"https:\/\/recursoscid.udd.cl\/index.php?rest_route=\/wp\/v2\/tecnologia\/3975"}],"collection":[{"href":"https:\/\/recursoscid.udd.cl\/index.php?rest_route=\/wp\/v2\/tecnologia"}],"about":[{"href":"https:\/\/recursoscid.udd.cl\/index.php?rest_route=\/wp\/v2\/types\/tecnologia"}],"author":[{"embeddable":true,"href":"https:\/\/recursoscid.udd.cl\/index.php?rest_route=\/wp\/v2\/users\/2"}],"replies":[{"embeddable":true,"href":"https:\/\/recursoscid.udd.cl\/index.php?rest_route=%2Fwp%2Fv2%2Fcomments&post=3975"}],"version-history":[{"count":7,"href":"https:\/\/recursoscid.udd.cl\/index.php?rest_route=\/wp\/v2\/tecnologia\/3975\/revisions"}],"predecessor-version":[{"id":3985,"href":"https:\/\/recursoscid.udd.cl\/index.php?rest_route=\/wp\/v2\/tecnologia\/3975\/revisions\/3985"}],"wp:featuredmedia":[{"embeddable":true,"href":"https:\/\/recursoscid.udd.cl\/index.php?rest_route=\/wp\/v2\/media\/557"}],"wp:attachment":[{"href":"https:\/\/recursoscid.udd.cl\/index.php?rest_route=%2Fwp%2Fv2%2Fmedia&parent=3975"}],"wp:term":[{"taxonomy":"category","embeddable":true,"href":"https:\/\/recursoscid.udd.cl\/index.php?rest_route=%2Fwp%2Fv2%2Fcategories&post=3975"},{"taxonomy":"post_tag","embeddable":true,"href":"https:\/\/recursoscid.udd.cl\/index.php?rest_route=%2Fwp%2Fv2%2Ftags&post=3975"}],"curies":[{"name":"wp","href":"https:\/\/api.w.org\/{rel}","templated":true}]}}