{"id":3150,"date":"2023-06-12T12:59:40","date_gmt":"2023-06-12T12:59:40","guid":{"rendered":"https:\/\/recursoscid.udd.cl\/?post_type=tecnologia&#038;p=3150"},"modified":"2023-06-14T13:46:09","modified_gmt":"2023-06-14T13:46:09","slug":"implementacion-de-software-interactivo-de-inspeccion-y-auscultacion-en-cursos-de-enfermeria","status":"publish","type":"tecnologia","link":"https:\/\/recursoscid.udd.cl\/?tecnologia=implementacion-de-software-interactivo-de-inspeccion-y-auscultacion-en-cursos-de-enfermeria","title":{"rendered":"Implementaci\u00f3n de software interactivo de inspecci\u00f3n y auscultaci\u00f3n en cursos de enfermer\u00eda"},"content":{"rendered":"\t\t<div data-elementor-type=\"wp-post\" data-elementor-id=\"3150\" class=\"elementor elementor-3150\">\n\t\t\t\t\t\t<div class=\"elementor-inner\">\n\t\t\t\t<div class=\"elementor-section-wrap\">\n\t\t\t\t\t\t\t\t\t<section class=\"elementor-section elementor-top-section elementor-element elementor-element-2a155689 elementor-section-stretched elementor-section-boxed elementor-section-height-default elementor-section-height-default\" data-id=\"2a155689\" data-element_type=\"section\" data-settings=\"{&quot;stretch_section&quot;:&quot;section-stretched&quot;}\">\n\t\t\t\t\t\t<div class=\"elementor-container elementor-column-gap-default\">\n\t\t\t\t\t\t\t<div class=\"elementor-row\">\n\t\t\t\t\t<div class=\"elementor-column elementor-col-66 elementor-top-column elementor-element elementor-element-315443eb\" data-id=\"315443eb\" data-element_type=\"column\">\n\t\t\t<div class=\"elementor-column-wrap elementor-element-populated\">\n\t\t\t\t\t\t\t<div class=\"elementor-widget-wrap\">\n\t\t\t\t\t\t<div class=\"elementor-element elementor-element-164e6d37 elementor-widget elementor-widget-text-editor\" data-id=\"164e6d37\" data-element_type=\"widget\" data-widget_type=\"text-editor.default\">\n\t\t\t\t<div class=\"elementor-widget-container\">\n\t\t\t\t\t\t\t\t<div class=\"elementor-text-editor elementor-clearfix\">\n\t\t\t\t<p>Este proyecto busca implementar nuevos entornos digitales que permitan integrar los cursos previos y ense\u00f1ar adecuadamente la valoraci\u00f3n en el proceso enfermero.<\/p>\t\t\t\t\t<\/div>\n\t\t\t\t\t\t<\/div>\n\t\t\t\t<\/div>\n\t\t\t\t\t\t<\/div>\n\t\t\t\t\t<\/div>\n\t\t<\/div>\n\t\t\t\t<div class=\"elementor-column elementor-col-33 elementor-top-column elementor-element elementor-element-62c1536d\" data-id=\"62c1536d\" data-element_type=\"column\">\n\t\t\t<div class=\"elementor-column-wrap elementor-element-populated\">\n\t\t\t\t\t\t\t<div class=\"elementor-widget-wrap\">\n\t\t\t\t\t\t<div class=\"elementor-element elementor-element-6149e335 elementor-view-stacked elementor-shape-circle elementor-mobile-position-top elementor-vertical-align-top elementor-widget elementor-widget-icon-box\" data-id=\"6149e335\" data-element_type=\"widget\" data-widget_type=\"icon-box.default\">\n\t\t\t\t<div class=\"elementor-widget-container\">\n\t\t\t\t\t<div class=\"elementor-icon-box-wrapper\">\n\t\t\t\t\t\t<div class=\"elementor-icon-box-icon\">\n\t\t\t\t<a class=\"elementor-icon elementor-animation-\" href=\"http:\/\/recursoscid.udd.cl\/wp-content\/uploads\/2023\/06\/Claudia-Perez-Acuna.pdf\" target=\"_blank\">\n\t\t\t\t<i class=\"fa fa-file-pdf-o\" aria-hidden=\"true\"><\/i>\t\t\t\t<\/a>\n\t\t\t<\/div>\n\t\t\t\t\t\t<div class=\"elementor-icon-box-content\">\n\t\t\t\t<h6 class=\"elementor-icon-box-title\">\n\t\t\t\t\t<a href=\"http:\/\/recursoscid.udd.cl\/wp-content\/uploads\/2023\/06\/Claudia-Perez-Acuna.pdf\" target=\"_blank\" >\n\t\t\t\t\t\tDescargar proyecto\t\t\t\t\t<\/a>\n\t\t\t\t<\/h6>\n\t\t\t\t\t\t\t<\/div>\n\t\t<\/div>\n\t\t\t\t<\/div>\n\t\t\t\t<\/div>\n\t\t\t\t\t\t<\/div>\n\t\t\t\t\t<\/div>\n\t\t<\/div>\n\t\t\t\t\t\t\t\t<\/div>\n\t\t\t\t\t<\/div>\n\t\t<\/section>\n\t\t\t\t<section class=\"elementor-section elementor-top-section elementor-element elementor-element-4d1da9c8 elementor-section-stretched elementor-section-boxed elementor-section-height-default elementor-section-height-default\" data-id=\"4d1da9c8\" data-element_type=\"section\" data-settings=\"{&quot;stretch_section&quot;:&quot;section-stretched&quot;}\">\n\t\t\t\t\t\t<div class=\"elementor-container elementor-column-gap-default\">\n\t\t\t\t\t\t\t<div class=\"elementor-row\">\n\t\t\t\t\t<div class=\"elementor-column elementor-col-66 elementor-top-column elementor-element elementor-element-38efe413\" data-id=\"38efe413\" data-element_type=\"column\">\n\t\t\t<div class=\"elementor-column-wrap elementor-element-populated\">\n\t\t\t\t\t\t\t<div class=\"elementor-widget-wrap\">\n\t\t\t\t\t\t<div class=\"elementor-element elementor-element-6a21bab3 elementor-widget elementor-widget-accordion\" data-id=\"6a21bab3\" data-element_type=\"widget\" data-widget_type=\"accordion.default\">\n\t\t\t\t<div class=\"elementor-widget-container\">\n\t\t\t\t\t<div class=\"elementor-accordion\" role=\"tablist\">\n\t\t\t\t\t\t\t<div class=\"elementor-accordion-item\">\n\t\t\t\t\t<div id=\"elementor-tab-title-1781\" class=\"elementor-tab-title\" data-tab=\"1\" role=\"tab\" aria-controls=\"elementor-tab-content-1781\" aria-expanded=\"false\">\n\t\t\t\t\t\t\t\t\t\t\t\t\t<span class=\"elementor-accordion-icon elementor-accordion-icon-left\" aria-hidden=\"true\">\n\t\t\t\t\t\t\t\t\t\t\t\t\t\t\t<i class=\"elementor-accordion-icon-closed fa fa-plus\"><\/i>\n\t\t\t\t\t\t\t\t<i class=\"elementor-accordion-icon-opened fa fa-minus\"><\/i>\n\t\t\t\t\t\t\t\t\t\t\t\t\t\t<\/span>\n\t\t\t\t\t\t\t\t\t\t\t\t<a class=\"elementor-accordion-title\" href=\"\">Informaci\u00f3n del proyecto<\/a>\n\t\t\t\t\t<\/div>\n\t\t\t\t\t<div id=\"elementor-tab-content-1781\" class=\"elementor-tab-content elementor-clearfix\" data-tab=\"1\" role=\"tabpanel\" aria-labelledby=\"elementor-tab-title-1781\"><p><strong>Facultad:<\/strong>\u00a0Medicina Cl\u00ednica Alemana &#8211; Universidad del Desarrollo.<br \/><strong>Carrera:<\/strong> Enfermer\u00eda.<br \/><strong>Sede:<\/strong> Santiago.<br \/><strong>Asignatura:<\/strong> Cuidados de Enfermer\u00eda Cl\u00ednico.<br \/><strong>Docente responsable:<\/strong> Claudia P\u00e9rez Acu\u00f1a.<br \/><strong>Docentes colaboradores:<\/strong> Vivian Aedo Carre\u00f1o, Jorge Contreras Guti\u00e9rrez y Katherine Leyton Quezada.<br \/><strong>Concurso:<\/strong> 2020\u00a0 \u00a0 \u00a0 \u00a0 \u00a0 \u00a0 \u00a0<\/p><\/div>\n\t\t\t\t<\/div>\n\t\t\t\t\t\t\t<div class=\"elementor-accordion-item\">\n\t\t\t\t\t<div id=\"elementor-tab-title-1782\" class=\"elementor-tab-title\" data-tab=\"2\" role=\"tab\" aria-controls=\"elementor-tab-content-1782\" aria-expanded=\"false\">\n\t\t\t\t\t\t\t\t\t\t\t\t\t<span class=\"elementor-accordion-icon elementor-accordion-icon-left\" aria-hidden=\"true\">\n\t\t\t\t\t\t\t\t\t\t\t\t\t\t\t<i class=\"elementor-accordion-icon-closed fa fa-plus\"><\/i>\n\t\t\t\t\t\t\t\t<i class=\"elementor-accordion-icon-opened fa fa-minus\"><\/i>\n\t\t\t\t\t\t\t\t\t\t\t\t\t\t<\/span>\n\t\t\t\t\t\t\t\t\t\t\t\t<a class=\"elementor-accordion-title\" href=\"\">Problem\u00e1tica que aborda<\/a>\n\t\t\t\t\t<\/div>\n\t\t\t\t\t<div id=\"elementor-tab-content-1782\" class=\"elementor-tab-content elementor-clearfix\" data-tab=\"2\" role=\"tabpanel\" aria-labelledby=\"elementor-tab-title-1782\"><p>La pandemia oblig\u00f3 a replantear las estrategias de ense\u00f1anza en la carrera en este contexto, surge la problem\u00e1tica de c\u00f3mo ense\u00f1ar y entrenar las habilidades de valoraci\u00f3n en el proceso enfermero, que incluye la recogida de informaci\u00f3n a trav\u00e9s del examen f\u00edsico, utilizando t\u00e9cnicas espec\u00edficas, en un entorno digital de formaci\u00f3n.<\/p><\/div>\n\t\t\t\t<\/div>\n\t\t\t\t\t\t\t<div class=\"elementor-accordion-item\">\n\t\t\t\t\t<div id=\"elementor-tab-title-1783\" class=\"elementor-tab-title\" data-tab=\"3\" role=\"tab\" aria-controls=\"elementor-tab-content-1783\" aria-expanded=\"false\">\n\t\t\t\t\t\t\t\t\t\t\t\t\t<span class=\"elementor-accordion-icon elementor-accordion-icon-left\" aria-hidden=\"true\">\n\t\t\t\t\t\t\t\t\t\t\t\t\t\t\t<i class=\"elementor-accordion-icon-closed fa fa-plus\"><\/i>\n\t\t\t\t\t\t\t\t<i class=\"elementor-accordion-icon-opened fa fa-minus\"><\/i>\n\t\t\t\t\t\t\t\t\t\t\t\t\t\t<\/span>\n\t\t\t\t\t\t\t\t\t\t\t\t<a class=\"elementor-accordion-title\" href=\"\">Objetivos<\/a>\n\t\t\t\t\t<\/div>\n\t\t\t\t\t<div id=\"elementor-tab-content-1783\" class=\"elementor-tab-content elementor-clearfix\" data-tab=\"3\" role=\"tabpanel\" aria-labelledby=\"elementor-tab-title-1783\"><p>Dise\u00f1ar e implementar una estrategia metodol\u00f3gica con Simulaci\u00f3n Virtual utilizando herramientas de modelados de objetos y aplicaciones de realidad virtual (RV).<\/p><\/div>\n\t\t\t\t<\/div>\n\t\t\t\t\t\t\t<div class=\"elementor-accordion-item\">\n\t\t\t\t\t<div id=\"elementor-tab-title-1784\" class=\"elementor-tab-title\" data-tab=\"4\" role=\"tab\" aria-controls=\"elementor-tab-content-1784\" aria-expanded=\"false\">\n\t\t\t\t\t\t\t\t\t\t\t\t\t<span class=\"elementor-accordion-icon elementor-accordion-icon-left\" aria-hidden=\"true\">\n\t\t\t\t\t\t\t\t\t\t\t\t\t\t\t<i class=\"elementor-accordion-icon-closed fa fa-plus\"><\/i>\n\t\t\t\t\t\t\t\t<i class=\"elementor-accordion-icon-opened fa fa-minus\"><\/i>\n\t\t\t\t\t\t\t\t\t\t\t\t\t\t<\/span>\n\t\t\t\t\t\t\t\t\t\t\t\t<a class=\"elementor-accordion-title\" href=\"\">Implementaci\u00f3n<\/a>\n\t\t\t\t\t<\/div>\n\t\t\t\t\t<div id=\"elementor-tab-content-1784\" class=\"elementor-tab-content elementor-clearfix\" data-tab=\"4\" role=\"tabpanel\" aria-labelledby=\"elementor-tab-title-1784\"><p>El proyecto se llev\u00f3 a cabo en dos etapas. Primero: dise\u00f1o y la implementaci\u00f3n de un software basado en realidad virtual (RV) utilizando un modelo pedag\u00f3gico compuesto por diferentes fases. Segundo: esto permiti\u00f3 aplicar estrategias metodol\u00f3gicas innovadoras en la educaci\u00f3n universitaria, en particular en el campo de la enfermer\u00eda, siguiendo un enfoque de experimentaci\u00f3n, reflexi\u00f3n y acci\u00f3n.<\/p><\/div>\n\t\t\t\t<\/div>\n\t\t\t\t\t\t\t<div class=\"elementor-accordion-item\">\n\t\t\t\t\t<div id=\"elementor-tab-title-1785\" class=\"elementor-tab-title\" data-tab=\"5\" role=\"tab\" aria-controls=\"elementor-tab-content-1785\" aria-expanded=\"false\">\n\t\t\t\t\t\t\t\t\t\t\t\t\t<span class=\"elementor-accordion-icon elementor-accordion-icon-left\" aria-hidden=\"true\">\n\t\t\t\t\t\t\t\t\t\t\t\t\t\t\t<i class=\"elementor-accordion-icon-closed fa fa-plus\"><\/i>\n\t\t\t\t\t\t\t\t<i class=\"elementor-accordion-icon-opened fa fa-minus\"><\/i>\n\t\t\t\t\t\t\t\t\t\t\t\t\t\t<\/span>\n\t\t\t\t\t\t\t\t\t\t\t\t<a class=\"elementor-accordion-title\" href=\"\">Logros<\/a>\n\t\t\t\t\t<\/div>\n\t\t\t\t\t<div id=\"elementor-tab-content-1785\" class=\"elementor-tab-content elementor-clearfix\" data-tab=\"5\" role=\"tabpanel\" aria-labelledby=\"elementor-tab-title-1785\"><p>Los estudiantes mostraron un buen desempe\u00f1o en los ex\u00e1menes y valoraron positivamente la utilidad del software en la aplicaci\u00f3n de los contenidos de valoraci\u00f3n. Adem\u00e1s, reconocieron la relaci\u00f3n entre los contenidos del software y las unidades de valoraci\u00f3n y cuidados, as\u00ed como la conexi\u00f3n entre las actividades en clase y los contenidos del software.<\/p><\/div>\n\t\t\t\t<\/div>\n\t\t\t\t\t\t\t\t<\/div>\n\t\t\t\t<\/div>\n\t\t\t\t<\/div>\n\t\t\t\t\t\t<\/div>\n\t\t\t\t\t<\/div>\n\t\t<\/div>\n\t\t\t\t<div class=\"elementor-column elementor-col-33 elementor-top-column elementor-element elementor-element-d79948\" data-id=\"d79948\" data-element_type=\"column\">\n\t\t\t<div class=\"elementor-column-wrap elementor-element-populated\">\n\t\t\t\t\t\t\t<div class=\"elementor-widget-wrap\">\n\t\t\t\t\t\t<div class=\"elementor-element elementor-element-35c01eda elementor-arrows-position-inside elementor-pagination-position-outside elementor-widget elementor-widget-image-carousel\" data-id=\"35c01eda\" data-element_type=\"widget\" data-settings=\"{&quot;slides_to_show&quot;:&quot;1&quot;,&quot;navigation&quot;:&quot;both&quot;,&quot;autoplay&quot;:&quot;yes&quot;,&quot;pause_on_hover&quot;:&quot;yes&quot;,&quot;pause_on_interaction&quot;:&quot;yes&quot;,&quot;autoplay_speed&quot;:5000,&quot;infinite&quot;:&quot;yes&quot;,&quot;effect&quot;:&quot;slide&quot;,&quot;speed&quot;:500}\" data-widget_type=\"image-carousel.default\">\n\t\t\t\t<div class=\"elementor-widget-container\">\n\t\t\t\t\t<div class=\"elementor-image-carousel-wrapper swiper-container\" dir=\"ltr\">\n\t\t\t<div class=\"elementor-image-carousel swiper-wrapper\">\n\t\t\t\t\t\t\t\t<div class=\"swiper-slide\"><figure class=\"swiper-slide-inner\"><img class=\"swiper-slide-image\" src=\"https:\/\/recursoscid.udd.cl\/wp-content\/uploads\/2023\/06\/perez_2020.png\" alt=\"perez_2020\" \/><\/figure><\/div>\t\t\t<\/div>\n\t\t\t\t\t<\/div>\n\t\t\t\t<\/div>\n\t\t\t\t<\/div>\n\t\t\t\t\t\t<\/div>\n\t\t\t\t\t<\/div>\n\t\t<\/div>\n\t\t\t\t\t\t\t\t<\/div>\n\t\t\t\t\t<\/div>\n\t\t<\/section>\n\t\t\t\t\t\t\t\t\t<\/div>\n\t\t\t<\/div>\n\t\t\t\t\t<\/div>\n\t\t","protected":false},"excerpt":{"rendered":"<p>Este proyecto busca implementar nuevos entornos digitales que permitan integrar los cursos previos y ense\u00f1ar adecuadamente la valoraci\u00f3n en el proceso enfermero. Descargar proyecto Informaci\u00f3n del proyecto Facultad:&nbsp;Medicina Cl\u00ednica Alemana [&hellip;]<\/p>\n","protected":false},"author":2,"featured_media":556,"menu_order":0,"comment_status":"closed","ping_status":"open","template":"","format":"standard","meta":[],"categories":[26,15,5,21],"tags":[],"_links":{"self":[{"href":"https:\/\/recursoscid.udd.cl\/index.php?rest_route=\/wp\/v2\/tecnologia\/3150"}],"collection":[{"href":"https:\/\/recursoscid.udd.cl\/index.php?rest_route=\/wp\/v2\/tecnologia"}],"about":[{"href":"https:\/\/recursoscid.udd.cl\/index.php?rest_route=\/wp\/v2\/types\/tecnologia"}],"author":[{"embeddable":true,"href":"https:\/\/recursoscid.udd.cl\/index.php?rest_route=\/wp\/v2\/users\/2"}],"replies":[{"embeddable":true,"href":"https:\/\/recursoscid.udd.cl\/index.php?rest_route=%2Fwp%2Fv2%2Fcomments&post=3150"}],"version-history":[{"count":9,"href":"https:\/\/recursoscid.udd.cl\/index.php?rest_route=\/wp\/v2\/tecnologia\/3150\/revisions"}],"predecessor-version":[{"id":3604,"href":"https:\/\/recursoscid.udd.cl\/index.php?rest_route=\/wp\/v2\/tecnologia\/3150\/revisions\/3604"}],"wp:featuredmedia":[{"embeddable":true,"href":"https:\/\/recursoscid.udd.cl\/index.php?rest_route=\/wp\/v2\/media\/556"}],"wp:attachment":[{"href":"https:\/\/recursoscid.udd.cl\/index.php?rest_route=%2Fwp%2Fv2%2Fmedia&parent=3150"}],"wp:term":[{"taxonomy":"category","embeddable":true,"href":"https:\/\/recursoscid.udd.cl\/index.php?rest_route=%2Fwp%2Fv2%2Fcategories&post=3150"},{"taxonomy":"post_tag","embeddable":true,"href":"https:\/\/recursoscid.udd.cl\/index.php?rest_route=%2Fwp%2Fv2%2Ftags&post=3150"}],"curies":[{"name":"wp","href":"https:\/\/api.w.org\/{rel}","templated":true}]}}