{"id":699,"date":"2017-05-08T20:28:16","date_gmt":"2017-05-08T20:28:16","guid":{"rendered":"https:\/\/recursoscid.udd.cl\/?post_type=recursos&#038;p=699"},"modified":"2019-06-12T19:53:31","modified_gmt":"2019-06-12T19:53:31","slug":"toolkit-material-de-apoyo-para-responsabilidad-publica","status":"publish","type":"recursos","link":"https:\/\/recursoscid.udd.cl\/?recursos=toolkit-material-de-apoyo-para-responsabilidad-publica","title":{"rendered":"Toolkit (material de apoyo) para responsabilidad p\u00fablica"},"content":{"rendered":"\t\t<div data-elementor-type=\"wp-post\" data-elementor-id=\"699\" class=\"elementor elementor-699 elementor-bc-flex-widget\">\n\t\t\t\t\t\t<div class=\"elementor-inner\">\n\t\t\t\t<div class=\"elementor-section-wrap\">\n\t\t\t\t\t\t\t\t\t<section class=\"elementor-section elementor-top-section elementor-element elementor-element-25eac932 elementor-section-stretched elementor-section-boxed elementor-section-height-default elementor-section-height-default\" data-id=\"25eac932\" data-element_type=\"section\" data-settings=\"{&quot;stretch_section&quot;:&quot;section-stretched&quot;}\">\n\t\t\t\t\t\t<div class=\"elementor-container elementor-column-gap-default\">\n\t\t\t\t\t\t\t<div class=\"elementor-row\">\n\t\t\t\t\t<div class=\"elementor-column elementor-col-66 elementor-top-column elementor-element elementor-element-1627bb18\" data-id=\"1627bb18\" data-element_type=\"column\">\n\t\t\t<div class=\"elementor-column-wrap elementor-element-populated\">\n\t\t\t\t\t\t\t<div class=\"elementor-widget-wrap\">\n\t\t\t\t\t\t<div class=\"elementor-element elementor-element-4efbf112 elementor-widget elementor-widget-text-editor\" data-id=\"4efbf112\" data-element_type=\"widget\" data-widget_type=\"text-editor.default\">\n\t\t\t\t<div class=\"elementor-widget-container\">\n\t\t\t\t\t\t\t\t<div class=\"elementor-text-editor elementor-clearfix\">\n\t\t\t\t<p><span style=\"font-weight: 400;\">Este proyecto busc\u00f3 sistematizar el material elaborado en las experiencias piloto de la metodolog\u00eda PBL (<\/span><i><span style=\"font-weight: 400;\">Problem Based Learning<\/span><\/i><span style=\"font-weight: 400;\">) en la asignatura Responsabilidad P\u00fablica, a fin de configurar unos kits con las herramientas necesarias para que los docentes replicaran el modelo en sus cursos.<\/span><\/p>\t\t\t\t\t<\/div>\n\t\t\t\t\t\t<\/div>\n\t\t\t\t<\/div>\n\t\t\t\t\t\t<\/div>\n\t\t\t\t\t<\/div>\n\t\t<\/div>\n\t\t\t\t<div class=\"elementor-column elementor-col-33 elementor-top-column elementor-element elementor-element-c4989c1\" data-id=\"c4989c1\" data-element_type=\"column\">\n\t\t\t<div class=\"elementor-column-wrap elementor-element-populated\">\n\t\t\t\t\t\t\t<div class=\"elementor-widget-wrap\">\n\t\t\t\t\t\t<div class=\"elementor-element elementor-element-100eaa34 elementor-view-stacked elementor-shape-circle elementor-mobile-position-top elementor-vertical-align-top elementor-widget elementor-widget-icon-box\" data-id=\"100eaa34\" data-element_type=\"widget\" data-widget_type=\"icon-box.default\">\n\t\t\t\t<div class=\"elementor-widget-container\">\n\t\t\t\t\t<div class=\"elementor-icon-box-wrapper\">\n\t\t\t\t\t\t<div class=\"elementor-icon-box-icon\">\n\t\t\t\t<a class=\"elementor-icon elementor-animation-\" href=\"http:\/\/recursoscid.udd.cl\/wp-content\/uploads\/2019\/05\/2017-RECURSOS-SCL-ICOM-01.pdf\" target=\"_blank\">\n\t\t\t\t<i class=\"fa fa-file-pdf-o\" aria-hidden=\"true\"><\/i>\t\t\t\t<\/a>\n\t\t\t<\/div>\n\t\t\t\t\t\t<div class=\"elementor-icon-box-content\">\n\t\t\t\t<h6 class=\"elementor-icon-box-title\">\n\t\t\t\t\t<a href=\"http:\/\/recursoscid.udd.cl\/wp-content\/uploads\/2019\/05\/2017-RECURSOS-SCL-ICOM-01.pdf\" target=\"_blank\" >\n\t\t\t\t\t\tDescargar proyecto\t\t\t\t\t<\/a>\n\t\t\t\t<\/h6>\n\t\t\t\t\t\t\t<\/div>\n\t\t<\/div>\n\t\t\t\t<\/div>\n\t\t\t\t<\/div>\n\t\t\t\t\t\t<\/div>\n\t\t\t\t\t<\/div>\n\t\t<\/div>\n\t\t\t\t\t\t\t\t<\/div>\n\t\t\t\t\t<\/div>\n\t\t<\/section>\n\t\t\t\t<section class=\"elementor-section elementor-top-section elementor-element elementor-element-687bcad7 elementor-section-stretched elementor-section-boxed elementor-section-height-default elementor-section-height-default\" data-id=\"687bcad7\" data-element_type=\"section\" data-settings=\"{&quot;stretch_section&quot;:&quot;section-stretched&quot;}\">\n\t\t\t\t\t\t<div class=\"elementor-container elementor-column-gap-default\">\n\t\t\t\t\t\t\t<div class=\"elementor-row\">\n\t\t\t\t\t<div class=\"elementor-column elementor-col-66 elementor-top-column elementor-element elementor-element-68986367\" data-id=\"68986367\" data-element_type=\"column\">\n\t\t\t<div class=\"elementor-column-wrap elementor-element-populated\">\n\t\t\t\t\t\t\t<div class=\"elementor-widget-wrap\">\n\t\t\t\t\t\t<div class=\"elementor-element elementor-element-323866d5 elementor-widget elementor-widget-accordion\" data-id=\"323866d5\" data-element_type=\"widget\" data-widget_type=\"accordion.default\">\n\t\t\t\t<div class=\"elementor-widget-container\">\n\t\t\t\t\t<div class=\"elementor-accordion\" role=\"tablist\">\n\t\t\t\t\t\t\t<div class=\"elementor-accordion-item\">\n\t\t\t\t\t<div id=\"elementor-tab-title-8421\" class=\"elementor-tab-title\" data-tab=\"1\" role=\"tab\" aria-controls=\"elementor-tab-content-8421\" aria-expanded=\"false\">\n\t\t\t\t\t\t\t\t\t\t\t\t\t<span class=\"elementor-accordion-icon elementor-accordion-icon-left\" aria-hidden=\"true\">\n\t\t\t\t\t\t\t\t\t\t\t\t\t\t\t<i class=\"elementor-accordion-icon-closed fa fa-plus\"><\/i>\n\t\t\t\t\t\t\t\t<i class=\"elementor-accordion-icon-opened fa fa-minus\"><\/i>\n\t\t\t\t\t\t\t\t\t\t\t\t\t\t<\/span>\n\t\t\t\t\t\t\t\t\t\t\t\t<a class=\"elementor-accordion-title\" href=\"\">Informaci\u00f3n del proyecto<\/a>\n\t\t\t\t\t<\/div>\n\t\t\t\t\t<div id=\"elementor-tab-content-8421\" class=\"elementor-tab-content elementor-clearfix\" data-tab=\"1\" role=\"tabpanel\" aria-labelledby=\"elementor-tab-title-8421\"><p><strong>Facultad:<\/strong> Econom\u00eda y Negocios y Dise\u00f1o.<br \/><strong>Carrera:<\/strong> Ingenier\u00eda Comercial y Dise\u00f1o.<br \/><strong>Sede:<\/strong> Santiago.<br \/><strong>Asignatura:<\/strong> Responsabilidad P\u00fablica.<br \/><strong>Docentes responsables:<\/strong> Javiera Aldunate Bengolea y Mat\u00edas Lira Avil\u00e9s.<br \/><strong>Concurso:<\/strong> 2016 &#8211; 2<br \/><strong>Beneficiarios:<\/strong> Aproximadamente 280 estudiantes por semestre entre Santiago y Concepci\u00f3n.<br \/><span style=\"color: #6ec1e4;\"><a style=\"color: #6ec1e4;\" href=\"http:\/\/hdl.handle.net\/11447\/1630\"><strong>Ver recurso<\/strong><\/a><\/span><\/p><\/div>\n\t\t\t\t<\/div>\n\t\t\t\t\t\t\t<div class=\"elementor-accordion-item\">\n\t\t\t\t\t<div id=\"elementor-tab-title-8422\" class=\"elementor-tab-title\" data-tab=\"2\" role=\"tab\" aria-controls=\"elementor-tab-content-8422\" aria-expanded=\"false\">\n\t\t\t\t\t\t\t\t\t\t\t\t\t<span class=\"elementor-accordion-icon elementor-accordion-icon-left\" aria-hidden=\"true\">\n\t\t\t\t\t\t\t\t\t\t\t\t\t\t\t<i class=\"elementor-accordion-icon-closed fa fa-plus\"><\/i>\n\t\t\t\t\t\t\t\t<i class=\"elementor-accordion-icon-opened fa fa-minus\"><\/i>\n\t\t\t\t\t\t\t\t\t\t\t\t\t\t<\/span>\n\t\t\t\t\t\t\t\t\t\t\t\t<a class=\"elementor-accordion-title\" href=\"\">Problem\u00e1tica que aborda<\/a>\n\t\t\t\t\t<\/div>\n\t\t\t\t\t<div id=\"elementor-tab-content-8422\" class=\"elementor-tab-content elementor-clearfix\" data-tab=\"2\" role=\"tabpanel\" aria-labelledby=\"elementor-tab-title-8422\"><p><span style=\"font-weight: 400;\">Buscando introducir los lineamientos pedag\u00f3gicos del Proyecto Educativo, junto a la necesidad de desarrollar la competencia Responsabilidad p\u00fablica en los estudiantes UDD, se dise\u00f1aron e implementaron pilotos de trabajo interdisciplinario en la asignatura de Responsabilidad P\u00fablica a trav\u00e9s de la metodolog\u00eda PBL (<\/span><i><span style=\"font-weight: 400;\">Problem Based Learning<\/span><\/i><span style=\"font-weight: 400;\">). <\/span><\/p><p><span style=\"font-weight: 400;\">Para poder expandir el uso de este modelo a otros cursos de Responsabilidad P\u00fablica se requer\u00eda generar las condiciones necesarias para que los docentes se pudieran desenvolver f\u00e1cilmente con el modelo, y que pudieran aplicarlo de la forma m\u00e1s homog\u00e9nea posible. Por lo tanto, consideramos relevante sistematizar el material ya elaborado en las experiencias piloto, revisarlo y mejorarlo para luego configurar unos kits con las herramientas necesarias para que los docentes replicaran el modelo en sus cursos.<\/span><\/p><\/div>\n\t\t\t\t<\/div>\n\t\t\t\t\t\t\t<div class=\"elementor-accordion-item\">\n\t\t\t\t\t<div id=\"elementor-tab-title-8423\" class=\"elementor-tab-title\" data-tab=\"3\" role=\"tab\" aria-controls=\"elementor-tab-content-8423\" aria-expanded=\"false\">\n\t\t\t\t\t\t\t\t\t\t\t\t\t<span class=\"elementor-accordion-icon elementor-accordion-icon-left\" aria-hidden=\"true\">\n\t\t\t\t\t\t\t\t\t\t\t\t\t\t\t<i class=\"elementor-accordion-icon-closed fa fa-plus\"><\/i>\n\t\t\t\t\t\t\t\t<i class=\"elementor-accordion-icon-opened fa fa-minus\"><\/i>\n\t\t\t\t\t\t\t\t\t\t\t\t\t\t<\/span>\n\t\t\t\t\t\t\t\t\t\t\t\t<a class=\"elementor-accordion-title\" href=\"\">Objetivos<\/a>\n\t\t\t\t\t<\/div>\n\t\t\t\t\t<div id=\"elementor-tab-content-8423\" class=\"elementor-tab-content elementor-clearfix\" data-tab=\"3\" role=\"tabpanel\" aria-labelledby=\"elementor-tab-title-8423\"><p><strong>Objetivo general:<\/strong><\/p><ul><li style=\"font-weight: 400;\"><span style=\"font-weight: 400;\">Incorporar una metodolog\u00eda de ense\u00f1anza innovadora para estudiantes y docentes de los cursos de Responsabilidad P\u00fablica, favoreciendo con ello la generaci\u00f3n de una pr\u00e1ctica que contribuye al desarrollo social.<\/span><\/li><\/ul><p><strong>Objetivos espec\u00edficos:<\/strong><\/p><ul><li style=\"font-weight: 400;\"><span style=\"font-weight: 400;\">Elaborar el material necesario para la implementaci\u00f3n de modelo (contenidos, ejercicios pr\u00e1cticos y material pedag\u00f3gico) para dos niveles de implementaci\u00f3n: b\u00e1sico y avanzado.<\/span><\/li><li style=\"font-weight: 400;\"><span style=\"font-weight: 400;\">Disponer del modelo ya sistematizado para su correspondiente difusi\u00f3n a nivel institucional.<\/span><\/li><li style=\"font-weight: 400;\"><span style=\"font-weight: 400;\">Capacitar a los docentes de cursos de Responsabilidad P\u00fablica interesados en la implementaci\u00f3n del modelo.<\/span><\/li><li style=\"font-weight: 400;\"><span style=\"font-weight: 400;\">Confirmar competencias del perfil docente, entre la que destaca la incorporaci\u00f3n en el proceso de ense\u00f1anza, por medio de la experiencia y demostraciones en el aprendizaje de los estudiantes, as\u00ed como la interacci\u00f3n y el di\u00e1logo al interior del curso.<\/span><\/li><\/ul><\/div>\n\t\t\t\t<\/div>\n\t\t\t\t\t\t\t<div class=\"elementor-accordion-item\">\n\t\t\t\t\t<div id=\"elementor-tab-title-8424\" class=\"elementor-tab-title\" data-tab=\"4\" role=\"tab\" aria-controls=\"elementor-tab-content-8424\" aria-expanded=\"false\">\n\t\t\t\t\t\t\t\t\t\t\t\t\t<span class=\"elementor-accordion-icon elementor-accordion-icon-left\" aria-hidden=\"true\">\n\t\t\t\t\t\t\t\t\t\t\t\t\t\t\t<i class=\"elementor-accordion-icon-closed fa fa-plus\"><\/i>\n\t\t\t\t\t\t\t\t<i class=\"elementor-accordion-icon-opened fa fa-minus\"><\/i>\n\t\t\t\t\t\t\t\t\t\t\t\t\t\t<\/span>\n\t\t\t\t\t\t\t\t\t\t\t\t<a class=\"elementor-accordion-title\" href=\"\">Implementaci\u00f3n<\/a>\n\t\t\t\t\t<\/div>\n\t\t\t\t\t<div id=\"elementor-tab-content-8424\" class=\"elementor-tab-content elementor-clearfix\" data-tab=\"4\" role=\"tabpanel\" aria-labelledby=\"elementor-tab-title-8424\"><p><span style=\"font-weight: 400;\">El desarrollo de este material, se llev\u00f3 a cabo por medio de 3 etapas:<\/span><\/p><p><b>ETAPA 1: <\/b><span style=\"font-weight: 400;\">Revisi\u00f3n material desarrollado preliminarmente.<\/span><b> <\/b><\/p><p><b>ETAPA 2:<\/b><span style=\"font-weight: 400;\"> Desarrollo nuevo material y contenidos, a partir de las definiciones de mejoras de la etapa 1. <\/span><b><\/b><\/p><p><b>ETAPA 3:<\/b><span style=\"font-weight: 400;\"> Dise\u00f1o y Prototipado. Finalmente se llev\u00f3 a cabo la etapa de evaluaci\u00f3n de las \u00faltimas fases para la evaluaci\u00f3n total.<\/span><\/p><p><span style=\"font-weight: 400;\">Al ser un producto que ha sido ocupado en clase desde el inicio del piloto interdisciplinario, esto ha permitido su mejora constante. <\/span><\/p><\/div>\n\t\t\t\t<\/div>\n\t\t\t\t\t\t\t<div class=\"elementor-accordion-item\">\n\t\t\t\t\t<div id=\"elementor-tab-title-8425\" class=\"elementor-tab-title\" data-tab=\"5\" role=\"tab\" aria-controls=\"elementor-tab-content-8425\" aria-expanded=\"false\">\n\t\t\t\t\t\t\t\t\t\t\t\t\t<span class=\"elementor-accordion-icon elementor-accordion-icon-left\" aria-hidden=\"true\">\n\t\t\t\t\t\t\t\t\t\t\t\t\t\t\t<i class=\"elementor-accordion-icon-closed fa fa-plus\"><\/i>\n\t\t\t\t\t\t\t\t<i class=\"elementor-accordion-icon-opened fa fa-minus\"><\/i>\n\t\t\t\t\t\t\t\t\t\t\t\t\t\t<\/span>\n\t\t\t\t\t\t\t\t\t\t\t\t<a class=\"elementor-accordion-title\" href=\"\">Logros<\/a>\n\t\t\t\t\t<\/div>\n\t\t\t\t\t<div id=\"elementor-tab-content-8425\" class=\"elementor-tab-content elementor-clearfix\" data-tab=\"5\" role=\"tabpanel\" aria-labelledby=\"elementor-tab-title-8425\"><p><span style=\"font-weight: 400;\">&#8211; Incorporar una metodolog\u00eda de ense\u00f1anza innovadora para los estudiantes, profesores y para la comunidad UDD, favoreciendo la generaci\u00f3n de una pr\u00e1ctica que contribuye al desarrollo social. <\/span><\/p><p><span style=\"font-weight: 400;\">&#8211; Elaborar el material necesario para la implementaci\u00f3n de modelo (contenidos, ejercicios pr\u00e1cticos y material pedag\u00f3gico) para dos niveles de implementaci\u00f3n: b\u00e1sico y avanzado. <\/span><\/p><p><span style=\"font-weight: 400;\">&#8211; Capacitar a los docentes de cursos de Responsabilidad P\u00fablica interesados en la implementaci\u00f3n del modelo. <\/span><\/p><\/div>\n\t\t\t\t<\/div>\n\t\t\t\t\t\t\t\t<\/div>\n\t\t\t\t<\/div>\n\t\t\t\t<\/div>\n\t\t\t\t\t\t<\/div>\n\t\t\t\t\t<\/div>\n\t\t<\/div>\n\t\t\t\t<div class=\"elementor-column elementor-col-33 elementor-top-column elementor-element elementor-element-531cbfad\" data-id=\"531cbfad\" data-element_type=\"column\">\n\t\t\t<div class=\"elementor-column-wrap elementor-element-populated\">\n\t\t\t\t\t\t\t<div class=\"elementor-widget-wrap\">\n\t\t\t\t\t\t<div class=\"elementor-element elementor-element-45e6a3e7 elementor-arrows-position-inside elementor-pagination-position-outside elementor-widget elementor-widget-image-carousel\" data-id=\"45e6a3e7\" data-element_type=\"widget\" data-settings=\"{&quot;slides_to_show&quot;:&quot;1&quot;,&quot;navigation&quot;:&quot;both&quot;,&quot;autoplay&quot;:&quot;yes&quot;,&quot;pause_on_hover&quot;:&quot;yes&quot;,&quot;pause_on_interaction&quot;:&quot;yes&quot;,&quot;autoplay_speed&quot;:5000,&quot;infinite&quot;:&quot;yes&quot;,&quot;effect&quot;:&quot;slide&quot;,&quot;speed&quot;:500}\" data-widget_type=\"image-carousel.default\">\n\t\t\t\t<div class=\"elementor-widget-container\">\n\t\t\t\t\t<div class=\"elementor-image-carousel-wrapper swiper-container\" dir=\"ltr\">\n\t\t\t<div class=\"elementor-image-carousel swiper-wrapper\">\n\t\t\t\t\t\t\t\t<div class=\"swiper-slide\"><figure class=\"swiper-slide-inner\"><img class=\"swiper-slide-image\" src=\"https:\/\/recursoscid.udd.cl\/wp-content\/uploads\/2019\/05\/2017_S_R06_02.jpg\" alt=\"2017_S_R06_02\" \/><\/figure><\/div><div class=\"swiper-slide\"><figure class=\"swiper-slide-inner\"><img class=\"swiper-slide-image\" src=\"https:\/\/recursoscid.udd.cl\/wp-content\/uploads\/2019\/05\/2017_S_R06_03.jpg\" alt=\"2017_S_R06_03\" \/><\/figure><\/div><div class=\"swiper-slide\"><figure class=\"swiper-slide-inner\"><img class=\"swiper-slide-image\" src=\"https:\/\/recursoscid.udd.cl\/wp-content\/uploads\/2019\/05\/2017_S_R06_01.jpg\" alt=\"2017_S_R06_01\" \/><\/figure><\/div>\t\t\t<\/div>\n\t\t\t\t\t\t\t\t\t\t\t\t<div class=\"swiper-pagination\"><\/div>\n\t\t\t\t\t\t\t\t\t\t\t\t\t<div class=\"elementor-swiper-button elementor-swiper-button-prev\">\n\t\t\t\t\t\t<i aria-hidden=\"true\" class=\"eicon-chevron-left\"><\/i>\t\t\t\t\t\t<span class=\"elementor-screen-only\">Anterior<\/span>\n\t\t\t\t\t<\/div>\n\t\t\t\t\t<div class=\"elementor-swiper-button elementor-swiper-button-next\">\n\t\t\t\t\t\t<i aria-hidden=\"true\" class=\"eicon-chevron-right\"><\/i>\t\t\t\t\t\t<span class=\"elementor-screen-only\">Siguiente<\/span>\n\t\t\t\t\t<\/div>\n\t\t\t\t\t\t\t\t\t<\/div>\n\t\t\t\t<\/div>\n\t\t\t\t<\/div>\n\t\t\t\t\t\t<\/div>\n\t\t\t\t\t<\/div>\n\t\t<\/div>\n\t\t\t\t\t\t\t\t<\/div>\n\t\t\t\t\t<\/div>\n\t\t<\/section>\n\t\t\t\t\t\t\t\t\t<\/div>\n\t\t\t<\/div>\n\t\t\t\t\t<\/div>\n\t\t","protected":false},"excerpt":{"rendered":"<p>Este proyecto busc\u00f3 sistematizar el material elaborado en las experiencias piloto de la metodolog\u00eda PBL (Problem Based Learning) en la asignatura Responsabilidad P\u00fablica, a fin de configurar unos kits con [&hellip;]<\/p>\n","protected":false},"author":1,"featured_media":568,"menu_order":0,"comment_status":"closed","ping_status":"closed","template":"","format":"standard","meta":[],"categories":[3,7,23,5],"tags":[],"_links":{"self":[{"href":"https:\/\/recursoscid.udd.cl\/index.php?rest_route=\/wp\/v2\/recursos\/699"}],"collection":[{"href":"https:\/\/recursoscid.udd.cl\/index.php?rest_route=\/wp\/v2\/recursos"}],"about":[{"href":"https:\/\/recursoscid.udd.cl\/index.php?rest_route=\/wp\/v2\/types\/recursos"}],"author":[{"embeddable":true,"href":"https:\/\/recursoscid.udd.cl\/index.php?rest_route=\/wp\/v2\/users\/1"}],"replies":[{"embeddable":true,"href":"https:\/\/recursoscid.udd.cl\/index.php?rest_route=%2Fwp%2Fv2%2Fcomments&post=699"}],"version-history":[{"count":11,"href":"https:\/\/recursoscid.udd.cl\/index.php?rest_route=\/wp\/v2\/recursos\/699\/revisions"}],"predecessor-version":[{"id":1142,"href":"https:\/\/recursoscid.udd.cl\/index.php?rest_route=\/wp\/v2\/recursos\/699\/revisions\/1142"}],"wp:featuredmedia":[{"embeddable":true,"href":"https:\/\/recursoscid.udd.cl\/index.php?rest_route=\/wp\/v2\/media\/568"}],"wp:attachment":[{"href":"https:\/\/recursoscid.udd.cl\/index.php?rest_route=%2Fwp%2Fv2%2Fmedia&parent=699"}],"wp:term":[{"taxonomy":"category","embeddable":true,"href":"https:\/\/recursoscid.udd.cl\/index.php?rest_route=%2Fwp%2Fv2%2Fcategories&post=699"},{"taxonomy":"post_tag","embeddable":true,"href":"https:\/\/recursoscid.udd.cl\/index.php?rest_route=%2Fwp%2Fv2%2Ftags&post=699"}],"curies":[{"name":"wp","href":"https:\/\/api.w.org\/{rel}","templated":true}]}}