{"id":1380,"date":"2019-10-05T00:41:15","date_gmt":"2019-10-05T00:41:15","guid":{"rendered":"https:\/\/recursoscid.udd.cl\/?post_type=recursos&#038;p=1380"},"modified":"2021-10-13T09:24:28","modified_gmt":"2021-10-13T09:24:28","slug":"diseno-de-una-herramienta-pedagogica-destinada-a-estudiantes-de-cuarto-ano-del-curso-de-enfermeria","status":"publish","type":"recursos","link":"https:\/\/recursoscid.udd.cl\/?recursos=diseno-de-una-herramienta-pedagogica-destinada-a-estudiantes-de-cuarto-ano-del-curso-de-enfermeria","title":{"rendered":"Dise\u00f1o de una herramienta pedag\u00f3gica destinada a estudiantes de cuarto a\u00f1o del curso de Enfermer\u00eda"},"content":{"rendered":"\t\t<div data-elementor-type=\"wp-post\" data-elementor-id=\"1380\" class=\"elementor elementor-1380\">\n\t\t\t\t\t\t<div class=\"elementor-inner\">\n\t\t\t\t<div class=\"elementor-section-wrap\">\n\t\t\t\t\t\t\t\t\t<section class=\"elementor-section elementor-top-section elementor-element elementor-element-30da45f4 elementor-section-stretched elementor-section-boxed elementor-section-height-default elementor-section-height-default\" data-id=\"30da45f4\" data-element_type=\"section\" data-settings=\"{&quot;stretch_section&quot;:&quot;section-stretched&quot;}\">\n\t\t\t\t\t\t<div class=\"elementor-container elementor-column-gap-default\">\n\t\t\t\t\t\t\t<div class=\"elementor-row\">\n\t\t\t\t\t<div class=\"elementor-column elementor-col-66 elementor-top-column elementor-element elementor-element-df197a8\" data-id=\"df197a8\" data-element_type=\"column\">\n\t\t\t<div class=\"elementor-column-wrap elementor-element-populated\">\n\t\t\t\t\t\t\t<div class=\"elementor-widget-wrap\">\n\t\t\t\t\t\t<div class=\"elementor-element elementor-element-3ce885b1 elementor-widget elementor-widget-text-editor\" data-id=\"3ce885b1\" data-element_type=\"widget\" data-widget_type=\"text-editor.default\">\n\t\t\t\t<div class=\"elementor-widget-container\">\n\t\t\t\t\t\t\t\t<div class=\"elementor-text-editor elementor-clearfix\">\n\t\t\t\t<p><span style=\"font-weight: 400;\">Este proyecto de innovaci\u00f3n busc\u00f3 producir un recurso audiovisual junto con un manual pedag\u00f3gico explicativo que aborde contenido te\u00f3ricos y pr\u00e1cticos de la evaluaci\u00f3n del desarrollo psicomotor en ni\u00f1os y ni\u00f1as menores de 2 a\u00f1os de edad en atenci\u00f3n primaria.<\/span><\/p>\t\t\t\t\t<\/div>\n\t\t\t\t\t\t<\/div>\n\t\t\t\t<\/div>\n\t\t\t\t\t\t<\/div>\n\t\t\t\t\t<\/div>\n\t\t<\/div>\n\t\t\t\t<div class=\"elementor-column elementor-col-33 elementor-top-column elementor-element elementor-element-42156bc0\" data-id=\"42156bc0\" data-element_type=\"column\">\n\t\t\t<div class=\"elementor-column-wrap elementor-element-populated\">\n\t\t\t\t\t\t\t<div class=\"elementor-widget-wrap\">\n\t\t\t\t\t\t<div class=\"elementor-element elementor-element-59ad2cb4 elementor-view-stacked elementor-shape-circle elementor-mobile-position-top elementor-vertical-align-top elementor-widget elementor-widget-icon-box\" data-id=\"59ad2cb4\" data-element_type=\"widget\" data-widget_type=\"icon-box.default\">\n\t\t\t\t<div class=\"elementor-widget-container\">\n\t\t\t\t\t<div class=\"elementor-icon-box-wrapper\">\n\t\t\t\t\t\t<div class=\"elementor-icon-box-icon\">\n\t\t\t\t<a class=\"elementor-icon elementor-animation-\" href=\"http:\/\/recursoscid.udd.cl\/wp-content\/uploads\/2021\/10\/2019-RECURSOS-SCL-MEDICINA-02.pdf\" target=\"_blank\">\n\t\t\t\t<i class=\"fa fa-file-pdf-o\" aria-hidden=\"true\"><\/i>\t\t\t\t<\/a>\n\t\t\t<\/div>\n\t\t\t\t\t\t<div class=\"elementor-icon-box-content\">\n\t\t\t\t<h6 class=\"elementor-icon-box-title\">\n\t\t\t\t\t<a href=\"http:\/\/recursoscid.udd.cl\/wp-content\/uploads\/2021\/10\/2019-RECURSOS-SCL-MEDICINA-02.pdf\" target=\"_blank\" >\n\t\t\t\t\t\tDescargar proyecto\t\t\t\t\t<\/a>\n\t\t\t\t<\/h6>\n\t\t\t\t\t\t\t<\/div>\n\t\t<\/div>\n\t\t\t\t<\/div>\n\t\t\t\t<\/div>\n\t\t\t\t\t\t<\/div>\n\t\t\t\t\t<\/div>\n\t\t<\/div>\n\t\t\t\t\t\t\t\t<\/div>\n\t\t\t\t\t<\/div>\n\t\t<\/section>\n\t\t\t\t<section class=\"elementor-section elementor-top-section elementor-element elementor-element-30cf0bb9 elementor-section-stretched elementor-section-boxed elementor-section-height-default elementor-section-height-default\" data-id=\"30cf0bb9\" data-element_type=\"section\" data-settings=\"{&quot;stretch_section&quot;:&quot;section-stretched&quot;}\">\n\t\t\t\t\t\t<div class=\"elementor-container elementor-column-gap-default\">\n\t\t\t\t\t\t\t<div class=\"elementor-row\">\n\t\t\t\t\t<div class=\"elementor-column elementor-col-66 elementor-top-column elementor-element elementor-element-1678175d\" data-id=\"1678175d\" data-element_type=\"column\">\n\t\t\t<div class=\"elementor-column-wrap elementor-element-populated\">\n\t\t\t\t\t\t\t<div class=\"elementor-widget-wrap\">\n\t\t\t\t\t\t<div class=\"elementor-element elementor-element-390ff936 elementor-widget elementor-widget-accordion\" data-id=\"390ff936\" data-element_type=\"widget\" data-widget_type=\"accordion.default\">\n\t\t\t\t<div class=\"elementor-widget-container\">\n\t\t\t\t\t<div class=\"elementor-accordion\" role=\"tablist\">\n\t\t\t\t\t\t\t<div class=\"elementor-accordion-item\">\n\t\t\t\t\t<div id=\"elementor-tab-title-9571\" class=\"elementor-tab-title\" data-tab=\"1\" role=\"tab\" aria-controls=\"elementor-tab-content-9571\" aria-expanded=\"false\">\n\t\t\t\t\t\t\t\t\t\t\t\t\t<span class=\"elementor-accordion-icon elementor-accordion-icon-left\" aria-hidden=\"true\">\n\t\t\t\t\t\t\t\t\t\t\t\t\t\t\t<i class=\"elementor-accordion-icon-closed fa fa-plus\"><\/i>\n\t\t\t\t\t\t\t\t<i class=\"elementor-accordion-icon-opened fa fa-minus\"><\/i>\n\t\t\t\t\t\t\t\t\t\t\t\t\t\t<\/span>\n\t\t\t\t\t\t\t\t\t\t\t\t<a class=\"elementor-accordion-title\" href=\"\">Informaci\u00f3n del proyecto<\/a>\n\t\t\t\t\t<\/div>\n\t\t\t\t\t<div id=\"elementor-tab-content-9571\" class=\"elementor-tab-content elementor-clearfix\" data-tab=\"1\" role=\"tabpanel\" aria-labelledby=\"elementor-tab-title-9571\"><p><strong>Facultad:<\/strong> <span style=\"font-weight: 400;\">Medicina- Cl\u00ednica Alemana UDD<\/span>.<br \/><strong>Carrera:<\/strong> Enfermer\u00eda.<br \/><strong>Asignatura:<\/strong> Enfermer\u00eda en Salud Comunitaria.<br \/><strong>Beneficiarios:<\/strong> 37 estudiantes que cursan cuarto a\u00f1o de la carrera Enfermer\u00eda.<br \/><strong>Docentes:<\/strong> Tah\u00eda Montoya Araya, Katherine Leyton Quezada, Claudio Osses Paredes.<br \/><strong>Concurso:<\/strong> 2018 &#8211; 2<br \/><strong>Sede:<\/strong> Santiago.<\/p><\/div>\n\t\t\t\t<\/div>\n\t\t\t\t\t\t\t<div class=\"elementor-accordion-item\">\n\t\t\t\t\t<div id=\"elementor-tab-title-9572\" class=\"elementor-tab-title\" data-tab=\"2\" role=\"tab\" aria-controls=\"elementor-tab-content-9572\" aria-expanded=\"false\">\n\t\t\t\t\t\t\t\t\t\t\t\t\t<span class=\"elementor-accordion-icon elementor-accordion-icon-left\" aria-hidden=\"true\">\n\t\t\t\t\t\t\t\t\t\t\t\t\t\t\t<i class=\"elementor-accordion-icon-closed fa fa-plus\"><\/i>\n\t\t\t\t\t\t\t\t<i class=\"elementor-accordion-icon-opened fa fa-minus\"><\/i>\n\t\t\t\t\t\t\t\t\t\t\t\t\t\t<\/span>\n\t\t\t\t\t\t\t\t\t\t\t\t<a class=\"elementor-accordion-title\" href=\"\">Problem\u00e1tica que aborda<\/a>\n\t\t\t\t\t<\/div>\n\t\t\t\t\t<div id=\"elementor-tab-content-9572\" class=\"elementor-tab-content elementor-clearfix\" data-tab=\"2\" role=\"tabpanel\" aria-labelledby=\"elementor-tab-title-9572\"><p><span style=\"font-weight: 400;\">El proyecto consider\u00f3 como antecedente que los estudiantes de la asignatura de Enfermer\u00eda en Salud Comunitaria, perteneciente al nivel de Licenciatura de la carrera de Enfermer\u00eda, sede Santiago, presentan dificultades en la comprensi\u00f3n, aplicaci\u00f3n e interpretaci\u00f3n de instrumento de evaluaci\u00f3n de desarrollo psicomotor de ni\u00f1os, tales como, el <\/span><span style=\"font-weight: 400;\">Diagn\u00f3stico y Estad\u00edstico de los Trastornos Mentales<\/span><span style=\"font-weight: 400;\"> (DSM) en ni\u00f1os y ni\u00f1as menores de 2 a\u00f1os y la <\/span><span style=\"font-weight: 400;\">Escala de Evaluaci\u00f3n del Desarrollo Psicomotor de 0-24 meses<\/span><span style=\"font-weight: 400;\"> (EEDP) en contextos de atenci\u00f3n primaria de la salud, lo que se materializa en resultados desfavorables en los test sumativos aplicados.<\/span><\/p><\/div>\n\t\t\t\t<\/div>\n\t\t\t\t\t\t\t<div class=\"elementor-accordion-item\">\n\t\t\t\t\t<div id=\"elementor-tab-title-9573\" class=\"elementor-tab-title\" data-tab=\"3\" role=\"tab\" aria-controls=\"elementor-tab-content-9573\" aria-expanded=\"false\">\n\t\t\t\t\t\t\t\t\t\t\t\t\t<span class=\"elementor-accordion-icon elementor-accordion-icon-left\" aria-hidden=\"true\">\n\t\t\t\t\t\t\t\t\t\t\t\t\t\t\t<i class=\"elementor-accordion-icon-closed fa fa-plus\"><\/i>\n\t\t\t\t\t\t\t\t<i class=\"elementor-accordion-icon-opened fa fa-minus\"><\/i>\n\t\t\t\t\t\t\t\t\t\t\t\t\t\t<\/span>\n\t\t\t\t\t\t\t\t\t\t\t\t<a class=\"elementor-accordion-title\" href=\"\">Objetivos<\/a>\n\t\t\t\t\t<\/div>\n\t\t\t\t\t<div id=\"elementor-tab-content-9573\" class=\"elementor-tab-content elementor-clearfix\" data-tab=\"3\" role=\"tabpanel\" aria-labelledby=\"elementor-tab-title-9573\"><p><strong>Objetivo General:<\/strong><\/p><p><span style=\"font-weight: 400;\">Producir un recurso audiovisual pedag\u00f3gico que aborde contenido te\u00f3ricos y pr\u00e1cticos de la evaluaci\u00f3n del desarrollo psicomotor en ni\u00f1os y ni\u00f1as menores de 2 a\u00f1os en atenci\u00f3n primaria.<\/span><\/p><p><span style=\"font-weight: 400;\">\u00a0<strong>Objetivos Espec\u00edficos:<\/strong><\/span><\/p><ol><li><span style=\"font-weight: 400;\">Identificar de la pr\u00e1ctica cl\u00ednica de Atenci\u00f3n Primaria de Salud (APS) un caso representativo de una evaluaci\u00f3n de desarrollo psicomotor en ni\u00f1os y ni\u00f1as menores de 2 a\u00f1os.<\/span><\/li><li><span style=\"font-weight: 400;\">Recrear y registrar, en un ambiente controlado, uno de los casos identificados en la pr\u00e1ctica cl\u00ednica.<\/span><\/li><li>Difundir el material generado en plataforma cursos y eventos cient\u00edficos.<\/li><\/ol><\/div>\n\t\t\t\t<\/div>\n\t\t\t\t\t\t\t<div class=\"elementor-accordion-item\">\n\t\t\t\t\t<div id=\"elementor-tab-title-9574\" class=\"elementor-tab-title\" data-tab=\"4\" role=\"tab\" aria-controls=\"elementor-tab-content-9574\" aria-expanded=\"false\">\n\t\t\t\t\t\t\t\t\t\t\t\t\t<span class=\"elementor-accordion-icon elementor-accordion-icon-left\" aria-hidden=\"true\">\n\t\t\t\t\t\t\t\t\t\t\t\t\t\t\t<i class=\"elementor-accordion-icon-closed fa fa-plus\"><\/i>\n\t\t\t\t\t\t\t\t<i class=\"elementor-accordion-icon-opened fa fa-minus\"><\/i>\n\t\t\t\t\t\t\t\t\t\t\t\t\t\t<\/span>\n\t\t\t\t\t\t\t\t\t\t\t\t<a class=\"elementor-accordion-title\" href=\"\">Implementaci\u00f3n<\/a>\n\t\t\t\t\t<\/div>\n\t\t\t\t\t<div id=\"elementor-tab-content-9574\" class=\"elementor-tab-content elementor-clearfix\" data-tab=\"4\" role=\"tabpanel\" aria-labelledby=\"elementor-tab-title-9574\"><p><span style=\"font-weight: 400;\">El material audiovisual que se dise\u00f1\u00f3 (video instruccional) se realiz\u00f3 a trav\u00e9s de las siguientes etapas: <\/span><span style=\"font-weight: 400;\">Diagn\u00f3stico de necesidades:<\/span><span style=\"font-weight: 400;\"> se realiz\u00f3 un an\u00e1lisis de los contenidos de la unidad a intervenir.\u00a0 <\/span><span style=\"font-weight: 400;\">Dise\u00f1o de la intervenci\u00f3n:<\/span><span style=\"font-weight: 400;\"> se consider\u00f3 crear material audiovisual e implementar Flipped Learning. <\/span><span style=\"font-weight: 400;\">Generaci\u00f3n de material audiovisual<\/span><span style=\"font-weight: 400;\"> La docente Tah\u00eda Montoya demostr\u00f3 mediante el uso de una pizarra interactiva, la forma de calcular los puntajes e interpretar el diagn\u00f3stico. <\/span><span style=\"font-weight: 400;\">Evaluaci\u00f3n de la intervenci\u00f3n<\/span><span style=\"font-weight: 400;\"> se compararon los resultados de un test de salida de EEDP. <\/span><span style=\"font-weight: 400;\">Cierre y difusi\u00f3n del proyecto.<\/span><\/p><\/div>\n\t\t\t\t<\/div>\n\t\t\t\t\t\t\t<div class=\"elementor-accordion-item\">\n\t\t\t\t\t<div id=\"elementor-tab-title-9575\" class=\"elementor-tab-title\" data-tab=\"5\" role=\"tab\" aria-controls=\"elementor-tab-content-9575\" aria-expanded=\"false\">\n\t\t\t\t\t\t\t\t\t\t\t\t\t<span class=\"elementor-accordion-icon elementor-accordion-icon-left\" aria-hidden=\"true\">\n\t\t\t\t\t\t\t\t\t\t\t\t\t\t\t<i class=\"elementor-accordion-icon-closed fa fa-plus\"><\/i>\n\t\t\t\t\t\t\t\t<i class=\"elementor-accordion-icon-opened fa fa-minus\"><\/i>\n\t\t\t\t\t\t\t\t\t\t\t\t\t\t<\/span>\n\t\t\t\t\t\t\t\t\t\t\t\t<a class=\"elementor-accordion-title\" href=\"\">Logros<\/a>\n\t\t\t\t\t<\/div>\n\t\t\t\t\t<div id=\"elementor-tab-content-9575\" class=\"elementor-tab-content elementor-clearfix\" data-tab=\"5\" role=\"tabpanel\" aria-labelledby=\"elementor-tab-title-9575\"><p><span style=\"font-weight: 400;\">Durante el segundo semestre 2019, el material fue subido con una semana de anticipaci\u00f3n a la plataforma del curso, pudiendo ser revisado por 36 estudiantes antes de la clase programada. Durante la clase, se coment\u00f3 el video y se revisaron los ejercicios descritos en el manual explicativo.\u00a0 Al finalizar la clase, se aplic\u00f3 un test de salida, cuyos resultados promedio fueron significativamente mayores a lo alcanzado en el segundo semestre del 2018, bajo las condiciones de clases expositivas (sin la intervenci\u00f3n propuesta) ([2018: promedio nota curso=5,09 (n=41) (IC 95%4,78-5,40) v\/s 2019: promedio nota curso (n=33) 5,61 (IC95% 5,20-6,02)] p=0,04).<\/span><\/p><\/div>\n\t\t\t\t<\/div>\n\t\t\t\t\t\t\t\t<\/div>\n\t\t\t\t<\/div>\n\t\t\t\t<\/div>\n\t\t\t\t\t\t<\/div>\n\t\t\t\t\t<\/div>\n\t\t<\/div>\n\t\t\t\t<div class=\"elementor-column elementor-col-33 elementor-top-column elementor-element elementor-element-23b2f76c\" data-id=\"23b2f76c\" data-element_type=\"column\">\n\t\t\t<div class=\"elementor-column-wrap elementor-element-populated\">\n\t\t\t\t\t\t\t<div class=\"elementor-widget-wrap\">\n\t\t\t\t\t\t<div class=\"elementor-element elementor-element-2d004095 elementor-arrows-position-inside elementor-pagination-position-outside elementor-widget elementor-widget-image-carousel\" data-id=\"2d004095\" data-element_type=\"widget\" data-settings=\"{&quot;slides_to_show&quot;:&quot;1&quot;,&quot;navigation&quot;:&quot;both&quot;,&quot;autoplay&quot;:&quot;yes&quot;,&quot;pause_on_hover&quot;:&quot;yes&quot;,&quot;pause_on_interaction&quot;:&quot;yes&quot;,&quot;autoplay_speed&quot;:5000,&quot;infinite&quot;:&quot;yes&quot;,&quot;effect&quot;:&quot;slide&quot;,&quot;speed&quot;:500}\" data-widget_type=\"image-carousel.default\">\n\t\t\t\t<div class=\"elementor-widget-container\">\n\t\t\t\t\t<div class=\"elementor-image-carousel-wrapper swiper-container\" dir=\"ltr\">\n\t\t\t<div class=\"elementor-image-carousel swiper-wrapper\">\n\t\t\t\t\t\t\t\t<div class=\"swiper-slide\"><figure class=\"swiper-slide-inner\"><img class=\"swiper-slide-image\" src=\"https:\/\/recursoscid.udd.cl\/wp-content\/uploads\/2021\/10\/2019-RECURSOS-SCL-MEDICINA-02_1.jpg\" alt=\"2019-RECURSOS-SCL-MEDICINA-02_1\" \/><\/figure><\/div>\t\t\t<\/div>\n\t\t\t\t\t<\/div>\n\t\t\t\t<\/div>\n\t\t\t\t<\/div>\n\t\t\t\t\t\t<\/div>\n\t\t\t\t\t<\/div>\n\t\t<\/div>\n\t\t\t\t\t\t\t\t<\/div>\n\t\t\t\t\t<\/div>\n\t\t<\/section>\n\t\t\t\t\t\t\t\t\t<\/div>\n\t\t\t<\/div>\n\t\t\t\t\t<\/div>\n\t\t","protected":false},"excerpt":{"rendered":"<p>Este proyecto de innovaci\u00f3n busc\u00f3 producir un recurso audiovisual junto con un manual pedag\u00f3gico explicativo que aborde contenido te\u00f3ricos y pr\u00e1cticos de la evaluaci\u00f3n del desarrollo psicomotor en ni\u00f1os y [&hellip;]<\/p>\n","protected":false},"author":1,"featured_media":556,"menu_order":0,"comment_status":"closed","ping_status":"closed","template":"","format":"standard","meta":[],"categories":[25,23,15,5],"tags":[],"_links":{"self":[{"href":"https:\/\/recursoscid.udd.cl\/index.php?rest_route=\/wp\/v2\/recursos\/1380"}],"collection":[{"href":"https:\/\/recursoscid.udd.cl\/index.php?rest_route=\/wp\/v2\/recursos"}],"about":[{"href":"https:\/\/recursoscid.udd.cl\/index.php?rest_route=\/wp\/v2\/types\/recursos"}],"author":[{"embeddable":true,"href":"https:\/\/recursoscid.udd.cl\/index.php?rest_route=\/wp\/v2\/users\/1"}],"replies":[{"embeddable":true,"href":"https:\/\/recursoscid.udd.cl\/index.php?rest_route=%2Fwp%2Fv2%2Fcomments&post=1380"}],"version-history":[{"count":4,"href":"https:\/\/recursoscid.udd.cl\/index.php?rest_route=\/wp\/v2\/recursos\/1380\/revisions"}],"predecessor-version":[{"id":1579,"href":"https:\/\/recursoscid.udd.cl\/index.php?rest_route=\/wp\/v2\/recursos\/1380\/revisions\/1579"}],"wp:featuredmedia":[{"embeddable":true,"href":"https:\/\/recursoscid.udd.cl\/index.php?rest_route=\/wp\/v2\/media\/556"}],"wp:attachment":[{"href":"https:\/\/recursoscid.udd.cl\/index.php?rest_route=%2Fwp%2Fv2%2Fmedia&parent=1380"}],"wp:term":[{"taxonomy":"category","embeddable":true,"href":"https:\/\/recursoscid.udd.cl\/index.php?rest_route=%2Fwp%2Fv2%2Fcategories&post=1380"},{"taxonomy":"post_tag","embeddable":true,"href":"https:\/\/recursoscid.udd.cl\/index.php?rest_route=%2Fwp%2Fv2%2Ftags&post=1380"}],"curies":[{"name":"wp","href":"https:\/\/api.w.org\/{rel}","templated":true}]}}