{"id":2946,"date":"2023-06-01T14:13:51","date_gmt":"2023-06-01T14:13:51","guid":{"rendered":"https:\/\/recursoscid.udd.cl\/?post_type=metodol_evaluac&#038;p=2946"},"modified":"2023-06-14T14:04:10","modified_gmt":"2023-06-14T14:04:10","slug":"laboratorio-de-diseno-de-productos-alimenticios","status":"publish","type":"metodol_evaluac","link":"https:\/\/recursoscid.udd.cl\/?metodol_evaluac=laboratorio-de-diseno-de-productos-alimenticios","title":{"rendered":"Laboratorio de Dise\u00f1o de productos alimenticios"},"content":{"rendered":"\t\t<div data-elementor-type=\"wp-post\" data-elementor-id=\"2946\" class=\"elementor elementor-2946\">\n\t\t\t\t\t\t<div class=\"elementor-inner\">\n\t\t\t\t<div class=\"elementor-section-wrap\">\n\t\t\t\t\t\t\t\t\t<section class=\"elementor-section elementor-top-section elementor-element elementor-element-2e02e46e elementor-section-stretched elementor-section-boxed elementor-section-height-default elementor-section-height-default\" data-id=\"2e02e46e\" data-element_type=\"section\" data-settings=\"{&quot;stretch_section&quot;:&quot;section-stretched&quot;}\">\n\t\t\t\t\t\t<div class=\"elementor-container elementor-column-gap-default\">\n\t\t\t\t\t\t\t<div class=\"elementor-row\">\n\t\t\t\t\t<div class=\"elementor-column elementor-col-66 elementor-top-column elementor-element elementor-element-47100ede\" data-id=\"47100ede\" data-element_type=\"column\">\n\t\t\t<div class=\"elementor-column-wrap elementor-element-populated\">\n\t\t\t\t\t\t\t<div class=\"elementor-widget-wrap\">\n\t\t\t\t\t\t<div class=\"elementor-element elementor-element-565d8f1e elementor-widget elementor-widget-text-editor\" data-id=\"565d8f1e\" data-element_type=\"widget\" data-widget_type=\"text-editor.default\">\n\t\t\t\t<div class=\"elementor-widget-container\">\n\t\t\t\t\t\t\t\t<div class=\"elementor-text-editor elementor-clearfix\">\n\t\t\t\t<p>Este proyecto llev\u00f3 a cabo un enfoque interdisciplinario en el laboratorio, donde estudiantes de Dise\u00f1o y Nutrici\u00f3n trabajaron juntos para desarrollar productos alimentarios saludables abordando aspectos productivos e innovaci\u00f3n combinando teor\u00eda y pr\u00e1ctica en un enfoque colaborativo y as\u00ed satisfacer las nuevas demandas del \u00e1mbito alimentario y emprendimiento nacional.\u00a0<\/p>\t\t\t\t\t<\/div>\n\t\t\t\t\t\t<\/div>\n\t\t\t\t<\/div>\n\t\t\t\t\t\t<\/div>\n\t\t\t\t\t<\/div>\n\t\t<\/div>\n\t\t\t\t<div class=\"elementor-column elementor-col-33 elementor-top-column elementor-element elementor-element-21b34a63\" data-id=\"21b34a63\" data-element_type=\"column\">\n\t\t\t<div class=\"elementor-column-wrap elementor-element-populated\">\n\t\t\t\t\t\t\t<div class=\"elementor-widget-wrap\">\n\t\t\t\t\t\t<div class=\"elementor-element elementor-element-76ac56b elementor-view-stacked elementor-shape-circle elementor-mobile-position-top elementor-vertical-align-top elementor-widget elementor-widget-icon-box\" data-id=\"76ac56b\" data-element_type=\"widget\" data-widget_type=\"icon-box.default\">\n\t\t\t\t<div class=\"elementor-widget-container\">\n\t\t\t\t\t<div class=\"elementor-icon-box-wrapper\">\n\t\t\t\t\t\t<div class=\"elementor-icon-box-icon\">\n\t\t\t\t<a class=\"elementor-icon elementor-animation-\" href=\"http:\/\/recursoscid.udd.cl\/wp-content\/uploads\/2023\/06\/Gloria-Diaz-Sagredo-y-Solange-Brevis-2.pdf\" target=\"_blank\">\n\t\t\t\t<i class=\"fa fa-file-pdf-o\" aria-hidden=\"true\"><\/i>\t\t\t\t<\/a>\n\t\t\t<\/div>\n\t\t\t\t\t\t<div class=\"elementor-icon-box-content\">\n\t\t\t\t<h6 class=\"elementor-icon-box-title\">\n\t\t\t\t\t<a href=\"http:\/\/recursoscid.udd.cl\/wp-content\/uploads\/2023\/06\/Gloria-Diaz-Sagredo-y-Solange-Brevis-2.pdf\" target=\"_blank\" >\n\t\t\t\t\t\tDescargar proyecto\t\t\t\t\t<\/a>\n\t\t\t\t<\/h6>\n\t\t\t\t\t\t\t<\/div>\n\t\t<\/div>\n\t\t\t\t<\/div>\n\t\t\t\t<\/div>\n\t\t\t\t\t\t<\/div>\n\t\t\t\t\t<\/div>\n\t\t<\/div>\n\t\t\t\t\t\t\t\t<\/div>\n\t\t\t\t\t<\/div>\n\t\t<\/section>\n\t\t\t\t<section class=\"elementor-section elementor-top-section elementor-element elementor-element-2e69d7e0 elementor-section-stretched elementor-section-boxed elementor-section-height-default elementor-section-height-default\" data-id=\"2e69d7e0\" data-element_type=\"section\" data-settings=\"{&quot;stretch_section&quot;:&quot;section-stretched&quot;}\">\n\t\t\t\t\t\t<div class=\"elementor-container elementor-column-gap-default\">\n\t\t\t\t\t\t\t<div class=\"elementor-row\">\n\t\t\t\t\t<div class=\"elementor-column elementor-col-66 elementor-top-column elementor-element elementor-element-689e521c\" data-id=\"689e521c\" data-element_type=\"column\">\n\t\t\t<div class=\"elementor-column-wrap elementor-element-populated\">\n\t\t\t\t\t\t\t<div class=\"elementor-widget-wrap\">\n\t\t\t\t\t\t<div class=\"elementor-element elementor-element-2fb4e196 elementor-widget elementor-widget-accordion\" data-id=\"2fb4e196\" data-element_type=\"widget\" data-widget_type=\"accordion.default\">\n\t\t\t\t<div class=\"elementor-widget-container\">\n\t\t\t\t\t<div class=\"elementor-accordion\" role=\"tablist\">\n\t\t\t\t\t\t\t<div class=\"elementor-accordion-item\">\n\t\t\t\t\t<div id=\"elementor-tab-title-8001\" class=\"elementor-tab-title\" data-tab=\"1\" role=\"tab\" aria-controls=\"elementor-tab-content-8001\" aria-expanded=\"false\">\n\t\t\t\t\t\t\t\t\t\t\t\t\t<span class=\"elementor-accordion-icon elementor-accordion-icon-left\" aria-hidden=\"true\">\n\t\t\t\t\t\t\t\t\t\t\t\t\t\t\t<i class=\"elementor-accordion-icon-closed fa fa-plus\"><\/i>\n\t\t\t\t\t\t\t\t<i class=\"elementor-accordion-icon-opened fa fa-minus\"><\/i>\n\t\t\t\t\t\t\t\t\t\t\t\t\t\t<\/span>\n\t\t\t\t\t\t\t\t\t\t\t\t<a class=\"elementor-accordion-title\" href=\"\">Informaci\u00f3n del proyecto<\/a>\n\t\t\t\t\t<\/div>\n\t\t\t\t\t<div id=\"elementor-tab-content-8001\" class=\"elementor-tab-content elementor-clearfix\" data-tab=\"1\" role=\"tabpanel\" aria-labelledby=\"elementor-tab-title-8001\"><p><strong>Facultad:<\/strong> Facultad de Medicina y Facultad de Dise\u00f1o.<br \/><strong>Carreras:<\/strong> Nutrici\u00f3n y Diet\u00e9tica, Dise\u00f1o Gr\u00e1fico, Dise\u00f1o de Interacci\u00f3n Digital y Dise\u00f1o de Espacios y Objetos.<br \/><strong>Sede:<\/strong> Santiago.<br \/><strong>Asignatura:<\/strong> Laboratorio Interdisciplinario de Dise\u00f1o de Productos Alimenticios.<br \/><strong>Docentes responsables:<\/strong> Gloria D\u00edaz Sagredo y Solange Brevis.<br \/><strong>Concurso:<\/strong> 2020-2\u00a0 \u00a0 \u00a0 \u00a0 \u00a0 \u00a0 \u00a0 \u00a0<\/p><\/div>\n\t\t\t\t<\/div>\n\t\t\t\t\t\t\t<div class=\"elementor-accordion-item\">\n\t\t\t\t\t<div id=\"elementor-tab-title-8002\" class=\"elementor-tab-title\" data-tab=\"2\" role=\"tab\" aria-controls=\"elementor-tab-content-8002\" aria-expanded=\"false\">\n\t\t\t\t\t\t\t\t\t\t\t\t\t<span class=\"elementor-accordion-icon elementor-accordion-icon-left\" aria-hidden=\"true\">\n\t\t\t\t\t\t\t\t\t\t\t\t\t\t\t<i class=\"elementor-accordion-icon-closed fa fa-plus\"><\/i>\n\t\t\t\t\t\t\t\t<i class=\"elementor-accordion-icon-opened fa fa-minus\"><\/i>\n\t\t\t\t\t\t\t\t\t\t\t\t\t\t<\/span>\n\t\t\t\t\t\t\t\t\t\t\t\t<a class=\"elementor-accordion-title\" href=\"\">Problem\u00e1tica que aborda<\/a>\n\t\t\t\t\t<\/div>\n\t\t\t\t\t<div id=\"elementor-tab-content-8002\" class=\"elementor-tab-content elementor-clearfix\" data-tab=\"2\" role=\"tabpanel\" aria-labelledby=\"elementor-tab-title-8002\"><p>En el marco del proyecto educativo UDD Futuro, se identific\u00f3 la necesidad de crear espacios acad\u00e9micos que fomenten el desarrollo de habilidades y competencias para enfrentar los desaf\u00edos del siglo XXI.<\/p><\/div>\n\t\t\t\t<\/div>\n\t\t\t\t\t\t\t<div class=\"elementor-accordion-item\">\n\t\t\t\t\t<div id=\"elementor-tab-title-8003\" class=\"elementor-tab-title\" data-tab=\"3\" role=\"tab\" aria-controls=\"elementor-tab-content-8003\" aria-expanded=\"false\">\n\t\t\t\t\t\t\t\t\t\t\t\t\t<span class=\"elementor-accordion-icon elementor-accordion-icon-left\" aria-hidden=\"true\">\n\t\t\t\t\t\t\t\t\t\t\t\t\t\t\t<i class=\"elementor-accordion-icon-closed fa fa-plus\"><\/i>\n\t\t\t\t\t\t\t\t<i class=\"elementor-accordion-icon-opened fa fa-minus\"><\/i>\n\t\t\t\t\t\t\t\t\t\t\t\t\t\t<\/span>\n\t\t\t\t\t\t\t\t\t\t\t\t<a class=\"elementor-accordion-title\" href=\"\">Objetivos<\/a>\n\t\t\t\t\t<\/div>\n\t\t\t\t\t<div id=\"elementor-tab-content-8003\" class=\"elementor-tab-content elementor-clearfix\" data-tab=\"3\" role=\"tabpanel\" aria-labelledby=\"elementor-tab-title-8003\"><p>Dise\u00f1ar un producto alimenticio, mediante la ejecuci\u00f3n de un proyecto en conjunto entre las carreras de Dise\u00f1o y Nutrici\u00f3n y Diet\u00e9tica, con el fin de diversificar la oferta de productos y experiencias alimentarias saludables en Chile.<\/p><\/div>\n\t\t\t\t<\/div>\n\t\t\t\t\t\t\t<div class=\"elementor-accordion-item\">\n\t\t\t\t\t<div id=\"elementor-tab-title-8004\" class=\"elementor-tab-title\" data-tab=\"4\" role=\"tab\" aria-controls=\"elementor-tab-content-8004\" aria-expanded=\"false\">\n\t\t\t\t\t\t\t\t\t\t\t\t\t<span class=\"elementor-accordion-icon elementor-accordion-icon-left\" aria-hidden=\"true\">\n\t\t\t\t\t\t\t\t\t\t\t\t\t\t\t<i class=\"elementor-accordion-icon-closed fa fa-plus\"><\/i>\n\t\t\t\t\t\t\t\t<i class=\"elementor-accordion-icon-opened fa fa-minus\"><\/i>\n\t\t\t\t\t\t\t\t\t\t\t\t\t\t<\/span>\n\t\t\t\t\t\t\t\t\t\t\t\t<a class=\"elementor-accordion-title\" href=\"\">Implementaci\u00f3n<\/a>\n\t\t\t\t\t<\/div>\n\t\t\t\t\t<div id=\"elementor-tab-content-8004\" class=\"elementor-tab-content elementor-clearfix\" data-tab=\"4\" role=\"tabpanel\" aria-labelledby=\"elementor-tab-title-8004\"><p>Se utiliz\u00f3 la metodolog\u00eda \u00abDoble Diamante\u00bb del Design Council, que consta de cuatro etapas del proceso de dise\u00f1o. Esto permiti\u00f3 abordar desaf\u00edos relacionados con la producci\u00f3n de alimentos y sistemas de envases, as\u00ed como mejorar la experiencia de las personas con alimentos saludables procesados. El enfoque conjunto de dise\u00f1o y nutrici\u00f3n fue fundamental para impulsar la innovaci\u00f3n en la industria y promover el consumo de alimentos saludables.<\/p><\/div>\n\t\t\t\t<\/div>\n\t\t\t\t\t\t\t<div class=\"elementor-accordion-item\">\n\t\t\t\t\t<div id=\"elementor-tab-title-8005\" class=\"elementor-tab-title\" data-tab=\"5\" role=\"tab\" aria-controls=\"elementor-tab-content-8005\" aria-expanded=\"false\">\n\t\t\t\t\t\t\t\t\t\t\t\t\t<span class=\"elementor-accordion-icon elementor-accordion-icon-left\" aria-hidden=\"true\">\n\t\t\t\t\t\t\t\t\t\t\t\t\t\t\t<i class=\"elementor-accordion-icon-closed fa fa-plus\"><\/i>\n\t\t\t\t\t\t\t\t<i class=\"elementor-accordion-icon-opened fa fa-minus\"><\/i>\n\t\t\t\t\t\t\t\t\t\t\t\t\t\t<\/span>\n\t\t\t\t\t\t\t\t\t\t\t\t<a class=\"elementor-accordion-title\" href=\"\">Logros<\/a>\n\t\t\t\t\t<\/div>\n\t\t\t\t\t<div id=\"elementor-tab-content-8005\" class=\"elementor-tab-content elementor-clearfix\" data-tab=\"5\" role=\"tabpanel\" aria-labelledby=\"elementor-tab-title-8005\"><p>Se crearon seis nuevos productos alimenticios que abarcan desde legumbres para ni\u00f1os selectivos hasta helado fortificado para madres con hijos al\u00e9rgicos a la leche de vaca, ofreciendo opciones nutricionales diversas y experiencias educativas.<\/p><ul><li>Curulis<\/li><li>Tookie&#8217;s<\/li><li>Durvi<\/li><li>Kawi<\/li><li>Rukaflex<\/li><li>Nomu<\/li><\/ul><\/div>\n\t\t\t\t<\/div>\n\t\t\t\t\t\t\t\t<\/div>\n\t\t\t\t<\/div>\n\t\t\t\t<\/div>\n\t\t\t\t\t\t<\/div>\n\t\t\t\t\t<\/div>\n\t\t<\/div>\n\t\t\t\t<div class=\"elementor-column elementor-col-33 elementor-top-column elementor-element elementor-element-2e2963bb\" data-id=\"2e2963bb\" data-element_type=\"column\">\n\t\t\t<div class=\"elementor-column-wrap elementor-element-populated\">\n\t\t\t\t\t\t\t<div class=\"elementor-widget-wrap\">\n\t\t\t\t\t\t<div class=\"elementor-element elementor-element-4a4dfb38 elementor-arrows-position-inside elementor-pagination-position-outside elementor-widget elementor-widget-image-carousel\" data-id=\"4a4dfb38\" data-element_type=\"widget\" data-settings=\"{&quot;slides_to_show&quot;:&quot;1&quot;,&quot;navigation&quot;:&quot;both&quot;,&quot;autoplay&quot;:&quot;yes&quot;,&quot;pause_on_hover&quot;:&quot;yes&quot;,&quot;pause_on_interaction&quot;:&quot;yes&quot;,&quot;autoplay_speed&quot;:5000,&quot;infinite&quot;:&quot;yes&quot;,&quot;effect&quot;:&quot;slide&quot;,&quot;speed&quot;:500}\" data-widget_type=\"image-carousel.default\">\n\t\t\t\t<div class=\"elementor-widget-container\">\n\t\t\t\t\t<div class=\"elementor-image-carousel-wrapper swiper-container\" dir=\"ltr\">\n\t\t\t<div class=\"elementor-image-carousel swiper-wrapper\">\n\t\t\t\t\t\t\t\t<div class=\"swiper-slide\"><figure class=\"swiper-slide-inner\"><img class=\"swiper-slide-image\" src=\"https:\/\/recursoscid.udd.cl\/wp-content\/uploads\/2023\/06\/diaz_2020.png\" alt=\"diaz_2020\" \/><\/figure><\/div>\t\t\t<\/div>\n\t\t\t\t\t<\/div>\n\t\t\t\t<\/div>\n\t\t\t\t<\/div>\n\t\t\t\t\t\t<\/div>\n\t\t\t\t\t<\/div>\n\t\t<\/div>\n\t\t\t\t\t\t\t\t<\/div>\n\t\t\t\t\t<\/div>\n\t\t<\/section>\n\t\t\t\t\t\t\t\t\t<\/div>\n\t\t\t<\/div>\n\t\t\t\t\t<\/div>\n\t\t","protected":false},"excerpt":{"rendered":"<p>Este proyecto llev\u00f3 a cabo un enfoque interdisciplinario en el laboratorio, donde estudiantes de Dise\u00f1o y Nutrici\u00f3n trabajaron juntos para desarrollar productos alimentarios saludables abordando aspectos productivos e innovaci\u00f3n combinando [&hellip;]<\/p>\n","protected":false},"author":2,"featured_media":556,"menu_order":0,"comment_status":"closed","ping_status":"open","template":"","format":"standard","meta":[],"categories":[26,11,24,15,5],"tags":[],"_links":{"self":[{"href":"https:\/\/recursoscid.udd.cl\/index.php?rest_route=\/wp\/v2\/metodol_evaluac\/2946"}],"collection":[{"href":"https:\/\/recursoscid.udd.cl\/index.php?rest_route=\/wp\/v2\/metodol_evaluac"}],"about":[{"href":"https:\/\/recursoscid.udd.cl\/index.php?rest_route=\/wp\/v2\/types\/metodol_evaluac"}],"author":[{"embeddable":true,"href":"https:\/\/recursoscid.udd.cl\/index.php?rest_route=\/wp\/v2\/users\/2"}],"replies":[{"embeddable":true,"href":"https:\/\/recursoscid.udd.cl\/index.php?rest_route=%2Fwp%2Fv2%2Fcomments&post=2946"}],"version-history":[{"count":15,"href":"https:\/\/recursoscid.udd.cl\/index.php?rest_route=\/wp\/v2\/metodol_evaluac\/2946\/revisions"}],"predecessor-version":[{"id":3648,"href":"https:\/\/recursoscid.udd.cl\/index.php?rest_route=\/wp\/v2\/metodol_evaluac\/2946\/revisions\/3648"}],"wp:featuredmedia":[{"embeddable":true,"href":"https:\/\/recursoscid.udd.cl\/index.php?rest_route=\/wp\/v2\/media\/556"}],"wp:attachment":[{"href":"https:\/\/recursoscid.udd.cl\/index.php?rest_route=%2Fwp%2Fv2%2Fmedia&parent=2946"}],"wp:term":[{"taxonomy":"category","embeddable":true,"href":"https:\/\/recursoscid.udd.cl\/index.php?rest_route=%2Fwp%2Fv2%2Fcategories&post=2946"},{"taxonomy":"post_tag","embeddable":true,"href":"https:\/\/recursoscid.udd.cl\/index.php?rest_route=%2Fwp%2Fv2%2Ftags&post=2946"}],"curies":[{"name":"wp","href":"https:\/\/api.w.org\/{rel}","templated":true}]}}