{"id":2822,"date":"2023-05-31T12:36:33","date_gmt":"2023-05-31T12:36:33","guid":{"rendered":"https:\/\/recursoscid.udd.cl\/?post_type=metodol_evaluac&#038;p=2822"},"modified":"2023-06-14T13:58:39","modified_gmt":"2023-06-14T13:58:39","slug":"mejorando-la-comunicacion-y-sentido-de-pertenencia-en-periodo-de-pandemia-en-estudiantes-de-primer-ano","status":"publish","type":"metodol_evaluac","link":"https:\/\/recursoscid.udd.cl\/?metodol_evaluac=mejorando-la-comunicacion-y-sentido-de-pertenencia-en-periodo-de-pandemia-en-estudiantes-de-primer-ano","title":{"rendered":"Mejorando la comunicaci\u00f3n y sentido de pertenencia, en periodo de pandemia en estudiantes de primer a\u00f1o"},"content":{"rendered":"\t\t<div data-elementor-type=\"wp-post\" data-elementor-id=\"2822\" class=\"elementor elementor-2822\">\n\t\t\t\t\t\t<div class=\"elementor-inner\">\n\t\t\t\t<div class=\"elementor-section-wrap\">\n\t\t\t\t\t\t\t\t\t<section class=\"elementor-section elementor-top-section elementor-element elementor-element-479aecab elementor-section-stretched elementor-section-boxed elementor-section-height-default elementor-section-height-default\" data-id=\"479aecab\" data-element_type=\"section\" data-settings=\"{&quot;stretch_section&quot;:&quot;section-stretched&quot;}\">\n\t\t\t\t\t\t<div class=\"elementor-container elementor-column-gap-default\">\n\t\t\t\t\t\t\t<div class=\"elementor-row\">\n\t\t\t\t\t<div class=\"elementor-column elementor-col-66 elementor-top-column elementor-element elementor-element-1967ed22\" data-id=\"1967ed22\" data-element_type=\"column\">\n\t\t\t<div class=\"elementor-column-wrap elementor-element-populated\">\n\t\t\t\t\t\t\t<div class=\"elementor-widget-wrap\">\n\t\t\t\t\t\t<div class=\"elementor-element elementor-element-6d83f40e elementor-widget elementor-widget-text-editor\" data-id=\"6d83f40e\" data-element_type=\"widget\" data-widget_type=\"text-editor.default\">\n\t\t\t\t<div class=\"elementor-widget-container\">\n\t\t\t\t\t\t\t\t<div class=\"elementor-text-editor elementor-clearfix\">\n\t\t\t\t<p>Este proyecto busc\u00f3 combatir los efectos negativos que la pandemia trajo, pretende ampliar el papel del profesor como apoyo acad\u00e9mico y emocional, mejorando la calidad de la comunicaci\u00f3n y el sentido de pertenencia es crucial, especialmente en un curso de primer a\u00f1o con interacciones virtuales.<\/p>\t\t\t\t\t<\/div>\n\t\t\t\t\t\t<\/div>\n\t\t\t\t<\/div>\n\t\t\t\t\t\t<\/div>\n\t\t\t\t\t<\/div>\n\t\t<\/div>\n\t\t\t\t<div class=\"elementor-column elementor-col-33 elementor-top-column elementor-element elementor-element-7cfe1fa4\" data-id=\"7cfe1fa4\" data-element_type=\"column\">\n\t\t\t<div class=\"elementor-column-wrap elementor-element-populated\">\n\t\t\t\t\t\t\t<div class=\"elementor-widget-wrap\">\n\t\t\t\t\t\t<div class=\"elementor-element elementor-element-162bb7dc elementor-view-stacked elementor-shape-circle elementor-mobile-position-top elementor-vertical-align-top elementor-widget elementor-widget-icon-box\" data-id=\"162bb7dc\" data-element_type=\"widget\" data-widget_type=\"icon-box.default\">\n\t\t\t\t<div class=\"elementor-widget-container\">\n\t\t\t\t\t<div class=\"elementor-icon-box-wrapper\">\n\t\t\t\t\t\t<div class=\"elementor-icon-box-icon\">\n\t\t\t\t<a class=\"elementor-icon elementor-animation-\" href=\"http:\/\/recursoscid.udd.cl\/wp-content\/uploads\/2023\/05\/Elizabeth-Venegas-Arias.pdf\" target=\"_blank\">\n\t\t\t\t<i class=\"fa fa-file-pdf-o\" aria-hidden=\"true\"><\/i>\t\t\t\t<\/a>\n\t\t\t<\/div>\n\t\t\t\t\t\t<div class=\"elementor-icon-box-content\">\n\t\t\t\t<h6 class=\"elementor-icon-box-title\">\n\t\t\t\t\t<a href=\"http:\/\/recursoscid.udd.cl\/wp-content\/uploads\/2023\/05\/Elizabeth-Venegas-Arias.pdf\" target=\"_blank\" >\n\t\t\t\t\t\tDescargar proyecto\t\t\t\t\t<\/a>\n\t\t\t\t<\/h6>\n\t\t\t\t\t\t\t<\/div>\n\t\t<\/div>\n\t\t\t\t<\/div>\n\t\t\t\t<\/div>\n\t\t\t\t\t\t<\/div>\n\t\t\t\t\t<\/div>\n\t\t<\/div>\n\t\t\t\t\t\t\t\t<\/div>\n\t\t\t\t\t<\/div>\n\t\t<\/section>\n\t\t\t\t<section class=\"elementor-section elementor-top-section elementor-element elementor-element-2ea0245c elementor-section-stretched elementor-section-boxed elementor-section-height-default elementor-section-height-default\" data-id=\"2ea0245c\" data-element_type=\"section\" data-settings=\"{&quot;stretch_section&quot;:&quot;section-stretched&quot;}\">\n\t\t\t\t\t\t<div class=\"elementor-container elementor-column-gap-default\">\n\t\t\t\t\t\t\t<div class=\"elementor-row\">\n\t\t\t\t\t<div class=\"elementor-column elementor-col-66 elementor-top-column elementor-element elementor-element-4ffcb777\" data-id=\"4ffcb777\" data-element_type=\"column\">\n\t\t\t<div class=\"elementor-column-wrap elementor-element-populated\">\n\t\t\t\t\t\t\t<div class=\"elementor-widget-wrap\">\n\t\t\t\t\t\t<div class=\"elementor-element elementor-element-15d4175a elementor-widget elementor-widget-accordion\" data-id=\"15d4175a\" data-element_type=\"widget\" data-widget_type=\"accordion.default\">\n\t\t\t\t<div class=\"elementor-widget-container\">\n\t\t\t\t\t<div class=\"elementor-accordion\" role=\"tablist\">\n\t\t\t\t\t\t\t<div class=\"elementor-accordion-item\">\n\t\t\t\t\t<div id=\"elementor-tab-title-3661\" class=\"elementor-tab-title\" data-tab=\"1\" role=\"tab\" aria-controls=\"elementor-tab-content-3661\" aria-expanded=\"false\">\n\t\t\t\t\t\t\t\t\t\t\t\t\t<span class=\"elementor-accordion-icon elementor-accordion-icon-left\" aria-hidden=\"true\">\n\t\t\t\t\t\t\t\t\t\t\t\t\t\t\t<i class=\"elementor-accordion-icon-closed fa fa-plus\"><\/i>\n\t\t\t\t\t\t\t\t<i class=\"elementor-accordion-icon-opened fa fa-minus\"><\/i>\n\t\t\t\t\t\t\t\t\t\t\t\t\t\t<\/span>\n\t\t\t\t\t\t\t\t\t\t\t\t<a class=\"elementor-accordion-title\" href=\"\">Informaci\u00f3n del proyecto<\/a>\n\t\t\t\t\t<\/div>\n\t\t\t\t\t<div id=\"elementor-tab-content-3661\" class=\"elementor-tab-content elementor-clearfix\" data-tab=\"1\" role=\"tabpanel\" aria-labelledby=\"elementor-tab-title-3661\"><p><strong>Facultad:<\/strong>\u00a0Ciencias de la Salud.<br \/><strong>Carrera:<\/strong> Nutrici\u00f3n y Diet\u00e9tica.<br \/><strong>Sede:<\/strong> Concepci\u00f3n.<br \/><strong>Asignatura:<\/strong> Bioqu\u00edmica Nutricional I.<br \/><strong>Docente responsable:<\/strong> Elizabeth Venegas Arias.<br \/><strong>Docente colaborador:<\/strong> Patricia Pastor Fa\u00fandez.<br \/><strong>Concurso:<\/strong> 2020-2\u00a0 \u00a0 \u00a0 \u00a0 \u00a0 \u00a0 \u00a0 \u00a0<\/p><\/div>\n\t\t\t\t<\/div>\n\t\t\t\t\t\t\t<div class=\"elementor-accordion-item\">\n\t\t\t\t\t<div id=\"elementor-tab-title-3662\" class=\"elementor-tab-title\" data-tab=\"2\" role=\"tab\" aria-controls=\"elementor-tab-content-3662\" aria-expanded=\"false\">\n\t\t\t\t\t\t\t\t\t\t\t\t\t<span class=\"elementor-accordion-icon elementor-accordion-icon-left\" aria-hidden=\"true\">\n\t\t\t\t\t\t\t\t\t\t\t\t\t\t\t<i class=\"elementor-accordion-icon-closed fa fa-plus\"><\/i>\n\t\t\t\t\t\t\t\t<i class=\"elementor-accordion-icon-opened fa fa-minus\"><\/i>\n\t\t\t\t\t\t\t\t\t\t\t\t\t\t<\/span>\n\t\t\t\t\t\t\t\t\t\t\t\t<a class=\"elementor-accordion-title\" href=\"\">Problem\u00e1tica que aborda<\/a>\n\t\t\t\t\t<\/div>\n\t\t\t\t\t<div id=\"elementor-tab-content-3662\" class=\"elementor-tab-content elementor-clearfix\" data-tab=\"2\" role=\"tabpanel\" aria-labelledby=\"elementor-tab-title-3662\"><p>La pandemia gener\u00f3 un constante estr\u00e9s en los estudiantes, lo que ha tenido un impacto en su bienestar emocional y social. En este contexto, los profesores asumieron un papel fundamental como apoyo tanto acad\u00e9mico como psicol\u00f3gico para los alumnos. Por lo tanto, surgi\u00f3 la necesidad de mejorar la calidad de la comunicaci\u00f3n y el sentido de pertenencia en la asignatura, carrera y universidad.<\/p><\/div>\n\t\t\t\t<\/div>\n\t\t\t\t\t\t\t<div class=\"elementor-accordion-item\">\n\t\t\t\t\t<div id=\"elementor-tab-title-3663\" class=\"elementor-tab-title\" data-tab=\"3\" role=\"tab\" aria-controls=\"elementor-tab-content-3663\" aria-expanded=\"false\">\n\t\t\t\t\t\t\t\t\t\t\t\t\t<span class=\"elementor-accordion-icon elementor-accordion-icon-left\" aria-hidden=\"true\">\n\t\t\t\t\t\t\t\t\t\t\t\t\t\t\t<i class=\"elementor-accordion-icon-closed fa fa-plus\"><\/i>\n\t\t\t\t\t\t\t\t<i class=\"elementor-accordion-icon-opened fa fa-minus\"><\/i>\n\t\t\t\t\t\t\t\t\t\t\t\t\t\t<\/span>\n\t\t\t\t\t\t\t\t\t\t\t\t<a class=\"elementor-accordion-title\" href=\"\">Objetivos<\/a>\n\t\t\t\t\t<\/div>\n\t\t\t\t\t<div id=\"elementor-tab-content-3663\" class=\"elementor-tab-content elementor-clearfix\" data-tab=\"3\" role=\"tabpanel\" aria-labelledby=\"elementor-tab-title-3663\"><p>Desarrollar una estrategia de vinculaci\u00f3n con estudiantes, fomentando la comunicaci\u00f3n y sentido de pertenencia, en periodo de pandemia, en alumnos de primer a\u00f1o de carrera, que cursan la asignatura de Bioqu\u00edmica Nutricional I.<\/p><\/div>\n\t\t\t\t<\/div>\n\t\t\t\t\t\t\t<div class=\"elementor-accordion-item\">\n\t\t\t\t\t<div id=\"elementor-tab-title-3664\" class=\"elementor-tab-title\" data-tab=\"4\" role=\"tab\" aria-controls=\"elementor-tab-content-3664\" aria-expanded=\"false\">\n\t\t\t\t\t\t\t\t\t\t\t\t\t<span class=\"elementor-accordion-icon elementor-accordion-icon-left\" aria-hidden=\"true\">\n\t\t\t\t\t\t\t\t\t\t\t\t\t\t\t<i class=\"elementor-accordion-icon-closed fa fa-plus\"><\/i>\n\t\t\t\t\t\t\t\t<i class=\"elementor-accordion-icon-opened fa fa-minus\"><\/i>\n\t\t\t\t\t\t\t\t\t\t\t\t\t\t<\/span>\n\t\t\t\t\t\t\t\t\t\t\t\t<a class=\"elementor-accordion-title\" href=\"\">Implementaci\u00f3n<\/a>\n\t\t\t\t\t<\/div>\n\t\t\t\t\t<div id=\"elementor-tab-content-3664\" class=\"elementor-tab-content elementor-clearfix\" data-tab=\"4\" role=\"tabpanel\" aria-labelledby=\"elementor-tab-title-3664\"><p>La implementaci\u00f3n tuvo las siguientes etapas:<\/p><ul><li>Bajo el marco del ejercicio acad\u00e9mico de cursar la asignatura, se utilizaron intencionalmente palabras y frases estimulantes en la retroalimentaci\u00f3n de los talleres pr\u00e1cticos con el objetivo es fomentar la motivaci\u00f3n, la autorregulaci\u00f3n y el sentido de pertenencia.<\/li><\/ul><\/div>\n\t\t\t\t<\/div>\n\t\t\t\t\t\t\t<div class=\"elementor-accordion-item\">\n\t\t\t\t\t<div id=\"elementor-tab-title-3665\" class=\"elementor-tab-title\" data-tab=\"5\" role=\"tab\" aria-controls=\"elementor-tab-content-3665\" aria-expanded=\"false\">\n\t\t\t\t\t\t\t\t\t\t\t\t\t<span class=\"elementor-accordion-icon elementor-accordion-icon-left\" aria-hidden=\"true\">\n\t\t\t\t\t\t\t\t\t\t\t\t\t\t\t<i class=\"elementor-accordion-icon-closed fa fa-plus\"><\/i>\n\t\t\t\t\t\t\t\t<i class=\"elementor-accordion-icon-opened fa fa-minus\"><\/i>\n\t\t\t\t\t\t\t\t\t\t\t\t\t\t<\/span>\n\t\t\t\t\t\t\t\t\t\t\t\t<a class=\"elementor-accordion-title\" href=\"\">Logros<\/a>\n\t\t\t\t\t<\/div>\n\t\t\t\t\t<div id=\"elementor-tab-content-3665\" class=\"elementor-tab-content elementor-clearfix\" data-tab=\"5\" role=\"tabpanel\" aria-labelledby=\"elementor-tab-title-3665\"><p>El plan de actividad f\u00edsica individual y colectivo permiti\u00f3 la participaci\u00f3n y foment\u00f3 la integraci\u00f3n y sentido de pertenencia de los estudiantes en el contexto del ambiente afectivo-social, favoreciendo la motivaci\u00f3n y el aprendizaje en los estudiantes.<\/p><\/div>\n\t\t\t\t<\/div>\n\t\t\t\t\t\t\t\t<\/div>\n\t\t\t\t<\/div>\n\t\t\t\t<\/div>\n\t\t\t\t\t\t<\/div>\n\t\t\t\t\t<\/div>\n\t\t<\/div>\n\t\t\t\t<div class=\"elementor-column elementor-col-33 elementor-top-column elementor-element elementor-element-37425b9\" data-id=\"37425b9\" data-element_type=\"column\">\n\t\t\t<div class=\"elementor-column-wrap elementor-element-populated\">\n\t\t\t\t\t\t\t<div class=\"elementor-widget-wrap\">\n\t\t\t\t\t\t<div class=\"elementor-element elementor-element-2635697e elementor-arrows-position-inside elementor-pagination-position-outside elementor-widget elementor-widget-image-carousel\" data-id=\"2635697e\" data-element_type=\"widget\" data-settings=\"{&quot;slides_to_show&quot;:&quot;1&quot;,&quot;navigation&quot;:&quot;both&quot;,&quot;autoplay&quot;:&quot;yes&quot;,&quot;pause_on_hover&quot;:&quot;yes&quot;,&quot;pause_on_interaction&quot;:&quot;yes&quot;,&quot;autoplay_speed&quot;:5000,&quot;infinite&quot;:&quot;yes&quot;,&quot;effect&quot;:&quot;slide&quot;,&quot;speed&quot;:500}\" data-widget_type=\"image-carousel.default\">\n\t\t\t\t<div class=\"elementor-widget-container\">\n\t\t\t\t\t<div class=\"elementor-image-carousel-wrapper swiper-container\" dir=\"ltr\">\n\t\t\t<div class=\"elementor-image-carousel swiper-wrapper\">\n\t\t\t\t\t\t\t\t<div class=\"swiper-slide\"><figure class=\"swiper-slide-inner\"><img class=\"swiper-slide-image\" src=\"https:\/\/recursoscid.udd.cl\/wp-content\/uploads\/2023\/06\/venegas_2020.png\" alt=\"venegas_2020\" \/><\/figure><\/div>\t\t\t<\/div>\n\t\t\t\t\t<\/div>\n\t\t\t\t<\/div>\n\t\t\t\t<\/div>\n\t\t\t\t\t\t<\/div>\n\t\t\t\t\t<\/div>\n\t\t<\/div>\n\t\t\t\t\t\t\t\t<\/div>\n\t\t\t\t\t<\/div>\n\t\t<\/section>\n\t\t\t\t\t\t\t\t\t<\/div>\n\t\t\t<\/div>\n\t\t\t\t\t<\/div>\n\t\t","protected":false},"excerpt":{"rendered":"<p>Este proyecto busc\u00f3 combatir los efectos negativos que la pandemia trajo, pretende ampliar el papel del profesor como apoyo acad\u00e9mico y emocional, mejorando la calidad de la comunicaci\u00f3n y el [&hellip;]<\/p>\n","protected":false},"author":2,"featured_media":556,"menu_order":0,"comment_status":"closed","ping_status":"open","template":"","format":"standard","meta":[],"categories":[26,6,24,15],"tags":[],"_links":{"self":[{"href":"https:\/\/recursoscid.udd.cl\/index.php?rest_route=\/wp\/v2\/metodol_evaluac\/2822"}],"collection":[{"href":"https:\/\/recursoscid.udd.cl\/index.php?rest_route=\/wp\/v2\/metodol_evaluac"}],"about":[{"href":"https:\/\/recursoscid.udd.cl\/index.php?rest_route=\/wp\/v2\/types\/metodol_evaluac"}],"author":[{"embeddable":true,"href":"https:\/\/recursoscid.udd.cl\/index.php?rest_route=\/wp\/v2\/users\/2"}],"replies":[{"embeddable":true,"href":"https:\/\/recursoscid.udd.cl\/index.php?rest_route=%2Fwp%2Fv2%2Fcomments&post=2822"}],"version-history":[{"count":12,"href":"https:\/\/recursoscid.udd.cl\/index.php?rest_route=\/wp\/v2\/metodol_evaluac\/2822\/revisions"}],"predecessor-version":[{"id":3630,"href":"https:\/\/recursoscid.udd.cl\/index.php?rest_route=\/wp\/v2\/metodol_evaluac\/2822\/revisions\/3630"}],"wp:featuredmedia":[{"embeddable":true,"href":"https:\/\/recursoscid.udd.cl\/index.php?rest_route=\/wp\/v2\/media\/556"}],"wp:attachment":[{"href":"https:\/\/recursoscid.udd.cl\/index.php?rest_route=%2Fwp%2Fv2%2Fmedia&parent=2822"}],"wp:term":[{"taxonomy":"category","embeddable":true,"href":"https:\/\/recursoscid.udd.cl\/index.php?rest_route=%2Fwp%2Fv2%2Fcategories&post=2822"},{"taxonomy":"post_tag","embeddable":true,"href":"https:\/\/recursoscid.udd.cl\/index.php?rest_route=%2Fwp%2Fv2%2Ftags&post=2822"}],"curies":[{"name":"wp","href":"https:\/\/api.w.org\/{rel}","templated":true}]}}