{"id":2380,"date":"2022-08-02T14:36:16","date_gmt":"2022-08-02T14:36:16","guid":{"rendered":"https:\/\/recursoscid.udd.cl\/?post_type=metodol_evaluac&#038;p=2380"},"modified":"2022-08-18T17:04:18","modified_gmt":"2022-08-18T17:04:18","slug":"elementor-2380","status":"publish","type":"metodol_evaluac","link":"https:\/\/recursoscid.udd.cl\/?metodol_evaluac=elementor-2380","title":{"rendered":"El blog como herramienta para la evaluaci\u00f3n formativa: potenciando la retroalimentaci\u00f3n, la reflexi\u00f3n y el trabajo colaborativo entre docentes y estudiantes"},"content":{"rendered":"\t\t<div data-elementor-type=\"wp-post\" data-elementor-id=\"2380\" class=\"elementor elementor-2380\">\n\t\t\t\t\t\t<div class=\"elementor-inner\">\n\t\t\t\t<div class=\"elementor-section-wrap\">\n\t\t\t\t\t\t\t\t\t<section class=\"elementor-section elementor-top-section elementor-element elementor-element-4ba3b963 elementor-section-stretched elementor-section-boxed elementor-section-height-default elementor-section-height-default\" data-id=\"4ba3b963\" data-element_type=\"section\" data-settings=\"{&quot;stretch_section&quot;:&quot;section-stretched&quot;}\">\n\t\t\t\t\t\t<div class=\"elementor-container elementor-column-gap-default\">\n\t\t\t\t\t\t\t<div class=\"elementor-row\">\n\t\t\t\t\t<div class=\"elementor-column elementor-col-66 elementor-top-column elementor-element elementor-element-6d6c09ed\" data-id=\"6d6c09ed\" data-element_type=\"column\">\n\t\t\t<div class=\"elementor-column-wrap elementor-element-populated\">\n\t\t\t\t\t\t\t<div class=\"elementor-widget-wrap\">\n\t\t\t\t\t\t<div class=\"elementor-element elementor-element-726df684 elementor-widget elementor-widget-text-editor\" data-id=\"726df684\" data-element_type=\"widget\" data-widget_type=\"text-editor.default\">\n\t\t\t\t<div class=\"elementor-widget-container\">\n\t\t\t\t\t\t\t\t<div class=\"elementor-text-editor elementor-clearfix\">\n\t\t\t\t<p>El presente proyecto nace tras la percepci\u00f3n de los docentes\u00a0Del curso Procesos del Aprendizaje, de la carrera de Psicolog\u00eda, sede Santiago\u00a0respecto a las\u00a0dificultades al momento de realizar innovaciones en la evaluaci\u00f3n de los aprendizajes.\u00a0Tras\u00a0identificarlas se decidi\u00f3 implementar en una nueva evaluaci\u00f3n de los aprendizajes. Espec\u00edficamente a trav\u00e9s de un blog,\u00a0para lograr una mayor eficiencia del proceso evaluativo.<\/p>\t\t\t\t\t<\/div>\n\t\t\t\t\t\t<\/div>\n\t\t\t\t<\/div>\n\t\t\t\t\t\t<\/div>\n\t\t\t\t\t<\/div>\n\t\t<\/div>\n\t\t\t\t<div class=\"elementor-column elementor-col-33 elementor-top-column elementor-element elementor-element-7a93e7b0\" data-id=\"7a93e7b0\" data-element_type=\"column\">\n\t\t\t<div class=\"elementor-column-wrap elementor-element-populated\">\n\t\t\t\t\t\t\t<div class=\"elementor-widget-wrap\">\n\t\t\t\t\t\t<div class=\"elementor-element elementor-element-1b8b7659 elementor-view-stacked elementor-shape-circle elementor-mobile-position-top elementor-vertical-align-top elementor-widget elementor-widget-icon-box\" data-id=\"1b8b7659\" data-element_type=\"widget\" data-widget_type=\"icon-box.default\">\n\t\t\t\t<div class=\"elementor-widget-container\">\n\t\t\t\t\t<div class=\"elementor-icon-box-wrapper\">\n\t\t\t\t\t\t<div class=\"elementor-icon-box-icon\">\n\t\t\t\t<a class=\"elementor-icon elementor-animation-\" href=\"https:\/\/innovaciondocente.udd.cl\/files\/2022\/08\/2020-metodologia-y-evalucion-scl-psicologia-12.pdf\" target=\"_blank\">\n\t\t\t\t<i class=\"fa fa-file-pdf-o\" aria-hidden=\"true\"><\/i>\t\t\t\t<\/a>\n\t\t\t<\/div>\n\t\t\t\t\t\t<div class=\"elementor-icon-box-content\">\n\t\t\t\t<h6 class=\"elementor-icon-box-title\">\n\t\t\t\t\t<a href=\"https:\/\/innovaciondocente.udd.cl\/files\/2022\/08\/2020-metodologia-y-evalucion-scl-psicologia-12.pdf\" target=\"_blank\" >\n\t\t\t\t\t\tDescargar proyecto\t\t\t\t\t<\/a>\n\t\t\t\t<\/h6>\n\t\t\t\t\t\t\t<\/div>\n\t\t<\/div>\n\t\t\t\t<\/div>\n\t\t\t\t<\/div>\n\t\t\t\t\t\t<\/div>\n\t\t\t\t\t<\/div>\n\t\t<\/div>\n\t\t\t\t\t\t\t\t<\/div>\n\t\t\t\t\t<\/div>\n\t\t<\/section>\n\t\t\t\t<section class=\"elementor-section elementor-top-section elementor-element elementor-element-62ee1e84 elementor-section-stretched elementor-section-boxed elementor-section-height-default elementor-section-height-default\" data-id=\"62ee1e84\" data-element_type=\"section\" data-settings=\"{&quot;stretch_section&quot;:&quot;section-stretched&quot;}\">\n\t\t\t\t\t\t<div class=\"elementor-container elementor-column-gap-default\">\n\t\t\t\t\t\t\t<div class=\"elementor-row\">\n\t\t\t\t\t<div class=\"elementor-column elementor-col-66 elementor-top-column elementor-element elementor-element-686e2548\" data-id=\"686e2548\" data-element_type=\"column\">\n\t\t\t<div class=\"elementor-column-wrap elementor-element-populated\">\n\t\t\t\t\t\t\t<div class=\"elementor-widget-wrap\">\n\t\t\t\t\t\t<div class=\"elementor-element elementor-element-55054cc8 elementor-widget elementor-widget-accordion\" data-id=\"55054cc8\" data-element_type=\"widget\" data-widget_type=\"accordion.default\">\n\t\t\t\t<div class=\"elementor-widget-container\">\n\t\t\t\t\t<div class=\"elementor-accordion\" role=\"tablist\">\n\t\t\t\t\t\t\t<div class=\"elementor-accordion-item\">\n\t\t\t\t\t<div id=\"elementor-tab-title-1421\" class=\"elementor-tab-title\" data-tab=\"1\" role=\"tab\" aria-controls=\"elementor-tab-content-1421\" aria-expanded=\"false\">\n\t\t\t\t\t\t\t\t\t\t\t\t\t<span class=\"elementor-accordion-icon elementor-accordion-icon-left\" aria-hidden=\"true\">\n\t\t\t\t\t\t\t\t\t\t\t\t\t\t\t<i class=\"elementor-accordion-icon-closed fa fa-plus\"><\/i>\n\t\t\t\t\t\t\t\t<i class=\"elementor-accordion-icon-opened fa fa-minus\"><\/i>\n\t\t\t\t\t\t\t\t\t\t\t\t\t\t<\/span>\n\t\t\t\t\t\t\t\t\t\t\t\t<a class=\"elementor-accordion-title\" href=\"\">Informaci\u00f3n del proyecto<\/a>\n\t\t\t\t\t<\/div>\n\t\t\t\t\t<div id=\"elementor-tab-content-1421\" class=\"elementor-tab-content elementor-clearfix\" data-tab=\"1\" role=\"tabpanel\" aria-labelledby=\"elementor-tab-title-1421\"><p><strong>Facultad:<\/strong> <span class=\"JsGRdQ\">Psicolog\u00eda<\/span>.<br \/><strong>Carrera:<\/strong> <span class=\"JsGRdQ\">Psicolog\u00eda<\/span>.<br \/><strong>Sedes:<\/strong> Santiago.<br \/><strong>Asignatura:<\/strong> <span class=\"JsGRdQ\">Procesos del Aprendizaje.<\/span><br \/><strong>Docente responsable:<\/strong> <span class=\"JsGRdQ\">Paulina Saez Kifafi<\/span>.<br \/><strong>Estudiante participante:<\/strong> <span class=\"JsGRdQ\">Jos\u00e9 Agust\u00edn Lagos.<\/span><br \/><strong>Concurso:<\/strong> 2020 &#8211; 2<br \/><strong>Beneficiarios:<\/strong> 32 estudiantes.<\/p><\/div>\n\t\t\t\t<\/div>\n\t\t\t\t\t\t\t<div class=\"elementor-accordion-item\">\n\t\t\t\t\t<div id=\"elementor-tab-title-1422\" class=\"elementor-tab-title\" data-tab=\"2\" role=\"tab\" aria-controls=\"elementor-tab-content-1422\" aria-expanded=\"false\">\n\t\t\t\t\t\t\t\t\t\t\t\t\t<span class=\"elementor-accordion-icon elementor-accordion-icon-left\" aria-hidden=\"true\">\n\t\t\t\t\t\t\t\t\t\t\t\t\t\t\t<i class=\"elementor-accordion-icon-closed fa fa-plus\"><\/i>\n\t\t\t\t\t\t\t\t<i class=\"elementor-accordion-icon-opened fa fa-minus\"><\/i>\n\t\t\t\t\t\t\t\t\t\t\t\t\t\t<\/span>\n\t\t\t\t\t\t\t\t\t\t\t\t<a class=\"elementor-accordion-title\" href=\"\">Problem\u00e1tica que aborda<\/a>\n\t\t\t\t\t<\/div>\n\t\t\t\t\t<div id=\"elementor-tab-content-1422\" class=\"elementor-tab-content elementor-clearfix\" data-tab=\"2\" role=\"tabpanel\" aria-labelledby=\"elementor-tab-title-1422\"><p>El curso Procesos del Aprendizaje, tiene como prop\u00f3sito que los estudiantes comprendan los antecedentes hist\u00f3ricos sobre el estudio del proceso de aprendizaje y el desarrollo de la cognici\u00f3n. Y dado a que las estrategias de evaluaci\u00f3n de este deben permitir dar cuenta del logro de competencias y resultados de aprendizaje a nivel gen\u00e9rico y espec\u00edfico se observa la necesidad de complementar la actual estrategia de evaluaci\u00f3n sumativa, que usualmente ha utilizado este curso, con una evaluaci\u00f3n de car\u00e1cter formativo, cuya principal herramienta sea el blog educativo. El proyecto presente busc\u00f3 el uso de un blog como herramienta que potencie la retroalimentaci\u00f3n continua a los estudiantes, promover procesos de reflexi\u00f3n, motivarlos sentirse satisfechos con el proceso de aprendizaje.<\/p><\/div>\n\t\t\t\t<\/div>\n\t\t\t\t\t\t\t<div class=\"elementor-accordion-item\">\n\t\t\t\t\t<div id=\"elementor-tab-title-1423\" class=\"elementor-tab-title\" data-tab=\"3\" role=\"tab\" aria-controls=\"elementor-tab-content-1423\" aria-expanded=\"false\">\n\t\t\t\t\t\t\t\t\t\t\t\t\t<span class=\"elementor-accordion-icon elementor-accordion-icon-left\" aria-hidden=\"true\">\n\t\t\t\t\t\t\t\t\t\t\t\t\t\t\t<i class=\"elementor-accordion-icon-closed fa fa-plus\"><\/i>\n\t\t\t\t\t\t\t\t<i class=\"elementor-accordion-icon-opened fa fa-minus\"><\/i>\n\t\t\t\t\t\t\t\t\t\t\t\t\t\t<\/span>\n\t\t\t\t\t\t\t\t\t\t\t\t<a class=\"elementor-accordion-title\" href=\"\">Objetivos<\/a>\n\t\t\t\t\t<\/div>\n\t\t\t\t\t<div id=\"elementor-tab-content-1423\" class=\"elementor-tab-content elementor-clearfix\" data-tab=\"3\" role=\"tabpanel\" aria-labelledby=\"elementor-tab-title-1423\"><p><strong>Objetivo General:<\/strong><\/p>\n<p>Conocer el potencial del blog como una herramienta de evaluaci\u00f3n formativa, que favorezca la retroalimentaci\u00f3n continua a los estudiantes, genere procesos de reflexi\u00f3n y motive su implicaci\u00f3n, compromiso y satisfacci\u00f3n con el propio proceso de aprendizaje.<\/p>\n<p><strong>Objetivos espec\u00edficos:<\/strong><\/p>\n<ul>\n<li>Acompa\u00f1ar a los estudiantes en el proceso de dise\u00f1o de un blog personal y durante el proceso de producci\u00f3n de entradas, de acuerdo con los contenidos revisados y las competencias y aprendizajes esperados en el desarrollo del curso.<\/li>\n<li>Promover en los estudiantes la generaci\u00f3n de entradas en el blog y la reflexi\u00f3n del contenido posteado a la luz de las tem\u00e1ticas del curso y al propio proceso de aprendizaje.<\/li>\n<li>Entregar retroalimentaci\u00f3n continua a los estudiantes respecto del contenido que generen en el blog y su vinculaci\u00f3n con las principales tem\u00e1ticas y aprendizajes esperados del curso.<\/li>\n<li>Analizar y evaluar la participaci\u00f3n e implicancia de los estudiantes en su propio proceso formativo, a partir del uso del blog como una herramienta para la evaluaci\u00f3n formativa.<\/li>\n<li>Identificar los principales aspectos facilitadores y obstaculizadores en el proceso de implementaci\u00f3n del blog, a partir de la experiencia de los estudiantes, del docente y del ayudante del curso.<\/li>\n<\/ul>\n<p><strong>Objetivos espec\u00edficos:<\/strong><\/p>\n<ul>\n<li>Aportar una alternativa de calidad para que los estudiantes de la Facultad de Comunicaciones\u00a0vivan el aprendizaje interdisciplinario y experiencial.<\/li>\n<li>Implementar un curso piloto que sirva para sacar lecciones para futuras versiones mejoradas y ampliadas a otras carreras, en el contexto del Proyecto Educativo UDD Futuro.<\/li>\n<li>Contar con un repositorio de productos comunicacionales de calidad en torno a una tem\u00e1tica (en este caso la inmigraci\u00f3n), que act\u00fae como vitrina para dar a conocer el trabajo de los estudiantes.<\/li>\n<li>Lograr que los estudiantes reflexionen acerca de un fen\u00f3meno que afecta hoy a importantes sectores de la poblaci\u00f3n y que conozcan distintos conceptos, m\u00e9todos de trabajo y criterios de b\u00fasqueda y selecci\u00f3n de informaci\u00f3n.<\/li>\n<\/ul><\/div>\n\t\t\t\t<\/div>\n\t\t\t\t\t\t\t<div class=\"elementor-accordion-item\">\n\t\t\t\t\t<div id=\"elementor-tab-title-1424\" class=\"elementor-tab-title\" data-tab=\"4\" role=\"tab\" aria-controls=\"elementor-tab-content-1424\" aria-expanded=\"false\">\n\t\t\t\t\t\t\t\t\t\t\t\t\t<span class=\"elementor-accordion-icon elementor-accordion-icon-left\" aria-hidden=\"true\">\n\t\t\t\t\t\t\t\t\t\t\t\t\t\t\t<i class=\"elementor-accordion-icon-closed fa fa-plus\"><\/i>\n\t\t\t\t\t\t\t\t<i class=\"elementor-accordion-icon-opened fa fa-minus\"><\/i>\n\t\t\t\t\t\t\t\t\t\t\t\t\t\t<\/span>\n\t\t\t\t\t\t\t\t\t\t\t\t<a class=\"elementor-accordion-title\" href=\"\">Implementaci\u00f3n<\/a>\n\t\t\t\t\t<\/div>\n\t\t\t\t\t<div id=\"elementor-tab-content-1424\" class=\"elementor-tab-content elementor-clearfix\" data-tab=\"4\" role=\"tabpanel\" aria-labelledby=\"elementor-tab-title-1424\"><p>Se desarroll\u00f3 en tres etapas.<\/p>\n<p><b>Primera etapa: Conocimiento y dise\u00f1o del blog.\u00a0<\/b>Se comparti\u00f3 informaci\u00f3n con los estudiantes respecto del sentido y prop\u00f3sito del blog presentado diferentes. Se invit\u00f3 a los\u00a0 estudiantes a crear una presentaci\u00f3n personal en sus blogs.\u00a0<b>Segunda etapa: Desarrollo de entradas y entrega de feedback individual.\u00a0<\/b>Se entregaron cinco preguntas para activar la reflexi\u00f3n de los estudiantes. Al finalizar cada entrada, la docente entregaba una retroalimentaci\u00f3n completa respecto del contenido de la entrada realizada. Este feedback permiti\u00f3 a los estudiantes identificar sus fortalezas, \u00e1reas de mejora y desaf\u00edos a abordar en la entrada siguiente.\u00a0<b>Tercera etapa: cierre del proyecto. A trav\u00e9s una\u00a0<\/b>encuesta de satisfacci\u00f3n a todos los estudiantes del curso, se recolectaron datos para conocer su opini\u00f3n acerca del proyecto.<\/p><\/div>\n\t\t\t\t<\/div>\n\t\t\t\t\t\t\t<div class=\"elementor-accordion-item\">\n\t\t\t\t\t<div id=\"elementor-tab-title-1425\" class=\"elementor-tab-title\" data-tab=\"5\" role=\"tab\" aria-controls=\"elementor-tab-content-1425\" aria-expanded=\"false\">\n\t\t\t\t\t\t\t\t\t\t\t\t\t<span class=\"elementor-accordion-icon elementor-accordion-icon-left\" aria-hidden=\"true\">\n\t\t\t\t\t\t\t\t\t\t\t\t\t\t\t<i class=\"elementor-accordion-icon-closed fa fa-plus\"><\/i>\n\t\t\t\t\t\t\t\t<i class=\"elementor-accordion-icon-opened fa fa-minus\"><\/i>\n\t\t\t\t\t\t\t\t\t\t\t\t\t\t<\/span>\n\t\t\t\t\t\t\t\t\t\t\t\t<a class=\"elementor-accordion-title\" href=\"\">Logros<\/a>\n\t\t\t\t\t<\/div>\n\t\t\t\t\t<div id=\"elementor-tab-content-1425\" class=\"elementor-tab-content elementor-clearfix\" data-tab=\"5\" role=\"tabpanel\" aria-labelledby=\"elementor-tab-title-1425\"><p>El uso del blog como\u00a0una herramienta de evaluaci\u00f3n formativa\u00a0logr\u00f3 satisfactoriamente que el 100% de los estudiantes\u00a0participaran activamente en entradas en el blog. As\u00ed mismo, se obtuvo un alto nivel de satisfacci\u00f3n (90 %).<\/p>\n<p>Uno de los principales aspectos facilitadores tiene que ver con el trabajo articulado y colaborativo entre el docente, a cargo del curso, y el ayudante.<\/p><\/div>\n\t\t\t\t<\/div>\n\t\t\t\t\t\t\t\t<\/div>\n\t\t\t\t<\/div>\n\t\t\t\t<\/div>\n\t\t\t\t\t\t<\/div>\n\t\t\t\t\t<\/div>\n\t\t<\/div>\n\t\t\t\t<div class=\"elementor-column elementor-col-33 elementor-top-column elementor-element elementor-element-347312f5\" data-id=\"347312f5\" data-element_type=\"column\">\n\t\t\t<div class=\"elementor-column-wrap elementor-element-populated\">\n\t\t\t\t\t\t\t<div class=\"elementor-widget-wrap\">\n\t\t\t\t\t\t<div class=\"elementor-element elementor-element-322fa240 elementor-arrows-position-inside elementor-pagination-position-outside elementor-widget elementor-widget-image-carousel\" data-id=\"322fa240\" data-element_type=\"widget\" data-settings=\"{&quot;slides_to_show&quot;:&quot;1&quot;,&quot;navigation&quot;:&quot;both&quot;,&quot;autoplay&quot;:&quot;yes&quot;,&quot;pause_on_hover&quot;:&quot;yes&quot;,&quot;pause_on_interaction&quot;:&quot;yes&quot;,&quot;autoplay_speed&quot;:5000,&quot;infinite&quot;:&quot;yes&quot;,&quot;effect&quot;:&quot;slide&quot;,&quot;speed&quot;:500}\" data-widget_type=\"image-carousel.default\">\n\t\t\t\t<div class=\"elementor-widget-container\">\n\t\t\t\t\t<div class=\"elementor-image-carousel-wrapper swiper-container\" dir=\"ltr\">\n\t\t\t<div class=\"elementor-image-carousel swiper-wrapper\">\n\t\t\t\t\t\t\t\t<div class=\"swiper-slide\"><figure class=\"swiper-slide-inner\"><img class=\"swiper-slide-image\" src=\"https:\/\/recursoscid.udd.cl\/wp-content\/uploads\/2022\/02\/pauilnasaez.png\" alt=\"pauilnasaez\" \/><\/figure><\/div><div class=\"swiper-slide\"><figure class=\"swiper-slide-inner\"><img class=\"swiper-slide-image\" src=\"https:\/\/recursoscid.udd.cl\/wp-content\/uploads\/2022\/02\/pauilnasaez1.png\" alt=\"pauilnasaez1\" \/><\/figure><\/div><div class=\"swiper-slide\"><figure class=\"swiper-slide-inner\"><img class=\"swiper-slide-image\" src=\"https:\/\/recursoscid.udd.cl\/wp-content\/uploads\/2022\/02\/pauilnasaez2.png\" alt=\"pauilnasaez2\" \/><\/figure><\/div><div class=\"swiper-slide\"><figure class=\"swiper-slide-inner\"><img class=\"swiper-slide-image\" src=\"https:\/\/recursoscid.udd.cl\/wp-content\/uploads\/2022\/02\/pauilnasaez3.png\" alt=\"pauilnasaez3\" \/><\/figure><\/div><div class=\"swiper-slide\"><figure class=\"swiper-slide-inner\"><img class=\"swiper-slide-image\" src=\"https:\/\/recursoscid.udd.cl\/wp-content\/uploads\/2022\/02\/pauilnasaez5.png\" alt=\"pauilnasaez5\" \/><\/figure><\/div><div class=\"swiper-slide\"><figure class=\"swiper-slide-inner\"><img class=\"swiper-slide-image\" src=\"https:\/\/recursoscid.udd.cl\/wp-content\/uploads\/2022\/02\/pauilnasaez6.png\" alt=\"pauilnasaez6\" \/><\/figure><\/div>\t\t\t<\/div>\n\t\t\t\t\t\t\t\t\t\t\t\t<div class=\"swiper-pagination\"><\/div>\n\t\t\t\t\t\t\t\t\t\t\t\t\t<div class=\"elementor-swiper-button elementor-swiper-button-prev\">\n\t\t\t\t\t\t<i aria-hidden=\"true\" class=\"eicon-chevron-left\"><\/i>\t\t\t\t\t\t<span class=\"elementor-screen-only\">Anterior<\/span>\n\t\t\t\t\t<\/div>\n\t\t\t\t\t<div class=\"elementor-swiper-button elementor-swiper-button-next\">\n\t\t\t\t\t\t<i aria-hidden=\"true\" class=\"eicon-chevron-right\"><\/i>\t\t\t\t\t\t<span class=\"elementor-screen-only\">Siguiente<\/span>\n\t\t\t\t\t<\/div>\n\t\t\t\t\t\t\t\t\t<\/div>\n\t\t\t\t<\/div>\n\t\t\t\t<\/div>\n\t\t\t\t\t\t<\/div>\n\t\t\t\t\t<\/div>\n\t\t<\/div>\n\t\t\t\t\t\t\t\t<\/div>\n\t\t\t\t\t<\/div>\n\t\t<\/section>\n\t\t\t\t\t\t\t\t\t<\/div>\n\t\t\t<\/div>\n\t\t\t\t\t<\/div>\n\t\t","protected":false},"excerpt":{"rendered":"<p>El presente proyecto nace tras la percepci\u00f3n de los docentes\u00a0Del curso Procesos del Aprendizaje, de la carrera de Psicolog\u00eda, sede Santiago\u00a0respecto a las\u00a0dificultades al momento de realizar innovaciones en la [&hellip;]<\/p>\n","protected":false},"author":2,"featured_media":565,"menu_order":0,"comment_status":"closed","ping_status":"open","template":"","format":"standard","meta":[],"categories":[26,24,14,5],"tags":[],"_links":{"self":[{"href":"https:\/\/recursoscid.udd.cl\/index.php?rest_route=\/wp\/v2\/metodol_evaluac\/2380"}],"collection":[{"href":"https:\/\/recursoscid.udd.cl\/index.php?rest_route=\/wp\/v2\/metodol_evaluac"}],"about":[{"href":"https:\/\/recursoscid.udd.cl\/index.php?rest_route=\/wp\/v2\/types\/metodol_evaluac"}],"author":[{"embeddable":true,"href":"https:\/\/recursoscid.udd.cl\/index.php?rest_route=\/wp\/v2\/users\/2"}],"replies":[{"embeddable":true,"href":"https:\/\/recursoscid.udd.cl\/index.php?rest_route=%2Fwp%2Fv2%2Fcomments&post=2380"}],"version-history":[{"count":19,"href":"https:\/\/recursoscid.udd.cl\/index.php?rest_route=\/wp\/v2\/metodol_evaluac\/2380\/revisions"}],"predecessor-version":[{"id":2407,"href":"https:\/\/recursoscid.udd.cl\/index.php?rest_route=\/wp\/v2\/metodol_evaluac\/2380\/revisions\/2407"}],"wp:featuredmedia":[{"embeddable":true,"href":"https:\/\/recursoscid.udd.cl\/index.php?rest_route=\/wp\/v2\/media\/565"}],"wp:attachment":[{"href":"https:\/\/recursoscid.udd.cl\/index.php?rest_route=%2Fwp%2Fv2%2Fmedia&parent=2380"}],"wp:term":[{"taxonomy":"category","embeddable":true,"href":"https:\/\/recursoscid.udd.cl\/index.php?rest_route=%2Fwp%2Fv2%2Fcategories&post=2380"},{"taxonomy":"post_tag","embeddable":true,"href":"https:\/\/recursoscid.udd.cl\/index.php?rest_route=%2Fwp%2Fv2%2Ftags&post=2380"}],"curies":[{"name":"wp","href":"https:\/\/api.w.org\/{rel}","templated":true}]}}