{"id":1914,"date":"2022-02-14T06:40:58","date_gmt":"2022-02-14T06:40:58","guid":{"rendered":"https:\/\/recursoscid.udd.cl\/?post_type=investigaciones&#038;p=1914"},"modified":"2022-02-20T17:23:06","modified_gmt":"2022-02-20T17:23:06","slug":"desarrollo-de-habilidades-metacognitivas-y-lifelong-learning-en-formacion-de-profesores-basado-en-la-practica-implementado-en-carreras-de-pedagogia-de-la-udd","status":"publish","type":"investigaciones","link":"https:\/\/recursoscid.udd.cl\/?investigaciones=desarrollo-de-habilidades-metacognitivas-y-lifelong-learning-en-formacion-de-profesores-basado-en-la-practica-implementado-en-carreras-de-pedagogia-de-la-udd","title":{"rendered":"Desarrollo de habilidades metacognitivas y lifelong-learning en formaci\u00f3n de profesores basado en la pr\u00e1ctica implementado en carreras de pedagog\u00eda de la UDD"},"content":{"rendered":"\t\t<div data-elementor-type=\"wp-post\" data-elementor-id=\"1914\" class=\"elementor elementor-1914\">\n\t\t\t\t\t\t<div class=\"elementor-inner\">\n\t\t\t\t<div class=\"elementor-section-wrap\">\n\t\t\t\t\t\t\t\t\t<section class=\"elementor-section elementor-top-section elementor-element elementor-element-1617ad03 elementor-section-stretched elementor-section-boxed elementor-section-height-default elementor-section-height-default\" data-id=\"1617ad03\" data-element_type=\"section\" data-settings=\"{&quot;stretch_section&quot;:&quot;section-stretched&quot;}\">\n\t\t\t\t\t\t<div class=\"elementor-container elementor-column-gap-default\">\n\t\t\t\t\t\t\t<div class=\"elementor-row\">\n\t\t\t\t\t<div class=\"elementor-column elementor-col-66 elementor-top-column elementor-element elementor-element-6bd350f8\" data-id=\"6bd350f8\" data-element_type=\"column\">\n\t\t\t<div class=\"elementor-column-wrap elementor-element-populated\">\n\t\t\t\t\t\t\t<div class=\"elementor-widget-wrap\">\n\t\t\t\t\t\t<div class=\"elementor-element elementor-element-16d57607 elementor-widget elementor-widget-text-editor\" data-id=\"16d57607\" data-element_type=\"widget\" data-widget_type=\"text-editor.default\">\n\t\t\t\t<div class=\"elementor-widget-container\">\n\t\t\t\t\t\t\t\t<div class=\"elementor-text-editor elementor-clearfix\">\n\t\t\t\t<p>Este proyecto propone analizar el aporte del modelo formativo basado en la pr\u00e1ctica, al desarrollo de las habilidades de procesamiento metacognitivo. Con el fin de observar y transformar (si es necesario) las estrategias de ense\u00f1anza para satisfacer las necesidades de la educaci\u00f3n actual. Brindando un espacio de reflexi\u00f3n, nuevos modelos y estrategias de evaluaci\u00f3n.<\/p>\t\t\t\t\t<\/div>\n\t\t\t\t\t\t<\/div>\n\t\t\t\t<\/div>\n\t\t\t\t\t\t<\/div>\n\t\t\t\t\t<\/div>\n\t\t<\/div>\n\t\t\t\t<div class=\"elementor-column elementor-col-33 elementor-top-column elementor-element elementor-element-1deb9913\" data-id=\"1deb9913\" data-element_type=\"column\">\n\t\t\t<div class=\"elementor-column-wrap elementor-element-populated\">\n\t\t\t\t\t\t\t<div class=\"elementor-widget-wrap\">\n\t\t\t\t\t\t<div class=\"elementor-element elementor-element-40fe0d65 elementor-view-stacked elementor-shape-circle elementor-mobile-position-top elementor-vertical-align-top elementor-widget elementor-widget-icon-box\" data-id=\"40fe0d65\" data-element_type=\"widget\" data-widget_type=\"icon-box.default\">\n\t\t\t\t<div class=\"elementor-widget-container\">\n\t\t\t\t\t<div class=\"elementor-icon-box-wrapper\">\n\t\t\t\t\t\t<div class=\"elementor-icon-box-icon\">\n\t\t\t\t<a class=\"elementor-icon elementor-animation-\" href=\"http:\/\/recursoscid.udd.cl\/wp-content\/uploads\/2022\/02\/2019-INVESTIGACION-SCL-03.pdf\" target=\"_blank\">\n\t\t\t\t<i class=\"fa fa-file-pdf-o\" aria-hidden=\"true\"><\/i>\t\t\t\t<\/a>\n\t\t\t<\/div>\n\t\t\t\t\t\t<div class=\"elementor-icon-box-content\">\n\t\t\t\t<h6 class=\"elementor-icon-box-title\">\n\t\t\t\t\t<a href=\"http:\/\/recursoscid.udd.cl\/wp-content\/uploads\/2022\/02\/2019-INVESTIGACION-SCL-03.pdf\" target=\"_blank\" >\n\t\t\t\t\t\tDescargar proyecto\t\t\t\t\t<\/a>\n\t\t\t\t<\/h6>\n\t\t\t\t\t\t\t<\/div>\n\t\t<\/div>\n\t\t\t\t<\/div>\n\t\t\t\t<\/div>\n\t\t\t\t\t\t<\/div>\n\t\t\t\t\t<\/div>\n\t\t<\/div>\n\t\t\t\t\t\t\t\t<\/div>\n\t\t\t\t\t<\/div>\n\t\t<\/section>\n\t\t\t\t<section class=\"elementor-section elementor-top-section elementor-element elementor-element-1873ff0c elementor-section-stretched elementor-section-boxed elementor-section-height-default elementor-section-height-default\" data-id=\"1873ff0c\" data-element_type=\"section\" data-settings=\"{&quot;stretch_section&quot;:&quot;section-stretched&quot;}\">\n\t\t\t\t\t\t<div class=\"elementor-container elementor-column-gap-default\">\n\t\t\t\t\t\t\t<div class=\"elementor-row\">\n\t\t\t\t\t<div class=\"elementor-column elementor-col-66 elementor-top-column elementor-element elementor-element-292d2c6f\" data-id=\"292d2c6f\" data-element_type=\"column\">\n\t\t\t<div class=\"elementor-column-wrap elementor-element-populated\">\n\t\t\t\t\t\t\t<div class=\"elementor-widget-wrap\">\n\t\t\t\t\t\t<div class=\"elementor-element elementor-element-57f1b789 elementor-widget elementor-widget-accordion\" data-id=\"57f1b789\" data-element_type=\"widget\" data-widget_type=\"accordion.default\">\n\t\t\t\t<div class=\"elementor-widget-container\">\n\t\t\t\t\t<div class=\"elementor-accordion\" role=\"tablist\">\n\t\t\t\t\t\t\t<div class=\"elementor-accordion-item\">\n\t\t\t\t\t<div id=\"elementor-tab-title-1471\" class=\"elementor-tab-title\" data-tab=\"1\" role=\"tab\" aria-controls=\"elementor-tab-content-1471\" aria-expanded=\"false\">\n\t\t\t\t\t\t\t\t\t\t\t\t\t<span class=\"elementor-accordion-icon elementor-accordion-icon-left\" aria-hidden=\"true\">\n\t\t\t\t\t\t\t\t\t\t\t\t\t\t\t<i class=\"elementor-accordion-icon-closed fa fa-plus\"><\/i>\n\t\t\t\t\t\t\t\t<i class=\"elementor-accordion-icon-opened fa fa-minus\"><\/i>\n\t\t\t\t\t\t\t\t\t\t\t\t\t\t<\/span>\n\t\t\t\t\t\t\t\t\t\t\t\t<a class=\"elementor-accordion-title\" href=\"\">Informaci\u00f3n del proyecto<\/a>\n\t\t\t\t\t<\/div>\n\t\t\t\t\t<div id=\"elementor-tab-content-1471\" class=\"elementor-tab-content elementor-clearfix\" data-tab=\"1\" role=\"tabpanel\" aria-labelledby=\"elementor-tab-title-1471\"><p><strong>Facultad:<\/strong>\u00a0Educaci\u00f3n.<br \/><strong>Carreras:<\/strong> <span style=\"font-weight: 400;\">Pedagog\u00eda en Educaci\u00f3n B\u00e1sica, Pedagog\u00eda en Educaci\u00f3n de P\u00e1rvulos, Programa de Formaci\u00f3n Pedag\u00f3gica.<\/span><br \/><strong>Centro de investigaci\u00f3n: <span style=\"font-weight: 400;\">\u00a0Observatorio de buenas pr\u00e1cticas pedag\u00f3gicas. Facultad de Educaci\u00f3n.<\/span><\/strong><br \/><strong>Investigadora principal:<\/strong> <span style=\"font-weight: 400;\">Kiomi Matsumoto Royo<\/span><span style=\"font-weight: 400;\">.<\/span><br \/><strong>Co- investigadora:<\/strong> <span style=\"font-weight: 400;\">Paulette Conget Molina<\/span>.<br \/><strong>Estudiante participante:<\/strong> <span style=\"font-weight: 400;\">Carla Catal\u00e1n Pavez.<\/span><br \/><strong>Periodo:<\/strong> 2019 &#8211; 2021<br \/><strong>Sede:<\/strong>\u00a0Santiago<\/p><\/div>\n\t\t\t\t<\/div>\n\t\t\t\t\t\t\t<div class=\"elementor-accordion-item\">\n\t\t\t\t\t<div id=\"elementor-tab-title-1472\" class=\"elementor-tab-title\" data-tab=\"2\" role=\"tab\" aria-controls=\"elementor-tab-content-1472\" aria-expanded=\"false\">\n\t\t\t\t\t\t\t\t\t\t\t\t\t<span class=\"elementor-accordion-icon elementor-accordion-icon-left\" aria-hidden=\"true\">\n\t\t\t\t\t\t\t\t\t\t\t\t\t\t\t<i class=\"elementor-accordion-icon-closed fa fa-plus\"><\/i>\n\t\t\t\t\t\t\t\t<i class=\"elementor-accordion-icon-opened fa fa-minus\"><\/i>\n\t\t\t\t\t\t\t\t\t\t\t\t\t\t<\/span>\n\t\t\t\t\t\t\t\t\t\t\t\t<a class=\"elementor-accordion-title\" href=\"\">Objetivos<\/a>\n\t\t\t\t\t<\/div>\n\t\t\t\t\t<div id=\"elementor-tab-content-1472\" class=\"elementor-tab-content elementor-clearfix\" data-tab=\"2\" role=\"tabpanel\" aria-labelledby=\"elementor-tab-title-1472\"><p><strong>Objetivo General:<\/strong><br \/><span style=\"font-weight: 400;\">Analizar el aporte del modelo formativo basado en la pr\u00e1ctica, al desarrollo de las habilidades de procesamiento metacognitivo, con el fin de potenciar los procesos reflexivos en la formaci\u00f3n de los futuros profesores.<\/span><\/p><p><strong>Objetivos espec\u00edficos:<\/strong><\/p><ul><li style=\"font-weight: 400;\" aria-level=\"1\"><span style=\"font-weight: 400;\">Indagar y describir las estrategias de ense\u00f1anza asociadas al ciclo de aprendizaje de pr\u00e1cticas que se est\u00e1n aplicando en la formaci\u00f3n de profesores.<\/span><\/li><li style=\"font-weight: 400;\" aria-level=\"1\"><span style=\"font-weight: 400;\">Describir la relaci\u00f3n entre las caracter\u00edsticas de las estrategias de ense\u00f1anza aplicadas y los requerimientos para desarrollar procesos metacognitivos de planificaci\u00f3n, monitoreo y evaluaci\u00f3n.<\/span><\/li><li style=\"font-weight: 400;\" aria-level=\"1\"><span style=\"font-weight: 400;\">Indagar y describir las estrategias de evaluaci\u00f3n asociadas al ciclo de aprendizaje de pr\u00e1cticas que se est\u00e1n aplicando en la formaci\u00f3n de profesores.<\/span><\/li><li style=\"font-weight: 400;\" aria-level=\"1\"><span style=\"font-weight: 400;\">Describir la relaci\u00f3n entre las caracter\u00edsticas de las estrategias de evaluaci\u00f3n aplicadas y los requerimientos para desarrollar procesos metacognitivos de planificaci\u00f3n, monitoreo y evaluaci\u00f3n.<\/span><\/li><li style=\"font-weight: 400;\" aria-level=\"1\"><span style=\"font-weight: 400;\">Indagar sobre el desarrollo de procesos metacognitivos en profesores en formaci\u00f3n y su relaci\u00f3n con el desarrollo de procesos reflexivos.<\/span><\/li><\/ul><\/div>\n\t\t\t\t<\/div>\n\t\t\t\t\t\t\t<div class=\"elementor-accordion-item\">\n\t\t\t\t\t<div id=\"elementor-tab-title-1473\" class=\"elementor-tab-title\" data-tab=\"3\" role=\"tab\" aria-controls=\"elementor-tab-content-1473\" aria-expanded=\"false\">\n\t\t\t\t\t\t\t\t\t\t\t\t\t<span class=\"elementor-accordion-icon elementor-accordion-icon-left\" aria-hidden=\"true\">\n\t\t\t\t\t\t\t\t\t\t\t\t\t\t\t<i class=\"elementor-accordion-icon-closed fa fa-plus\"><\/i>\n\t\t\t\t\t\t\t\t<i class=\"elementor-accordion-icon-opened fa fa-minus\"><\/i>\n\t\t\t\t\t\t\t\t\t\t\t\t\t\t<\/span>\n\t\t\t\t\t\t\t\t\t\t\t\t<a class=\"elementor-accordion-title\" href=\"\">Metodolog\u00eda<\/a>\n\t\t\t\t\t<\/div>\n\t\t\t\t\t<div id=\"elementor-tab-content-1473\" class=\"elementor-tab-content elementor-clearfix\" data-tab=\"3\" role=\"tabpanel\" aria-labelledby=\"elementor-tab-title-1473\"><p><span style=\"font-weight: 400;\">El m\u00e9todo utilizado en la investigaci\u00f3n fue Mixto (Creswell, 2014), modelo explicativo en dos fases (Creswell, 2015), con un dise\u00f1o secuencial (Onwuegbuzie &amp; Leech, 2006), donde se trabaj\u00f3 con datos cuantitativos (CUAN) y cualitativos (CUAL).<\/span><\/p><\/div>\n\t\t\t\t<\/div>\n\t\t\t\t\t\t\t\t<\/div>\n\t\t\t\t<\/div>\n\t\t\t\t<\/div>\n\t\t\t\t\t\t<\/div>\n\t\t\t\t\t<\/div>\n\t\t<\/div>\n\t\t\t\t<div class=\"elementor-column elementor-col-33 elementor-top-column elementor-element elementor-element-31a8f3a7\" data-id=\"31a8f3a7\" data-element_type=\"column\">\n\t\t\t<div class=\"elementor-column-wrap elementor-element-populated\">\n\t\t\t\t\t\t\t<div class=\"elementor-widget-wrap\">\n\t\t\t\t\t\t<div class=\"elementor-element elementor-element-24b85963 elementor-arrows-position-inside elementor-pagination-position-outside elementor-widget elementor-widget-image-carousel\" data-id=\"24b85963\" data-element_type=\"widget\" data-settings=\"{&quot;slides_to_show&quot;:&quot;1&quot;,&quot;navigation&quot;:&quot;both&quot;,&quot;autoplay&quot;:&quot;yes&quot;,&quot;pause_on_hover&quot;:&quot;yes&quot;,&quot;pause_on_interaction&quot;:&quot;yes&quot;,&quot;autoplay_speed&quot;:5000,&quot;infinite&quot;:&quot;yes&quot;,&quot;effect&quot;:&quot;slide&quot;,&quot;speed&quot;:500}\" data-widget_type=\"image-carousel.default\">\n\t\t\t\t<div class=\"elementor-widget-container\">\n\t\t\t\t\t<div class=\"elementor-image-carousel-wrapper swiper-container\" dir=\"ltr\">\n\t\t\t<div class=\"elementor-image-carousel swiper-wrapper\">\n\t\t\t\t\t\t\t\t<div class=\"swiper-slide\"><figure class=\"swiper-slide-inner\"><img class=\"swiper-slide-image\" src=\"https:\/\/recursoscid.udd.cl\/wp-content\/uploads\/2022\/02\/FOTO-17-768x415.png\" alt=\"FOTO (17)\" \/><\/figure><\/div>\t\t\t<\/div>\n\t\t\t\t\t<\/div>\n\t\t\t\t<\/div>\n\t\t\t\t<\/div>\n\t\t\t\t\t\t<\/div>\n\t\t\t\t\t<\/div>\n\t\t<\/div>\n\t\t\t\t\t\t\t\t<\/div>\n\t\t\t\t\t<\/div>\n\t\t<\/section>\n\t\t\t\t\t\t\t\t\t<\/div>\n\t\t\t<\/div>\n\t\t\t\t\t<\/div>\n\t\t","protected":false},"excerpt":{"rendered":"<p>Este proyecto propone analizar el aporte del modelo formativo basado en la pr\u00e1ctica, al desarrollo de las habilidades de procesamiento metacognitivo. Con el fin de observar y transformar (si es [&hellip;]<\/p>\n","protected":false},"author":2,"featured_media":557,"menu_order":0,"comment_status":"closed","ping_status":"open","template":"","format":"standard","meta":[],"categories":[25,29,16,30,5],"tags":[],"_links":{"self":[{"href":"https:\/\/recursoscid.udd.cl\/index.php?rest_route=\/wp\/v2\/investigaciones\/1914"}],"collection":[{"href":"https:\/\/recursoscid.udd.cl\/index.php?rest_route=\/wp\/v2\/investigaciones"}],"about":[{"href":"https:\/\/recursoscid.udd.cl\/index.php?rest_route=\/wp\/v2\/types\/investigaciones"}],"author":[{"embeddable":true,"href":"https:\/\/recursoscid.udd.cl\/index.php?rest_route=\/wp\/v2\/users\/2"}],"replies":[{"embeddable":true,"href":"https:\/\/recursoscid.udd.cl\/index.php?rest_route=%2Fwp%2Fv2%2Fcomments&post=1914"}],"version-history":[{"count":4,"href":"https:\/\/recursoscid.udd.cl\/index.php?rest_route=\/wp\/v2\/investigaciones\/1914\/revisions"}],"predecessor-version":[{"id":2004,"href":"https:\/\/recursoscid.udd.cl\/index.php?rest_route=\/wp\/v2\/investigaciones\/1914\/revisions\/2004"}],"wp:featuredmedia":[{"embeddable":true,"href":"https:\/\/recursoscid.udd.cl\/index.php?rest_route=\/wp\/v2\/media\/557"}],"wp:attachment":[{"href":"https:\/\/recursoscid.udd.cl\/index.php?rest_route=%2Fwp%2Fv2%2Fmedia&parent=1914"}],"wp:term":[{"taxonomy":"category","embeddable":true,"href":"https:\/\/recursoscid.udd.cl\/index.php?rest_route=%2Fwp%2Fv2%2Fcategories&post=1914"},{"taxonomy":"post_tag","embeddable":true,"href":"https:\/\/recursoscid.udd.cl\/index.php?rest_route=%2Fwp%2Fv2%2Ftags&post=1914"}],"curies":[{"name":"wp","href":"https:\/\/api.w.org\/{rel}","templated":true}]}}