{"id":1855,"date":"2022-02-14T05:07:49","date_gmt":"2022-02-14T05:07:49","guid":{"rendered":"https:\/\/recursoscid.udd.cl\/?post_type=curriculo&#038;p=1855"},"modified":"2022-02-18T13:57:46","modified_gmt":"2022-02-18T13:57:46","slug":"implementacion-de-la-escritura-a-traves-del-curriculo-en-la-carrera-de-enfermeria-facultad-de-medicina-cas-udd-ciclo-de-bachillerato-licenciatura-y-habilitacion-profesional","status":"publish","type":"curriculo","link":"https:\/\/recursoscid.udd.cl\/?curriculo=implementacion-de-la-escritura-a-traves-del-curriculo-en-la-carrera-de-enfermeria-facultad-de-medicina-cas-udd-ciclo-de-bachillerato-licenciatura-y-habilitacion-profesional","title":{"rendered":"Implementaci\u00f3n de la Escritura a trav\u00e9s del curr\u00edculo en la carrera de Enfermer\u00eda Facultad de Medicina-CAS UDD: Ciclo de Bachillerato, Licenciatura y habilitaci\u00f3n profesional"},"content":{"rendered":"\t\t<div data-elementor-type=\"wp-post\" data-elementor-id=\"1855\" class=\"elementor elementor-1855\">\n\t\t\t\t\t\t<div class=\"elementor-inner\">\n\t\t\t\t<div class=\"elementor-section-wrap\">\n\t\t\t\t\t\t\t\t\t<section class=\"elementor-section elementor-top-section elementor-element elementor-element-57857f19 elementor-section-stretched elementor-section-boxed elementor-section-height-default elementor-section-height-default\" data-id=\"57857f19\" data-element_type=\"section\" data-settings=\"{&quot;stretch_section&quot;:&quot;section-stretched&quot;}\">\n\t\t\t\t\t\t<div class=\"elementor-container elementor-column-gap-default\">\n\t\t\t\t\t\t\t<div class=\"elementor-row\">\n\t\t\t\t\t<div class=\"elementor-column elementor-col-66 elementor-top-column elementor-element elementor-element-62fbd94\" data-id=\"62fbd94\" data-element_type=\"column\">\n\t\t\t<div class=\"elementor-column-wrap elementor-element-populated\">\n\t\t\t\t\t\t\t<div class=\"elementor-widget-wrap\">\n\t\t\t\t\t\t<div class=\"elementor-element elementor-element-210c5ce4 elementor-widget elementor-widget-text-editor\" data-id=\"210c5ce4\" data-element_type=\"widget\" data-widget_type=\"text-editor.default\">\n\t\t\t\t<div class=\"elementor-widget-container\">\n\t\t\t\t\t\t\t\t<div class=\"elementor-text-editor elementor-clearfix\">\n\t\t\t\t<p>Correspondiente a la tercera fase y final de un trabajo desarrollado desde el a\u00f1o 2017 de la carrera de Enfermer\u00eda.<\/p>\t\t\t\t\t<\/div>\n\t\t\t\t\t\t<\/div>\n\t\t\t\t<\/div>\n\t\t\t\t\t\t<\/div>\n\t\t\t\t\t<\/div>\n\t\t<\/div>\n\t\t\t\t<div class=\"elementor-column elementor-col-33 elementor-top-column elementor-element elementor-element-2223aeaa\" data-id=\"2223aeaa\" data-element_type=\"column\">\n\t\t\t<div class=\"elementor-column-wrap elementor-element-populated\">\n\t\t\t\t\t\t\t<div class=\"elementor-widget-wrap\">\n\t\t\t\t\t\t<div class=\"elementor-element elementor-element-9d1c04 elementor-view-stacked elementor-shape-circle elementor-mobile-position-top elementor-vertical-align-top elementor-widget elementor-widget-icon-box\" data-id=\"9d1c04\" data-element_type=\"widget\" data-widget_type=\"icon-box.default\">\n\t\t\t\t<div class=\"elementor-widget-container\">\n\t\t\t\t\t<div class=\"elementor-icon-box-wrapper\">\n\t\t\t\t\t\t<div class=\"elementor-icon-box-icon\">\n\t\t\t\t<a class=\"elementor-icon elementor-animation-\" href=\"http:\/\/recursoscid.udd.cl\/wp-content\/uploads\/2022\/02\/2020-CURR\u00cdCULO-SCL-MEDICINA-16-1.pdf\" target=\"_blank\">\n\t\t\t\t<i class=\"fa fa-file-pdf-o\" aria-hidden=\"true\"><\/i>\t\t\t\t<\/a>\n\t\t\t<\/div>\n\t\t\t\t\t\t<div class=\"elementor-icon-box-content\">\n\t\t\t\t<h6 class=\"elementor-icon-box-title\">\n\t\t\t\t\t<a href=\"http:\/\/recursoscid.udd.cl\/wp-content\/uploads\/2022\/02\/2020-CURR\u00cdCULO-SCL-MEDICINA-16-1.pdf\" target=\"_blank\" >\n\t\t\t\t\t\tDescargar proyecto\t\t\t\t\t<\/a>\n\t\t\t\t<\/h6>\n\t\t\t\t\t\t\t<\/div>\n\t\t<\/div>\n\t\t\t\t<\/div>\n\t\t\t\t<\/div>\n\t\t\t\t\t\t<\/div>\n\t\t\t\t\t<\/div>\n\t\t<\/div>\n\t\t\t\t\t\t\t\t<\/div>\n\t\t\t\t\t<\/div>\n\t\t<\/section>\n\t\t\t\t<section class=\"elementor-section elementor-top-section elementor-element elementor-element-53a57d52 elementor-section-stretched elementor-section-boxed elementor-section-height-default elementor-section-height-default\" data-id=\"53a57d52\" data-element_type=\"section\" data-settings=\"{&quot;stretch_section&quot;:&quot;section-stretched&quot;}\">\n\t\t\t\t\t\t<div class=\"elementor-container elementor-column-gap-default\">\n\t\t\t\t\t\t\t<div class=\"elementor-row\">\n\t\t\t\t\t<div class=\"elementor-column elementor-col-66 elementor-top-column elementor-element elementor-element-1ad81289\" data-id=\"1ad81289\" data-element_type=\"column\">\n\t\t\t<div class=\"elementor-column-wrap elementor-element-populated\">\n\t\t\t\t\t\t\t<div class=\"elementor-widget-wrap\">\n\t\t\t\t\t\t<div class=\"elementor-element elementor-element-6e7855e9 elementor-widget elementor-widget-accordion\" data-id=\"6e7855e9\" data-element_type=\"widget\" data-widget_type=\"accordion.default\">\n\t\t\t\t<div class=\"elementor-widget-container\">\n\t\t\t\t\t<div class=\"elementor-accordion\" role=\"tablist\">\n\t\t\t\t\t\t\t<div class=\"elementor-accordion-item\">\n\t\t\t\t\t<div id=\"elementor-tab-title-1851\" class=\"elementor-tab-title\" data-tab=\"1\" role=\"tab\" aria-controls=\"elementor-tab-content-1851\" aria-expanded=\"false\">\n\t\t\t\t\t\t\t\t\t\t\t\t\t<span class=\"elementor-accordion-icon elementor-accordion-icon-left\" aria-hidden=\"true\">\n\t\t\t\t\t\t\t\t\t\t\t\t\t\t\t<i class=\"elementor-accordion-icon-closed fa fa-plus\"><\/i>\n\t\t\t\t\t\t\t\t<i class=\"elementor-accordion-icon-opened fa fa-minus\"><\/i>\n\t\t\t\t\t\t\t\t\t\t\t\t\t\t<\/span>\n\t\t\t\t\t\t\t\t\t\t\t\t<a class=\"elementor-accordion-title\" href=\"\">Informaci\u00f3n del proyecto<\/a>\n\t\t\t\t\t<\/div>\n\t\t\t\t\t<div id=\"elementor-tab-content-1851\" class=\"elementor-tab-content elementor-clearfix\" data-tab=\"1\" role=\"tabpanel\" aria-labelledby=\"elementor-tab-title-1851\"><p><strong>Facultad:<\/strong> <span style=\"font-weight: 400;\">Medicina &#8211; Cl\u00ednica Alemana<\/span>.<br \/><strong>Carrera:<\/strong> <span style=\"font-weight: 400;\">Enfermer\u00eda.<\/span><br \/><strong>Sedes:<\/strong> Santiago.<br \/><strong>Asignatura:<\/strong> <span style=\"font-weight: 400;\">\u00a0<\/span><span style=\"font-weight: 400;\">Enfermer\u00eda Familiar y de la Comunidad, <\/span><span style=\"font-weight: 400;\">Fundamentos Socioantropol\u00f3gicos, Investigaci\u00f3n Cuantitativa, Dise\u00f1o de Proyecto de Investigaci\u00f3n, Investigaci\u00f3n Aplicada en Salud.<\/span><br \/><strong>Docentes:<\/strong> <span style=\"font-weight: 400;\">Vivian Aedo Carre\u00f1o, Giselle Riquelme Hern\u00e1ndez.<\/span><br \/><strong>Tutor:<\/strong> <span style=\"font-weight: 400;\">Ricardo Mart\u00ednez Gamboa<\/span>.<br \/><strong>Concurso:<\/strong> 2019 &#8211; 2<br \/><strong>Beneficiarios:<\/strong> <span style=\"font-weight: 400;\">Estudiantes de tercer a\u00f1o (90), segundo a\u00f1o (86) y quinto a\u00f1o (84).<\/span><\/p><\/div>\n\t\t\t\t<\/div>\n\t\t\t\t\t\t\t<div class=\"elementor-accordion-item\">\n\t\t\t\t\t<div id=\"elementor-tab-title-1852\" class=\"elementor-tab-title\" data-tab=\"2\" role=\"tab\" aria-controls=\"elementor-tab-content-1852\" aria-expanded=\"false\">\n\t\t\t\t\t\t\t\t\t\t\t\t\t<span class=\"elementor-accordion-icon elementor-accordion-icon-left\" aria-hidden=\"true\">\n\t\t\t\t\t\t\t\t\t\t\t\t\t\t\t<i class=\"elementor-accordion-icon-closed fa fa-plus\"><\/i>\n\t\t\t\t\t\t\t\t<i class=\"elementor-accordion-icon-opened fa fa-minus\"><\/i>\n\t\t\t\t\t\t\t\t\t\t\t\t\t\t<\/span>\n\t\t\t\t\t\t\t\t\t\t\t\t<a class=\"elementor-accordion-title\" href=\"\">Problem\u00e1tica que aborda<\/a>\n\t\t\t\t\t<\/div>\n\t\t\t\t\t<div id=\"elementor-tab-content-1852\" class=\"elementor-tab-content elementor-clearfix\" data-tab=\"2\" role=\"tabpanel\" aria-labelledby=\"elementor-tab-title-1852\"><p><span style=\"font-weight: 400;\">Este proyecto tuvo por objetivo implementar el Transversal de Comunicaci\u00f3n Escrita en los ciclos de Bachillerato, Licenciatura y Habilitaci\u00f3n Profesional de la carrera de Enfermer\u00eda de la Facultad de Medicina-Cl\u00ednica Alemana de la Universidad del Desarrollo. Correspondiente a la tercera fase y final de un trabajo desarrollado desde el a\u00f1o 2017 por dicha carrera. A saber, en una primera fase se estableci\u00f3 un diagn\u00f3stico de la forma de ense\u00f1anza y evaluaci\u00f3n de la comunicaci\u00f3n escrita en espa\u00f1ol. En la segunda fase, realizada en el 2018, se desarroll\u00f3 el piloto de la implementaci\u00f3n de la Escritura a trav\u00e9s del curr\u00edculo en el curso de Investigaci\u00f3n Cualitativa.<\/span><\/p><\/div>\n\t\t\t\t<\/div>\n\t\t\t\t\t\t\t<div class=\"elementor-accordion-item\">\n\t\t\t\t\t<div id=\"elementor-tab-title-1853\" class=\"elementor-tab-title\" data-tab=\"3\" role=\"tab\" aria-controls=\"elementor-tab-content-1853\" aria-expanded=\"false\">\n\t\t\t\t\t\t\t\t\t\t\t\t\t<span class=\"elementor-accordion-icon elementor-accordion-icon-left\" aria-hidden=\"true\">\n\t\t\t\t\t\t\t\t\t\t\t\t\t\t\t<i class=\"elementor-accordion-icon-closed fa fa-plus\"><\/i>\n\t\t\t\t\t\t\t\t<i class=\"elementor-accordion-icon-opened fa fa-minus\"><\/i>\n\t\t\t\t\t\t\t\t\t\t\t\t\t\t<\/span>\n\t\t\t\t\t\t\t\t\t\t\t\t<a class=\"elementor-accordion-title\" href=\"\">Objetivos<\/a>\n\t\t\t\t\t<\/div>\n\t\t\t\t\t<div id=\"elementor-tab-content-1853\" class=\"elementor-tab-content elementor-clearfix\" data-tab=\"3\" role=\"tabpanel\" aria-labelledby=\"elementor-tab-title-1853\"><p><strong>Objetivo General:<\/strong><br \/><span style=\"font-weight: 400;\">Implementar el transversal de escritura en los ciclos de Bachillerato, Licenciatura y Habilitaci\u00f3n Profesional de la carrera de Enfermer\u00eda de la Facultad de Medicina-CAS UDD.<\/span><\/p><p><strong>Objetivos espec\u00edficos:<\/strong><\/p><ul><li style=\"font-weight: 400;\" aria-level=\"1\"><span style=\"font-weight: 400;\">Desarrollar metodolog\u00edas evaluativas para mejorar los aspectos de forma y contenido en la escritura de textos acad\u00e9micos y profesionales en los cursos de Enfermer\u00eda Familiar y de la Comunidad\u00a0 , Fundamentos Socioantropol\u00f3gicos de la Salud, Investigaci\u00f3n Cuantitativa, Dise\u00f1o de Proyecto de Investigaci\u00f3n e Investigaci\u00f3n Aplicada en Salud (Tesis).\u00a0<\/span><\/li><li style=\"font-weight: 400;\" aria-level=\"1\"><span style=\"font-weight: 400;\">Acompa\u00f1ar en la construcci\u00f3n y evaluaci\u00f3n de textos acad\u00e9micos y profesionales al equipo acad\u00e9mico de los cursos de Enfermer\u00eda Familiar y de la Comunidad2, Fundamentos Socioantropol\u00f3gicos de la Salud, Investigaci\u00f3n Cuantitativa, Dise\u00f1o de Proyecto de Investigaci\u00f3n e Investigaci\u00f3n Aplicada en Salud (Tesis).<\/span><\/li><li style=\"font-weight: 400;\" aria-level=\"1\"><span style=\"font-weight: 400;\">Evaluar los efectos en el aprendizaje de los estudiantes participantes de escritura.<\/span><\/li><\/ul><\/div>\n\t\t\t\t<\/div>\n\t\t\t\t\t\t\t<div class=\"elementor-accordion-item\">\n\t\t\t\t\t<div id=\"elementor-tab-title-1854\" class=\"elementor-tab-title\" data-tab=\"4\" role=\"tab\" aria-controls=\"elementor-tab-content-1854\" aria-expanded=\"false\">\n\t\t\t\t\t\t\t\t\t\t\t\t\t<span class=\"elementor-accordion-icon elementor-accordion-icon-left\" aria-hidden=\"true\">\n\t\t\t\t\t\t\t\t\t\t\t\t\t\t\t<i class=\"elementor-accordion-icon-closed fa fa-plus\"><\/i>\n\t\t\t\t\t\t\t\t<i class=\"elementor-accordion-icon-opened fa fa-minus\"><\/i>\n\t\t\t\t\t\t\t\t\t\t\t\t\t\t<\/span>\n\t\t\t\t\t\t\t\t\t\t\t\t<a class=\"elementor-accordion-title\" href=\"\">Implementaci\u00f3n<\/a>\n\t\t\t\t\t<\/div>\n\t\t\t\t\t<div id=\"elementor-tab-content-1854\" class=\"elementor-tab-content elementor-clearfix\" data-tab=\"4\" role=\"tabpanel\" aria-labelledby=\"elementor-tab-title-1854\"><p><span style=\"font-weight: 400;\">Las acciones desarrolladas en este proyecto se explicar\u00e1n en relaci\u00f3n con los objetivos propuestos.<\/span><\/p><p><b>Objetivo 1. <\/b><span style=\"font-weight: 400;\">Construcci\u00f3n y validaci\u00f3n de las r\u00fabricas de correcci\u00f3n de informe escrito para los cursos marcados en este proyecto. Estas r\u00fabricas se realizaron en base a las pautas de los cursos DCP. que fueron entregadas v\u00eda mail, a trav\u00e9s de la encuesta Google Form. <\/span><b>Objetivo 2.<\/b><span style=\"font-weight: 400;\"> 1)\u00a0<\/span><span style=\"font-weight: 400;\">Realizaci\u00f3n de reuniones con el equipo docente para la planificaci\u00f3n del trabajo de escritura en cada asignatura mencionada. 2)<\/span><span style=\"font-weight: 400;\">\u00a0<\/span><span style=\"font-weight: 400;\">Monitorizaci\u00f3n del proceso de aplicaci\u00f3n de las pautas de correcci\u00f3n de informe escrito en los cursos mencionados. <\/span><b>Objetivo 3. <\/b><span style=\"font-weight: 400;\">1)<\/span><span style=\"font-weight: 400;\">\u00a0<\/span><span style=\"font-weight: 400;\">Realizaci\u00f3n de la encuesta de percepci\u00f3n de los alumnos y docentes.<\/span><\/p><\/div>\n\t\t\t\t<\/div>\n\t\t\t\t\t\t\t<div class=\"elementor-accordion-item\">\n\t\t\t\t\t<div id=\"elementor-tab-title-1855\" class=\"elementor-tab-title\" data-tab=\"5\" role=\"tab\" aria-controls=\"elementor-tab-content-1855\" aria-expanded=\"false\">\n\t\t\t\t\t\t\t\t\t\t\t\t\t<span class=\"elementor-accordion-icon elementor-accordion-icon-left\" aria-hidden=\"true\">\n\t\t\t\t\t\t\t\t\t\t\t\t\t\t\t<i class=\"elementor-accordion-icon-closed fa fa-plus\"><\/i>\n\t\t\t\t\t\t\t\t<i class=\"elementor-accordion-icon-opened fa fa-minus\"><\/i>\n\t\t\t\t\t\t\t\t\t\t\t\t\t\t<\/span>\n\t\t\t\t\t\t\t\t\t\t\t\t<a class=\"elementor-accordion-title\" href=\"\">Logros<\/a>\n\t\t\t\t\t<\/div>\n\t\t\t\t\t<div id=\"elementor-tab-content-1855\" class=\"elementor-tab-content elementor-clearfix\" data-tab=\"5\" role=\"tabpanel\" aria-labelledby=\"elementor-tab-title-1855\"><p><span style=\"font-weight: 400;\">Los resultados de la implementaci\u00f3n del proyecto, muestran que los estudiantes mejoraron en el desarrollo de las habilidades de escritura, que se evidencia en la mejora sustancial en sus trabajos escritos, tanto en la apreciaci\u00f3n subjetiva de los docentes, como en la aplicaci\u00f3n de las r\u00fabricas de evaluaci\u00f3n que traducen en calificaci\u00f3n num\u00e9rica. <\/span><\/p><\/div>\n\t\t\t\t<\/div>\n\t\t\t\t\t\t\t\t<\/div>\n\t\t\t\t<\/div>\n\t\t\t\t<\/div>\n\t\t\t\t\t\t<\/div>\n\t\t\t\t\t<\/div>\n\t\t<\/div>\n\t\t\t\t<div class=\"elementor-column elementor-col-33 elementor-top-column elementor-element elementor-element-31030fef\" data-id=\"31030fef\" data-element_type=\"column\">\n\t\t\t<div class=\"elementor-column-wrap elementor-element-populated\">\n\t\t\t\t\t\t\t<div class=\"elementor-widget-wrap\">\n\t\t\t\t\t\t<div class=\"elementor-element elementor-element-75c7609d elementor-arrows-position-inside elementor-pagination-position-outside elementor-widget elementor-widget-image-carousel\" data-id=\"75c7609d\" data-element_type=\"widget\" data-settings=\"{&quot;slides_to_show&quot;:&quot;1&quot;,&quot;navigation&quot;:&quot;both&quot;,&quot;autoplay&quot;:&quot;yes&quot;,&quot;pause_on_hover&quot;:&quot;yes&quot;,&quot;pause_on_interaction&quot;:&quot;yes&quot;,&quot;autoplay_speed&quot;:5000,&quot;infinite&quot;:&quot;yes&quot;,&quot;effect&quot;:&quot;slide&quot;,&quot;speed&quot;:500}\" data-widget_type=\"image-carousel.default\">\n\t\t\t\t<div class=\"elementor-widget-container\">\n\t\t\t\t\t<div class=\"elementor-image-carousel-wrapper swiper-container\" dir=\"ltr\">\n\t\t\t<div class=\"elementor-image-carousel swiper-wrapper\">\n\t\t\t\t\t\t\t\t<div class=\"swiper-slide\"><figure class=\"swiper-slide-inner\"><img class=\"swiper-slide-image\" src=\"https:\/\/recursoscid.udd.cl\/wp-content\/uploads\/2022\/02\/FOTO-9-768x415.png\" alt=\"FOTO (9)\" \/><\/figure><\/div>\t\t\t<\/div>\n\t\t\t\t\t<\/div>\n\t\t\t\t<\/div>\n\t\t\t\t<\/div>\n\t\t\t\t\t\t<\/div>\n\t\t\t\t\t<\/div>\n\t\t<\/div>\n\t\t\t\t\t\t\t\t<\/div>\n\t\t\t\t\t<\/div>\n\t\t<\/section>\n\t\t\t\t\t\t\t\t\t<\/div>\n\t\t\t<\/div>\n\t\t\t\t\t<\/div>\n\t\t","protected":false},"excerpt":{"rendered":"<p>Correspondiente a la tercera fase y final de un trabajo desarrollado desde el a\u00f1o 2017 de la carrera de Enfermer\u00eda. Descargar proyecto Informaci\u00f3n del proyecto Facultad: Medicina &#8211; Cl\u00ednica Alemana.Carrera: [&hellip;]<\/p>\n","protected":false},"author":2,"featured_media":556,"menu_order":0,"comment_status":"closed","ping_status":"open","template":"","format":"standard","meta":[],"categories":[25,22,15,5],"_links":{"self":[{"href":"https:\/\/recursoscid.udd.cl\/index.php?rest_route=\/wp\/v2\/curriculo\/1855"}],"collection":[{"href":"https:\/\/recursoscid.udd.cl\/index.php?rest_route=\/wp\/v2\/curriculo"}],"about":[{"href":"https:\/\/recursoscid.udd.cl\/index.php?rest_route=\/wp\/v2\/types\/curriculo"}],"author":[{"embeddable":true,"href":"https:\/\/recursoscid.udd.cl\/index.php?rest_route=\/wp\/v2\/users\/2"}],"replies":[{"embeddable":true,"href":"https:\/\/recursoscid.udd.cl\/index.php?rest_route=%2Fwp%2Fv2%2Fcomments&post=1855"}],"version-history":[{"count":3,"href":"https:\/\/recursoscid.udd.cl\/index.php?rest_route=\/wp\/v2\/curriculo\/1855\/revisions"}],"predecessor-version":[{"id":1976,"href":"https:\/\/recursoscid.udd.cl\/index.php?rest_route=\/wp\/v2\/curriculo\/1855\/revisions\/1976"}],"wp:featuredmedia":[{"embeddable":true,"href":"https:\/\/recursoscid.udd.cl\/index.php?rest_route=\/wp\/v2\/media\/556"}],"wp:attachment":[{"href":"https:\/\/recursoscid.udd.cl\/index.php?rest_route=%2Fwp%2Fv2%2Fmedia&parent=1855"}],"wp:term":[{"taxonomy":"category","embeddable":true,"href":"https:\/\/recursoscid.udd.cl\/index.php?rest_route=%2Fwp%2Fv2%2Fcategories&post=1855"}],"curies":[{"name":"wp","href":"https:\/\/api.w.org\/{rel}","templated":true}]}}