{"id":165,"date":"2017-12-21T14:09:14","date_gmt":"2017-12-21T14:09:14","guid":{"rendered":"https:\/\/recursoscid.udd.cl\/?post_type=curriculo&#038;p=165"},"modified":"2019-04-29T15:47:15","modified_gmt":"2019-04-29T15:47:15","slug":"proyecto-multiplataforma-sobre-la-ultima-ola-de-inmigrantes-llegados-a-chile-como-contribuyen-a-trazar-la-fisonomia-de-un-nuevo-pais","status":"publish","type":"curriculo","link":"https:\/\/recursoscid.udd.cl\/?curriculo=proyecto-multiplataforma-sobre-la-ultima-ola-de-inmigrantes-llegados-a-chile-como-contribuyen-a-trazar-la-fisonomia-de-un-nuevo-pais","title":{"rendered":"Proyecto multiplataforma sobre la \u00faltima ola de inmigrantes llegados a Chile. C\u00f3mo contribuyen a trazar la fisonom\u00eda de un nuevo pa\u00eds."},"content":{"rendered":"\t\t<div data-elementor-type=\"wp-post\" data-elementor-id=\"165\" class=\"elementor elementor-165 elementor-bc-flex-widget\">\n\t\t\t\t\t\t<div class=\"elementor-inner\">\n\t\t\t\t<div class=\"elementor-section-wrap\">\n\t\t\t\t\t\t\t\t\t<section class=\"elementor-section elementor-top-section elementor-element elementor-element-0772d1a elementor-section-stretched elementor-section-boxed elementor-section-height-default elementor-section-height-default\" data-id=\"0772d1a\" data-element_type=\"section\" data-settings=\"{&quot;stretch_section&quot;:&quot;section-stretched&quot;}\">\n\t\t\t\t\t\t<div class=\"elementor-container elementor-column-gap-default\">\n\t\t\t\t\t\t\t<div class=\"elementor-row\">\n\t\t\t\t\t<div class=\"elementor-column elementor-col-66 elementor-top-column elementor-element elementor-element-143c032\" data-id=\"143c032\" data-element_type=\"column\">\n\t\t\t<div class=\"elementor-column-wrap elementor-element-populated\">\n\t\t\t\t\t\t\t<div class=\"elementor-widget-wrap\">\n\t\t\t\t\t\t<div class=\"elementor-element elementor-element-89bf85a elementor-widget elementor-widget-text-editor\" data-id=\"89bf85a\" data-element_type=\"widget\" data-widget_type=\"text-editor.default\">\n\t\t\t\t<div class=\"elementor-widget-container\">\n\t\t\t\t\t\t\t\t<div class=\"elementor-text-editor elementor-clearfix\">\n\t\t\t\t<p>El proyecto consisti\u00f3 en materializar la interdisciplina en la Facultad de Comunicaciones, mediante el\u00a0dise\u00f1o e implementaci\u00f3n de un curso electivo del ciclo de Habilitaci\u00f3n Profesional de las carreras de la\u00a0Facultad, en el cual los estudiantes de Concepci\u00f3n y Santiago investigaron sobre la inmigraci\u00f3n reciente\u00a0a nuestro pa\u00eds, desde la particular visi\u00f3n de los estudiantes de las tres carreras.<\/p>\t\t\t\t\t<\/div>\n\t\t\t\t\t\t<\/div>\n\t\t\t\t<\/div>\n\t\t\t\t\t\t<\/div>\n\t\t\t\t\t<\/div>\n\t\t<\/div>\n\t\t\t\t<div class=\"elementor-column elementor-col-33 elementor-top-column elementor-element elementor-element-c22dacb\" data-id=\"c22dacb\" data-element_type=\"column\">\n\t\t\t<div class=\"elementor-column-wrap elementor-element-populated\">\n\t\t\t\t\t\t\t<div class=\"elementor-widget-wrap\">\n\t\t\t\t\t\t<div class=\"elementor-element elementor-element-56ec209 elementor-view-stacked elementor-shape-circle elementor-mobile-position-top elementor-vertical-align-top elementor-widget elementor-widget-icon-box\" data-id=\"56ec209\" data-element_type=\"widget\" data-widget_type=\"icon-box.default\">\n\t\t\t\t<div class=\"elementor-widget-container\">\n\t\t\t\t\t<div class=\"elementor-icon-box-wrapper\">\n\t\t\t\t\t\t<div class=\"elementor-icon-box-icon\">\n\t\t\t\t<a class=\"elementor-icon elementor-animation-\" href=\"http:\/\/recursoscid.udd.cl\/wp-content\/uploads\/2018\/12\/2017-CURRICULO-SCLYCCP-COMUNICACIONES.pdf\" target=\"_blank\">\n\t\t\t\t<i class=\"fa fa-file-pdf-o\" aria-hidden=\"true\"><\/i>\t\t\t\t<\/a>\n\t\t\t<\/div>\n\t\t\t\t\t\t<div class=\"elementor-icon-box-content\">\n\t\t\t\t<h6 class=\"elementor-icon-box-title\">\n\t\t\t\t\t<a href=\"http:\/\/recursoscid.udd.cl\/wp-content\/uploads\/2018\/12\/2017-CURRICULO-SCLYCCP-COMUNICACIONES.pdf\" target=\"_blank\" >\n\t\t\t\t\t\tDescargar proyecto\t\t\t\t\t<\/a>\n\t\t\t\t<\/h6>\n\t\t\t\t\t\t\t<\/div>\n\t\t<\/div>\n\t\t\t\t<\/div>\n\t\t\t\t<\/div>\n\t\t\t\t\t\t<\/div>\n\t\t\t\t\t<\/div>\n\t\t<\/div>\n\t\t\t\t\t\t\t\t<\/div>\n\t\t\t\t\t<\/div>\n\t\t<\/section>\n\t\t\t\t<section class=\"elementor-section elementor-top-section elementor-element elementor-element-92621ee elementor-section-stretched elementor-section-boxed elementor-section-height-default elementor-section-height-default\" data-id=\"92621ee\" data-element_type=\"section\" data-settings=\"{&quot;stretch_section&quot;:&quot;section-stretched&quot;}\">\n\t\t\t\t\t\t<div class=\"elementor-container elementor-column-gap-default\">\n\t\t\t\t\t\t\t<div class=\"elementor-row\">\n\t\t\t\t\t<div class=\"elementor-column elementor-col-66 elementor-top-column elementor-element elementor-element-29c03dd\" data-id=\"29c03dd\" data-element_type=\"column\">\n\t\t\t<div class=\"elementor-column-wrap elementor-element-populated\">\n\t\t\t\t\t\t\t<div class=\"elementor-widget-wrap\">\n\t\t\t\t\t\t<div class=\"elementor-element elementor-element-280399e elementor-widget elementor-widget-accordion\" data-id=\"280399e\" data-element_type=\"widget\" data-widget_type=\"accordion.default\">\n\t\t\t\t<div class=\"elementor-widget-container\">\n\t\t\t\t\t<div class=\"elementor-accordion\" role=\"tablist\">\n\t\t\t\t\t\t\t<div class=\"elementor-accordion-item\">\n\t\t\t\t\t<div id=\"elementor-tab-title-4191\" class=\"elementor-tab-title\" data-tab=\"1\" role=\"tab\" aria-controls=\"elementor-tab-content-4191\" aria-expanded=\"false\">\n\t\t\t\t\t\t\t\t\t\t\t\t\t<span class=\"elementor-accordion-icon elementor-accordion-icon-left\" aria-hidden=\"true\">\n\t\t\t\t\t\t\t\t\t\t\t\t\t\t\t<i class=\"elementor-accordion-icon-closed fa fa-plus\"><\/i>\n\t\t\t\t\t\t\t\t<i class=\"elementor-accordion-icon-opened fa fa-minus\"><\/i>\n\t\t\t\t\t\t\t\t\t\t\t\t\t\t<\/span>\n\t\t\t\t\t\t\t\t\t\t\t\t<a class=\"elementor-accordion-title\" href=\"\">Informaci\u00f3n del proyecto<\/a>\n\t\t\t\t\t<\/div>\n\t\t\t\t\t<div id=\"elementor-tab-content-4191\" class=\"elementor-tab-content elementor-clearfix\" data-tab=\"1\" role=\"tabpanel\" aria-labelledby=\"elementor-tab-title-4191\"><p><strong>Facultad:<\/strong> Comunicaciones.<br \/><strong>Carrera:<\/strong> Cine, Periodismo y Publicidad.<br \/><strong>Sedes:<\/strong> Santiago y Concepci\u00f3n.<br \/><strong>Asignatura:<\/strong> Curso electivo \u201cEl nuevo Chile\u201d<br \/><strong>Docente responsable:<\/strong> Beatriz Burgos Araneda.<br \/><strong>Docentes participantes:<\/strong> Mar\u00eda Cristina Silva M\u00e9ndez, Sergio Am\u00edn C\u00e1rcamo,\u00a0Carmen Luz Sarroca Villal\u00f3n, Jorge Gonz\u00e1lez V\u00e1squez, Nicol\u00e1s Araneda Viveros.<br \/><strong>Concurso:<\/strong> 2017 &#8211; 2<br \/><strong>Beneficiarios:<\/strong> Estudiantes del ciclo de habilitaci\u00f3n profesional de<br \/>las carreras de la Facultad de Comunicaciones.<\/p><\/div>\n\t\t\t\t<\/div>\n\t\t\t\t\t\t\t<div class=\"elementor-accordion-item\">\n\t\t\t\t\t<div id=\"elementor-tab-title-4192\" class=\"elementor-tab-title\" data-tab=\"2\" role=\"tab\" aria-controls=\"elementor-tab-content-4192\" aria-expanded=\"false\">\n\t\t\t\t\t\t\t\t\t\t\t\t\t<span class=\"elementor-accordion-icon elementor-accordion-icon-left\" aria-hidden=\"true\">\n\t\t\t\t\t\t\t\t\t\t\t\t\t\t\t<i class=\"elementor-accordion-icon-closed fa fa-plus\"><\/i>\n\t\t\t\t\t\t\t\t<i class=\"elementor-accordion-icon-opened fa fa-minus\"><\/i>\n\t\t\t\t\t\t\t\t\t\t\t\t\t\t<\/span>\n\t\t\t\t\t\t\t\t\t\t\t\t<a class=\"elementor-accordion-title\" href=\"\">Problem\u00e1tica que aborda<\/a>\n\t\t\t\t\t<\/div>\n\t\t\t\t\t<div id=\"elementor-tab-content-4192\" class=\"elementor-tab-content elementor-clearfix\" data-tab=\"2\" role=\"tabpanel\" aria-labelledby=\"elementor-tab-title-4192\"><p>La Facultad de Comunicaciones busc\u00f3 que sus estudiantes de Cine, Periodismo y Publicidad\u00a0experimentaran la interdisciplina y el aprendizaje experiencial, los cuales son pilares en el Proyecto\u00a0Educativo UDD Futuro. Esto mediante la creaci\u00f3n e impartici\u00f3n de la asignatura electiva \u201cEl nuevo\u00a0Chile\u201d, que en su pilotaje consider\u00f3 la tem\u00e1tica de la inmigraci\u00f3n, desde la perspectiva de c\u00f3mo ellos\u00a0est\u00e1n contribuyendo a trazar la fisonom\u00eda de un nuevo Chile.<\/p><\/div>\n\t\t\t\t<\/div>\n\t\t\t\t\t\t\t<div class=\"elementor-accordion-item\">\n\t\t\t\t\t<div id=\"elementor-tab-title-4193\" class=\"elementor-tab-title\" data-tab=\"3\" role=\"tab\" aria-controls=\"elementor-tab-content-4193\" aria-expanded=\"false\">\n\t\t\t\t\t\t\t\t\t\t\t\t\t<span class=\"elementor-accordion-icon elementor-accordion-icon-left\" aria-hidden=\"true\">\n\t\t\t\t\t\t\t\t\t\t\t\t\t\t\t<i class=\"elementor-accordion-icon-closed fa fa-plus\"><\/i>\n\t\t\t\t\t\t\t\t<i class=\"elementor-accordion-icon-opened fa fa-minus\"><\/i>\n\t\t\t\t\t\t\t\t\t\t\t\t\t\t<\/span>\n\t\t\t\t\t\t\t\t\t\t\t\t<a class=\"elementor-accordion-title\" href=\"\">Objetivos<\/a>\n\t\t\t\t\t<\/div>\n\t\t\t\t\t<div id=\"elementor-tab-content-4193\" class=\"elementor-tab-content elementor-clearfix\" data-tab=\"3\" role=\"tabpanel\" aria-labelledby=\"elementor-tab-title-4193\"><p><strong>Objetivo General:<\/strong><br \/>Implementar una asignatura llamada \u201cEl nuevo Chile\u201d, en la cual estudiantes de la Facultad de\u00a0Comunicaciones investiguen en profundidad el fen\u00f3meno de la inmigraci\u00f3n reciente al pa\u00eds y elaboren\u00a0diferentes productos comunicacionales en torno al tema.<\/p><p><strong>Objetivos espec\u00edficos:<\/strong><\/p><ul><li>Aportar una alternativa de calidad para que los estudiantes de la Facultad de Comunicaciones\u00a0vivan el aprendizaje interdisciplinario y experiencial.<\/li><li>Implementar un curso piloto que sirva para sacar lecciones para futuras versiones mejoradas y ampliadas a otras carreras, en el contexto del Proyecto Educativo UDD Futuro.<\/li><li>Contar con un repositorio de productos comunicacionales de calidad en torno a una tem\u00e1tica (en este caso la inmigraci\u00f3n), que act\u00fae como vitrina para dar a conocer el trabajo de los estudiantes.<\/li><li>Lograr que los estudiantes reflexionen acerca de un fen\u00f3meno que afecta hoy a importantes sectores de la poblaci\u00f3n y que conozcan distintos conceptos, m\u00e9todos de trabajo y criterios de b\u00fasqueda y selecci\u00f3n de informaci\u00f3n.<\/li><\/ul><\/div>\n\t\t\t\t<\/div>\n\t\t\t\t\t\t\t<div class=\"elementor-accordion-item\">\n\t\t\t\t\t<div id=\"elementor-tab-title-4194\" class=\"elementor-tab-title\" data-tab=\"4\" role=\"tab\" aria-controls=\"elementor-tab-content-4194\" aria-expanded=\"false\">\n\t\t\t\t\t\t\t\t\t\t\t\t\t<span class=\"elementor-accordion-icon elementor-accordion-icon-left\" aria-hidden=\"true\">\n\t\t\t\t\t\t\t\t\t\t\t\t\t\t\t<i class=\"elementor-accordion-icon-closed fa fa-plus\"><\/i>\n\t\t\t\t\t\t\t\t<i class=\"elementor-accordion-icon-opened fa fa-minus\"><\/i>\n\t\t\t\t\t\t\t\t\t\t\t\t\t\t<\/span>\n\t\t\t\t\t\t\t\t\t\t\t\t<a class=\"elementor-accordion-title\" href=\"\">Implementaci\u00f3n<\/a>\n\t\t\t\t\t<\/div>\n\t\t\t\t\t<div id=\"elementor-tab-content-4194\" class=\"elementor-tab-content elementor-clearfix\" data-tab=\"4\" role=\"tabpanel\" aria-labelledby=\"elementor-tab-title-4194\"><p>Se conform\u00f3 un comit\u00e9 de acad\u00e9micos de las tres carreras de la Facultad, de Concepci\u00f3n y Santiago, el\u00a0cual planific\u00f3 el curso, elabor\u00f3 el programa y la calendarizaci\u00f3n, as\u00ed como tambi\u00e9n la definici\u00f3n de las<br \/>metodolog\u00edas de trabajo.<\/p><p>Las fases desarrolladas por el proyecto fueron:<\/p><ul><li>Previo al desarrollo del curso: constituci\u00f3n del comit\u00e9 acad\u00e9mico y su posterior trabajo en el\u00a0dise\u00f1o de la asignatura electiva, as\u00ed como la invitaci\u00f3n a los estudiantes de las carreras.<\/li><li>Desarrollo del curso: donde se implementaron las metodolog\u00edas de trabajo seleccionadas por el\u00a0comit\u00e9 acad\u00e9mico, y que finaliz\u00f3 con la confecci\u00f3n de los productos comunicacionales. Por \u00faltimo, estas piezas fueron almacenadas y difundidas mediante la creaci\u00f3n de un repositorio de la facultad.<\/li><\/ul><\/div>\n\t\t\t\t<\/div>\n\t\t\t\t\t\t\t<div class=\"elementor-accordion-item\">\n\t\t\t\t\t<div id=\"elementor-tab-title-4195\" class=\"elementor-tab-title\" data-tab=\"5\" role=\"tab\" aria-controls=\"elementor-tab-content-4195\" aria-expanded=\"false\">\n\t\t\t\t\t\t\t\t\t\t\t\t\t<span class=\"elementor-accordion-icon elementor-accordion-icon-left\" aria-hidden=\"true\">\n\t\t\t\t\t\t\t\t\t\t\t\t\t\t\t<i class=\"elementor-accordion-icon-closed fa fa-plus\"><\/i>\n\t\t\t\t\t\t\t\t<i class=\"elementor-accordion-icon-opened fa fa-minus\"><\/i>\n\t\t\t\t\t\t\t\t\t\t\t\t\t\t<\/span>\n\t\t\t\t\t\t\t\t\t\t\t\t<a class=\"elementor-accordion-title\" href=\"\">Logros<\/a>\n\t\t\t\t\t<\/div>\n\t\t\t\t\t<div id=\"elementor-tab-content-4195\" class=\"elementor-tab-content elementor-clearfix\" data-tab=\"5\" role=\"tabpanel\" aria-labelledby=\"elementor-tab-title-4195\"><p>Es relevante, por la naturaleza de las disciplinas de la Facultad de Comunicaciones, la creaci\u00f3n de un repositorio para las piezas comunicacionales de sus estudiantes: <a href=\"http:\/\/nuevochile.cursowpchile.com\/\" target=\"_blank\" rel=\"noopener\">http:\/\/nuevochile.cursowpchile.com<\/a><\/p><p>Adem\u00e1s, foment\u00f3 el trabajo articulado y colaborativo entre los acad\u00e9micos de las carreras de la Facultad, y adem\u00e1s entre las sedes Concepci\u00f3n y Santiago.<\/p><p>Por \u00faltimo, destaca la posibilidad que tuvieron los estudiantes de Periodismo de incursionar en \u00e1mbitos\u00a0propios de Publicidad y el Cine, as\u00ed como que estudiantes de Publicidad hayan incursionado en \u00e1mbitos\u00a0propios del Cine y Periodismo.<\/p><\/div>\n\t\t\t\t<\/div>\n\t\t\t\t\t\t\t\t<\/div>\n\t\t\t\t<\/div>\n\t\t\t\t<\/div>\n\t\t\t\t\t\t<\/div>\n\t\t\t\t\t<\/div>\n\t\t<\/div>\n\t\t\t\t<div class=\"elementor-column elementor-col-33 elementor-top-column elementor-element elementor-element-ce9b41c\" data-id=\"ce9b41c\" data-element_type=\"column\">\n\t\t\t<div class=\"elementor-column-wrap elementor-element-populated\">\n\t\t\t\t\t\t\t<div class=\"elementor-widget-wrap\">\n\t\t\t\t\t\t<div class=\"elementor-element elementor-element-acb7fe8 elementor-arrows-position-inside elementor-pagination-position-outside elementor-widget elementor-widget-image-carousel\" data-id=\"acb7fe8\" data-element_type=\"widget\" data-settings=\"{&quot;slides_to_show&quot;:&quot;1&quot;,&quot;navigation&quot;:&quot;both&quot;,&quot;autoplay&quot;:&quot;yes&quot;,&quot;pause_on_hover&quot;:&quot;yes&quot;,&quot;pause_on_interaction&quot;:&quot;yes&quot;,&quot;autoplay_speed&quot;:5000,&quot;infinite&quot;:&quot;yes&quot;,&quot;effect&quot;:&quot;slide&quot;,&quot;speed&quot;:500}\" data-widget_type=\"image-carousel.default\">\n\t\t\t\t<div class=\"elementor-widget-container\">\n\t\t\t\t\t<div class=\"elementor-image-carousel-wrapper swiper-container\" dir=\"ltr\">\n\t\t\t<div class=\"elementor-image-carousel swiper-wrapper\">\n\t\t\t\t\t\t\t\t<div class=\"swiper-slide\"><figure class=\"swiper-slide-inner\"><img class=\"swiper-slide-image\" src=\"https:\/\/recursoscid.udd.cl\/wp-content\/uploads\/2018\/12\/2017_SC_C4_03.jpg\" alt=\"2017_SC_C4_03\" \/><\/figure><\/div><div class=\"swiper-slide\"><figure class=\"swiper-slide-inner\"><img class=\"swiper-slide-image\" src=\"https:\/\/recursoscid.udd.cl\/wp-content\/uploads\/2018\/12\/2017_SC_C4_02.jpg\" alt=\"2017_SC_C4_02\" \/><\/figure><\/div><div class=\"swiper-slide\"><figure class=\"swiper-slide-inner\"><img class=\"swiper-slide-image\" src=\"https:\/\/recursoscid.udd.cl\/wp-content\/uploads\/2018\/12\/2017_SC_C4_01.jpg\" alt=\"2017_SC_C4_01\" \/><\/figure><\/div>\t\t\t<\/div>\n\t\t\t\t\t\t\t\t\t\t\t\t<div class=\"swiper-pagination\"><\/div>\n\t\t\t\t\t\t\t\t\t\t\t\t\t<div class=\"elementor-swiper-button elementor-swiper-button-prev\">\n\t\t\t\t\t\t<i aria-hidden=\"true\" class=\"eicon-chevron-left\"><\/i>\t\t\t\t\t\t<span class=\"elementor-screen-only\">Anterior<\/span>\n\t\t\t\t\t<\/div>\n\t\t\t\t\t<div class=\"elementor-swiper-button elementor-swiper-button-next\">\n\t\t\t\t\t\t<i aria-hidden=\"true\" class=\"eicon-chevron-right\"><\/i>\t\t\t\t\t\t<span class=\"elementor-screen-only\">Siguiente<\/span>\n\t\t\t\t\t<\/div>\n\t\t\t\t\t\t\t\t\t<\/div>\n\t\t\t\t<\/div>\n\t\t\t\t<\/div>\n\t\t\t\t\t\t<\/div>\n\t\t\t\t\t<\/div>\n\t\t<\/div>\n\t\t\t\t\t\t\t\t<\/div>\n\t\t\t\t\t<\/div>\n\t\t<\/section>\n\t\t\t\t\t\t\t\t\t<\/div>\n\t\t\t<\/div>\n\t\t\t\t\t<\/div>\n\t\t","protected":false},"excerpt":{"rendered":"<p>El proyecto consisti\u00f3 en materializar la interdisciplina en la Facultad de Comunicaciones, mediante el\u00a0dise\u00f1o e implementaci\u00f3n de un curso electivo del ciclo de Habilitaci\u00f3n Profesional de las carreras de la\u00a0Facultad, [&hellip;]<\/p>\n","protected":false},"author":1,"featured_media":570,"menu_order":0,"comment_status":"closed","ping_status":"closed","template":"","format":"standard","meta":[],"categories":[3,9,6,22,5],"_links":{"self":[{"href":"https:\/\/recursoscid.udd.cl\/index.php?rest_route=\/wp\/v2\/curriculo\/165"}],"collection":[{"href":"https:\/\/recursoscid.udd.cl\/index.php?rest_route=\/wp\/v2\/curriculo"}],"about":[{"href":"https:\/\/recursoscid.udd.cl\/index.php?rest_route=\/wp\/v2\/types\/curriculo"}],"author":[{"embeddable":true,"href":"https:\/\/recursoscid.udd.cl\/index.php?rest_route=\/wp\/v2\/users\/1"}],"replies":[{"embeddable":true,"href":"https:\/\/recursoscid.udd.cl\/index.php?rest_route=%2Fwp%2Fv2%2Fcomments&post=165"}],"version-history":[{"count":14,"href":"https:\/\/recursoscid.udd.cl\/index.php?rest_route=\/wp\/v2\/curriculo\/165\/revisions"}],"predecessor-version":[{"id":561,"href":"https:\/\/recursoscid.udd.cl\/index.php?rest_route=\/wp\/v2\/curriculo\/165\/revisions\/561"}],"wp:featuredmedia":[{"embeddable":true,"href":"https:\/\/recursoscid.udd.cl\/index.php?rest_route=\/wp\/v2\/media\/570"}],"wp:attachment":[{"href":"https:\/\/recursoscid.udd.cl\/index.php?rest_route=%2Fwp%2Fv2%2Fmedia&parent=165"}],"wp:term":[{"taxonomy":"category","embeddable":true,"href":"https:\/\/recursoscid.udd.cl\/index.php?rest_route=%2Fwp%2Fv2%2Fcategories&post=165"}],"curies":[{"name":"wp","href":"https:\/\/api.w.org\/{rel}","templated":true}]}}